{"id":6728,"date":"2020-02-17T13:37:50","date_gmt":"2020-02-17T12:37:50","guid":{"rendered":"https:\/\/www.advancedmanufacturingmadrid.com\/?page_id=6728"},"modified":"2026-04-09T17:20:50","modified_gmt":"2026-04-09T15:20:50","slug":"notas-de-prensa-advanced-manufacturing","status":"publish","type":"page","link":"https:\/\/www.advancedmanufacturingmadrid.com\/es\/content-365\/notas-de-prensa-advanced-manufacturing\/","title":{"rendered":"Notas de prensa"},"content":{"rendered":"\t\t<div data-elementor-type=\"wp-page\" data-elementor-id=\"6728\" class=\"elementor elementor-6728\" data-elementor-post-type=\"page\">\n\t\t\t\t\t\t<section class=\"elementor-section elementor-top-section elementor-element elementor-element-19b1b204 elementor-section-full_width elementor-section-height-default elementor-section-height-default\" data-id=\"19b1b204\" data-element_type=\"section\" data-settings=\"{&quot;background_background&quot;:&quot;classic&quot;}\">\n\t\t\t\t\t\t<div class=\"elementor-container elementor-column-gap-default\">\n\t\t\t\t\t<div class=\"elementor-column elementor-col-100 elementor-top-column elementor-element elementor-element-1860ef4a\" data-id=\"1860ef4a\" data-element_type=\"column\">\n\t\t\t<div class=\"elementor-widget-wrap elementor-element-populated\">\n\t\t\t\t\t\t<div class=\"elementor-element elementor-element-50886d2a elementor-widget elementor-widget-heading\" data-id=\"50886d2a\" data-element_type=\"widget\" data-widget_type=\"heading.default\">\n\t\t\t\t<div class=\"elementor-widget-container\">\n\t\t\t\t\t<h1 class=\"elementor-heading-title elementor-size-default\">\u00a1Bienvenido a la secci\u00f3n de Notas de Prensa de Advanced Manufacturing Madrid!<\/h1>\t\t\t\t<\/div>\n\t\t\t\t<\/div>\n\t\t\t\t<div class=\"elementor-element elementor-element-6c65969 elementor-widget elementor-widget-heading\" data-id=\"6c65969\" data-element_type=\"widget\" data-widget_type=\"heading.default\">\n\t\t\t\t<div class=\"elementor-widget-container\">\n\t\t\t\t\t<h3 class=\"elementor-heading-title elementor-size-default\">Si quieres contactar con el equipo de marketing o con la agencia de comunicaci\u00f3n, estaremos encantados de atenderte.<\/h3>\t\t\t\t<\/div>\n\t\t\t\t<\/div>\n\t\t\t\t\t<\/div>\n\t\t<\/div>\n\t\t\t\t\t<\/div>\n\t\t<\/section>\n\t\t\t\t<section class=\"elementor-section elementor-top-section elementor-element elementor-element-d2ed4d2 elementor-section-full_width elementor-section-height-default elementor-section-height-default\" data-id=\"d2ed4d2\" data-element_type=\"section\" data-settings=\"{&quot;background_background&quot;:&quot;classic&quot;}\">\n\t\t\t\t\t\t<div class=\"elementor-container elementor-column-gap-default\">\n\t\t\t\t\t<div class=\"elementor-column elementor-col-50 elementor-top-column elementor-element elementor-element-af93027\" data-id=\"af93027\" data-element_type=\"column\">\n\t\t\t<div class=\"elementor-widget-wrap elementor-element-populated\">\n\t\t\t\t\t\t<section class=\"elementor-section elementor-inner-section elementor-element elementor-element-5490e33 elementor-section-boxed elementor-section-height-default elementor-section-height-default\" data-id=\"5490e33\" data-element_type=\"section\">\n\t\t\t\t\t\t<div class=\"elementor-container elementor-column-gap-default\">\n\t\t\t\t\t<div class=\"elementor-column elementor-col-100 elementor-inner-column elementor-element elementor-element-4488bf3\" data-id=\"4488bf3\" data-element_type=\"column\">\n\t\t\t<div class=\"elementor-widget-wrap elementor-element-populated\">\n\t\t\t\t\t\t<div class=\"elementor-element elementor-element-e17c95c elementor-widget elementor-widget-heading\" data-id=\"e17c95c\" data-element_type=\"widget\" data-widget_type=\"heading.default\">\n\t\t\t\t<div class=\"elementor-widget-container\">\n\t\t\t\t\t<h3 class=\"elementor-heading-title elementor-size-default\">Equipo de Marketing<\/h3>\t\t\t\t<\/div>\n\t\t\t\t<\/div>\n\t\t\t\t\t<\/div>\n\t\t<\/div>\n\t\t\t\t\t<\/div>\n\t\t<\/section>\n\t\t\t\t<section class=\"elementor-section elementor-inner-section elementor-element elementor-element-dee9d3e elementor-section-boxed elementor-section-height-default elementor-section-height-default\" data-id=\"dee9d3e\" data-element_type=\"section\">\n\t\t\t\t\t\t<div class=\"elementor-container elementor-column-gap-default\">\n\t\t\t\t\t<div class=\"elementor-column elementor-col-33 elementor-inner-column elementor-element elementor-element-b0c9e7e\" data-id=\"b0c9e7e\" data-element_type=\"column\">\n\t\t\t<div class=\"elementor-widget-wrap elementor-element-populated\">\n\t\t\t\t\t\t<div class=\"elementor-element elementor-element-d57a074 elementor-widget elementor-widget-image\" data-id=\"d57a074\" data-element_type=\"widget\" data-widget_type=\"image.default\">\n\t\t\t\t<div class=\"elementor-widget-container\">\n\t\t\t\t\t\t\t\t\t\t\t\t\t\t\t<img decoding=\"async\" width=\"150\" height=\"150\" src=\"https:\/\/easyfairsassets.com\/sites\/79\/2026\/04\/cristina-web-150x150.png\" class=\"attachment-thumbnail size-thumbnail wp-image-470198\" alt=\"\" srcset=\"https:\/\/easyfairsassets.com\/sites\/79\/2026\/04\/cristina-web-150x150.png 150w, https:\/\/easyfairsassets.com\/sites\/79\/2026\/04\/cristina-web-300x300.png 300w, https:\/\/easyfairsassets.com\/sites\/79\/2026\/04\/cristina-web.png 500w\" sizes=\"(max-width: 150px) 100vw, 150px\" \/>\t\t\t\t\t\t\t\t\t\t\t\t\t\t\t<\/div>\n\t\t\t\t<\/div>\n\t\t\t\t<div class=\"elementor-element elementor-element-e03754b elementor-widget__width-initial elementor-widget elementor-widget-heading\" data-id=\"e03754b\" data-element_type=\"widget\" data-widget_type=\"heading.default\">\n\t\t\t\t<div class=\"elementor-widget-container\">\n\t\t\t\t\t<h2 class=\"elementor-heading-title elementor-size-default\"><br>Cristina Hern\u00e1ndez\n<br>Marketing Manager\n<br>cristina.hernandez@easyfairs.com\n<\/h2>\t\t\t\t<\/div>\n\t\t\t\t<\/div>\n\t\t\t\t\t<\/div>\n\t\t<\/div>\n\t\t\t\t<div class=\"elementor-column elementor-col-33 elementor-inner-column elementor-element elementor-element-cbe1c64\" data-id=\"cbe1c64\" data-element_type=\"column\">\n\t\t\t<div class=\"elementor-widget-wrap elementor-element-populated\">\n\t\t\t\t\t\t<div class=\"elementor-element elementor-element-ee32ecb elementor-widget__width-initial elementor-widget elementor-widget-image\" data-id=\"ee32ecb\" data-element_type=\"widget\" data-widget_type=\"image.default\">\n\t\t\t\t<div class=\"elementor-widget-container\">\n\t\t\t\t\t\t\t\t\t\t\t\t\t\t\t<img decoding=\"async\" width=\"150\" height=\"150\" src=\"https:\/\/easyfairsassets.com\/sites\/79\/2026\/04\/lucia-web-150x150.png\" class=\"attachment-thumbnail size-thumbnail wp-image-470194\" alt=\"lucia web\" srcset=\"https:\/\/easyfairsassets.com\/sites\/79\/2026\/04\/lucia-web-150x150.png 150w, https:\/\/easyfairsassets.com\/sites\/79\/2026\/04\/lucia-web-300x300.png 300w, https:\/\/easyfairsassets.com\/sites\/79\/2026\/04\/lucia-web.png 500w\" sizes=\"(max-width: 150px) 100vw, 150px\" \/>\t\t\t\t\t\t\t\t\t\t\t\t\t\t\t<\/div>\n\t\t\t\t<\/div>\n\t\t\t\t<div class=\"elementor-element elementor-element-ce79a25 elementor-widget elementor-widget-heading\" data-id=\"ce79a25\" data-element_type=\"widget\" data-widget_type=\"heading.default\">\n\t\t\t\t<div class=\"elementor-widget-container\">\n\t\t\t\t\t<h2 class=\"elementor-heading-title elementor-size-default\">Luc\u00eda Herrero\n<br>Marketing Assistant\n<br>lucia.herrero@easyfairs.com\n<\/h2>\t\t\t\t<\/div>\n\t\t\t\t<\/div>\n\t\t\t\t\t<\/div>\n\t\t<\/div>\n\t\t\t\t<div class=\"elementor-column elementor-col-33 elementor-inner-column elementor-element elementor-element-629e48a\" data-id=\"629e48a\" data-element_type=\"column\">\n\t\t\t<div class=\"elementor-widget-wrap elementor-element-populated\">\n\t\t\t\t\t\t<div class=\"elementor-element elementor-element-647451b elementor-widget__width-initial elementor-widget elementor-widget-image\" data-id=\"647451b\" data-element_type=\"widget\" data-widget_type=\"image.default\">\n\t\t\t\t<div class=\"elementor-widget-container\">\n\t\t\t\t\t\t\t\t\t\t\t\t\t\t\t<img decoding=\"async\" width=\"150\" height=\"150\" src=\"https:\/\/easyfairsassets.com\/sites\/79\/2026\/04\/aitana-web-150x150.png\" class=\"attachment-thumbnail size-thumbnail wp-image-470196\" alt=\"\" srcset=\"https:\/\/easyfairsassets.com\/sites\/79\/2026\/04\/aitana-web-150x150.png 150w, https:\/\/easyfairsassets.com\/sites\/79\/2026\/04\/aitana-web-300x300.png 300w, https:\/\/easyfairsassets.com\/sites\/79\/2026\/04\/aitana-web.png 500w\" sizes=\"(max-width: 150px) 100vw, 150px\" \/>\t\t\t\t\t\t\t\t\t\t\t\t\t\t\t<\/div>\n\t\t\t\t<\/div>\n\t\t\t\t<div class=\"elementor-element elementor-element-c4a6baa elementor-widget elementor-widget-heading\" data-id=\"c4a6baa\" data-element_type=\"widget\" data-widget_type=\"heading.default\">\n\t\t\t\t<div class=\"elementor-widget-container\">\n\t\t\t\t\t<h2 class=\"elementor-heading-title elementor-size-default\">Aitana Pinilla\n<br>Marketing Assistant\n<br>aitana.pinilla@easyfairs.com\n<\/h2>\t\t\t\t<\/div>\n\t\t\t\t<\/div>\n\t\t\t\t\t<\/div>\n\t\t<\/div>\n\t\t\t\t\t<\/div>\n\t\t<\/section>\n\t\t\t\t\t<\/div>\n\t\t<\/div>\n\t\t\t\t<div class=\"elementor-column elementor-col-50 elementor-top-column elementor-element elementor-element-decab6b\" data-id=\"decab6b\" data-element_type=\"column\">\n\t\t\t<div class=\"elementor-widget-wrap elementor-element-populated\">\n\t\t\t\t\t\t<section class=\"elementor-section elementor-inner-section elementor-element elementor-element-9f84578 elementor-section-boxed elementor-section-height-default elementor-section-height-default\" data-id=\"9f84578\" data-element_type=\"section\">\n\t\t\t\t\t\t<div class=\"elementor-container elementor-column-gap-default\">\n\t\t\t\t\t<div class=\"elementor-column elementor-col-100 elementor-inner-column elementor-element elementor-element-47f58c4\" data-id=\"47f58c4\" data-element_type=\"column\">\n\t\t\t<div class=\"elementor-widget-wrap elementor-element-populated\">\n\t\t\t\t\t\t<div class=\"elementor-element elementor-element-d0ad1dc elementor-widget elementor-widget-heading\" data-id=\"d0ad1dc\" data-element_type=\"widget\" data-widget_type=\"heading.default\">\n\t\t\t\t<div class=\"elementor-widget-container\">\n\t\t\t\t\t<h3 class=\"elementor-heading-title elementor-size-default\">Agencia de Comunicaci\u00f3n<\/h3>\t\t\t\t<\/div>\n\t\t\t\t<\/div>\n\t\t\t\t\t<\/div>\n\t\t<\/div>\n\t\t\t\t\t<\/div>\n\t\t<\/section>\n\t\t\t\t<section class=\"elementor-section elementor-inner-section elementor-element elementor-element-080f293 elementor-section-boxed elementor-section-height-default elementor-section-height-default\" data-id=\"080f293\" data-element_type=\"section\">\n\t\t\t\t\t\t<div class=\"elementor-container elementor-column-gap-default\">\n\t\t\t\t\t<div class=\"elementor-column elementor-col-100 elementor-inner-column elementor-element elementor-element-8d54c7f\" data-id=\"8d54c7f\" data-element_type=\"column\">\n\t\t\t<div class=\"elementor-widget-wrap elementor-element-populated\">\n\t\t\t\t\t\t<div class=\"elementor-element elementor-element-18333a6 elementor-widget elementor-widget-image\" data-id=\"18333a6\" data-element_type=\"widget\" data-widget_type=\"image.default\">\n\t\t\t\t<div class=\"elementor-widget-container\">\n\t\t\t\t\t\t\t\t\t\t\t\t\t\t\t\t<a href=\"https:\/\/evercom.es\/\">\n\t\t\t\t\t\t\t<img loading=\"lazy\" decoding=\"async\" width=\"150\" height=\"150\" src=\"https:\/\/easyfairsassets.com\/sites\/79\/2026\/04\/evercom-logo-150x150.png\" class=\"attachment-thumbnail size-thumbnail wp-image-470204\" alt=\"\" srcset=\"https:\/\/easyfairsassets.com\/sites\/79\/2026\/04\/evercom-logo-150x150.png 150w, https:\/\/easyfairsassets.com\/sites\/79\/2026\/04\/evercom-logo-300x300.png 300w, https:\/\/easyfairsassets.com\/sites\/79\/2026\/04\/evercom-logo.png 500w\" sizes=\"(max-width: 150px) 100vw, 150px\" \/>\t\t\t\t\t\t\t\t<\/a>\n\t\t\t\t\t\t\t\t\t\t\t\t\t\t\t<\/div>\n\t\t\t\t<\/div>\n\t\t\t\t\t<\/div>\n\t\t<\/div>\n\t\t\t\t\t<\/div>\n\t\t<\/section>\n\t\t\t\t<div class=\"elementor-element elementor-element-5c4d327 elementor-widget elementor-widget-heading\" data-id=\"5c4d327\" data-element_type=\"widget\" data-widget_type=\"heading.default\">\n\t\t\t\t<div class=\"elementor-widget-container\">\n\t\t\t\t\t<h2 class=\"elementor-heading-title elementor-size-default\">Javier Mart\u00ednez - EVERCOM\n<br>javier.martinez@evercom.es  \n<br>Tel. +34 915 77 92 72 <\/h2>\t\t\t\t<\/div>\n\t\t\t\t<\/div>\n\t\t\t\t\t<\/div>\n\t\t<\/div>\n\t\t\t\t\t<\/div>\n\t\t<\/section>\n\t\t\t\t<section class=\"elementor-section elementor-top-section elementor-element elementor-element-23ea027 elementor-section-full_width elementor-section-height-default elementor-section-height-default\" data-id=\"23ea027\" data-element_type=\"section\">\n\t\t\t\t\t\t<div class=\"elementor-container elementor-column-gap-default\">\n\t\t\t\t\t<div class=\"elementor-column elementor-col-100 elementor-top-column elementor-element elementor-element-328d9ec\" data-id=\"328d9ec\" data-element_type=\"column\">\n\t\t\t<div class=\"elementor-widget-wrap elementor-element-populated\">\n\t\t\t\t\t\t<div class=\"elementor-element elementor-element-597c4aa3 elementor-invisible elementor-widget elementor-widget-heading\" data-id=\"597c4aa3\" data-element_type=\"widget\" data-settings=\"{&quot;_animation&quot;:&quot;fadeInUp&quot;}\" data-widget_type=\"heading.default\">\n\t\t\t\t<div class=\"elementor-widget-container\">\n\t\t\t\t\t<h2 class=\"elementor-heading-title elementor-size-default\">Notas de prensa<\/h2>\t\t\t\t<\/div>\n\t\t\t\t<\/div>\n\t\t\t\t<div class=\"elementor-element elementor-element-462ebe72 elementor-widget elementor-widget-text-editor\" data-id=\"462ebe72\" data-element_type=\"widget\" data-widget_type=\"text-editor.default\">\n\t\t\t\t<div class=\"elementor-widget-container\">\n\t\t\t\t\t\t\t\t\t<p>A continuaci\u00f3n encontrar\u00e1s todas las notas de prensa del evento.<\/p>\t\t\t\t\t\t\t\t<\/div>\n\t\t\t\t<\/div>\n\t\t\t\t<div class=\"elementor-element elementor-element-3228ac2a elementor-posts--align-left elementor-grid-tablet-1 elementor-grid-4 elementor-grid-mobile-1 elementor-posts--thumbnail-top elementor-posts__hover-gradient elementor-widget elementor-widget-posts\" data-id=\"3228ac2a\" data-element_type=\"widget\" data-settings=\"{&quot;cards_row_gap&quot;:{&quot;unit&quot;:&quot;px&quot;,&quot;size&quot;:&quot;23&quot;,&quot;sizes&quot;:[]},&quot;cards_columns_tablet&quot;:&quot;1&quot;,&quot;cards_columns&quot;:&quot;4&quot;,&quot;cards_columns_mobile&quot;:&quot;1&quot;,&quot;cards_row_gap_tablet&quot;:{&quot;unit&quot;:&quot;px&quot;,&quot;size&quot;:&quot;&quot;,&quot;sizes&quot;:[]},&quot;cards_row_gap_mobile&quot;:{&quot;unit&quot;:&quot;px&quot;,&quot;size&quot;:&quot;&quot;,&quot;sizes&quot;:[]}}\" data-widget_type=\"posts.cards\">\n\t\t\t\t<div class=\"elementor-widget-container\">\n\t\t\t\t\t\t\t<div class=\"elementor-posts-container elementor-posts elementor-posts--skin-cards elementor-grid\" role=\"list\">\n\t\t\t\t<article class=\"elementor-post elementor-grid-item post-470450 post type-post status-publish format-standard has-post-thumbnail hentry category-notas-de-prensa tag-espana tag-estadisticas tag-estudio tag-europa tag-eventos tag-ferias tag-liderazgo tag-sectorindustrial tag-ventajacompetitiva\" role=\"listitem\">\n\t\t\t<div class=\"elementor-post__card\">\n\t\t\t\t<a class=\"elementor-post__thumbnail__link\" href=\"https:\/\/www.advancedmanufacturingmadrid.com\/es\/2026\/04\/09\/los-advanced-manufacturing-awards-abren-candidaturas-para-su-5a-edicion\/\" tabindex=\"-1\" ><div class=\"elementor-post__thumbnail\"><img loading=\"lazy\" decoding=\"async\" width=\"1920\" height=\"1280\" src=\"https:\/\/easyfairsassets.com\/sites\/79\/2026\/04\/ADVANCE-2025-288.jpg\" class=\"attachment-full size-full wp-image-470451\" alt=\"AMAWARDS\" srcset=\"https:\/\/easyfairsassets.com\/sites\/79\/2026\/04\/ADVANCE-2025-288.jpg 1920w, https:\/\/easyfairsassets.com\/sites\/79\/2026\/04\/ADVANCE-2025-288-300x200.jpg 300w, https:\/\/easyfairsassets.com\/sites\/79\/2026\/04\/ADVANCE-2025-288-1024x683.jpg 1024w, https:\/\/easyfairsassets.com\/sites\/79\/2026\/04\/ADVANCE-2025-288-768x512.jpg 768w, https:\/\/easyfairsassets.com\/sites\/79\/2026\/04\/ADVANCE-2025-288-1536x1024.jpg 1536w\" sizes=\"(max-width: 1920px) 100vw, 1920px\" \/><\/div><\/a>\n\t\t\t\t<div class=\"elementor-post__text\">\n\t\t\t\t<h3 class=\"elementor-post__title\">\n\t\t\t<a href=\"https:\/\/www.advancedmanufacturingmadrid.com\/es\/2026\/04\/09\/los-advanced-manufacturing-awards-abren-candidaturas-para-su-5a-edicion\/\" >\n\t\t\t\tLos\u00a0Advanced\u00a0Manufacturing\u00a0Awards\u00a0abren candidaturas para su 5\u00aa edici\u00f3n\u00a0\t\t\t<\/a>\n\t\t<\/h3>\n\t\t\t\t<div class=\"elementor-post__excerpt\">\n\t\t\t<p>Los\u00a0Advanced\u00a0Manufacturing\u00a0Awards\u00a0abren candidaturas para su 5\u00aa edici\u00f3n\u00a0 CINCO A\u00d1OS RECONOCIENDO LA INNOVACI\u00d3N INDUSTRIAL EN ESPA\u00d1A\u00a0 Los\u00a0Advanced\u00a0Manufacturing\u00a0Awards\u00a0abren candidaturas para su 5\u00aa edici\u00f3n\u00a0 Los galardones, organizados\u00a0por\u00a0Advanced\u00a0Manufacturing\u00a0Madrid, celebran este<\/p>\n\t\t<\/div>\n\t\t\n\t\t<a class=\"elementor-post__read-more\" href=\"https:\/\/www.advancedmanufacturingmadrid.com\/es\/2026\/04\/09\/los-advanced-manufacturing-awards-abren-candidaturas-para-su-5a-edicion\/\" aria-label=\"Read more about Los\u00a0Advanced\u00a0Manufacturing\u00a0Awards\u00a0abren candidaturas para su 5\u00aa edici\u00f3n\u00a0\" tabindex=\"-1\" >\n\t\t\t&gt;&gt; Nota de prensa\t\t<\/a>\n\n\t\t\t\t<\/div>\n\t\t\t\t\t<\/div>\n\t\t<\/article>\n\t\t\t\t<article class=\"elementor-post elementor-grid-item post-468287 post type-post status-publish format-standard has-post-thumbnail hentry category-notas-de-prensa tag-espana tag-estadisticas tag-estudio tag-europa tag-eventos tag-ferias tag-liderazgo tag-sectorindustrial tag-ventajacompetitiva\" role=\"listitem\">\n\t\t\t<div class=\"elementor-post__card\">\n\t\t\t\t<a class=\"elementor-post__thumbnail__link\" href=\"https:\/\/www.advancedmanufacturingmadrid.com\/es\/2026\/01\/27\/advanced-manufacturing-madrid-reconocida-oficialmente-como-feria-internacional\/\" tabindex=\"-1\" ><div class=\"elementor-post__thumbnail\"><img loading=\"lazy\" decoding=\"async\" width=\"1920\" height=\"1280\" src=\"https:\/\/easyfairsassets.com\/sites\/79\/2026\/01\/ADVANCE-2025-1219.jpg\" class=\"attachment-full size-full wp-image-468288\" alt=\"Advanced Manufacturing Madrid reconocida oficialmente como feria internacional\" srcset=\"https:\/\/easyfairsassets.com\/sites\/79\/2026\/01\/ADVANCE-2025-1219.jpg 1920w, https:\/\/easyfairsassets.com\/sites\/79\/2026\/01\/ADVANCE-2025-1219-300x200.jpg 300w, https:\/\/easyfairsassets.com\/sites\/79\/2026\/01\/ADVANCE-2025-1219-1024x683.jpg 1024w, https:\/\/easyfairsassets.com\/sites\/79\/2026\/01\/ADVANCE-2025-1219-768x512.jpg 768w, https:\/\/easyfairsassets.com\/sites\/79\/2026\/01\/ADVANCE-2025-1219-1536x1024.jpg 1536w\" sizes=\"(max-width: 1920px) 100vw, 1920px\" \/><\/div><\/a>\n\t\t\t\t<div class=\"elementor-post__text\">\n\t\t\t\t<h3 class=\"elementor-post__title\">\n\t\t\t<a href=\"https:\/\/www.advancedmanufacturingmadrid.com\/es\/2026\/01\/27\/advanced-manufacturing-madrid-reconocida-oficialmente-como-feria-internacional\/\" >\n\t\t\t\tAdvanced Manufacturing Madrid reconocida oficialmente como feria internacional\t\t\t<\/a>\n\t\t<\/h3>\n\t\t\t\t<div class=\"elementor-post__excerpt\">\n\t\t\t<p>Advanced Manufacturing Madrid reconocida oficialmente como feria internacional La feria Advanced Manufacturing Madrid ha sido oficialmente reconocida por la Secretar\u00eda de Estado de Comercio como<\/p>\n\t\t<\/div>\n\t\t\n\t\t<a class=\"elementor-post__read-more\" href=\"https:\/\/www.advancedmanufacturingmadrid.com\/es\/2026\/01\/27\/advanced-manufacturing-madrid-reconocida-oficialmente-como-feria-internacional\/\" aria-label=\"Read more about Advanced Manufacturing Madrid reconocida oficialmente como feria internacional\" tabindex=\"-1\" >\n\t\t\t&gt;&gt; Nota de prensa\t\t<\/a>\n\n\t\t\t\t<\/div>\n\t\t\t\t\t<\/div>\n\t\t<\/article>\n\t\t\t\t<article class=\"elementor-post elementor-grid-item post-468223 post type-post status-publish format-standard has-post-thumbnail hentry category-notas-de-prensa tag-espana tag-estadisticas tag-estudio tag-europa tag-eventos tag-ferias tag-liderazgo tag-sectorindustrial tag-ventajacompetitiva\" role=\"listitem\">\n\t\t\t<div class=\"elementor-post__card\">\n\t\t\t\t<a class=\"elementor-post__thumbnail__link\" href=\"https:\/\/www.advancedmanufacturingmadrid.com\/es\/2026\/01\/26\/la-afe-aprueba-sus-cuentas-y-memoria-en-su-asamblea-anual-vaticinando-un-fantastico-ejercicio-2026-para-el-sector-ferial-espanol\/\" tabindex=\"-1\" ><div class=\"elementor-post__thumbnail\"><img loading=\"lazy\" decoding=\"async\" width=\"1920\" height=\"1280\" src=\"https:\/\/easyfairsassets.com\/sites\/79\/2025\/11\/AM-2025-012.jpg\" class=\"attachment-full size-full wp-image-464094\" alt=\"fair\" srcset=\"https:\/\/easyfairsassets.com\/sites\/79\/2025\/11\/AM-2025-012.jpg 1920w, https:\/\/easyfairsassets.com\/sites\/79\/2025\/11\/AM-2025-012-300x200.jpg 300w, https:\/\/easyfairsassets.com\/sites\/79\/2025\/11\/AM-2025-012-1024x683.jpg 1024w, https:\/\/easyfairsassets.com\/sites\/79\/2025\/11\/AM-2025-012-768x512.jpg 768w, https:\/\/easyfairsassets.com\/sites\/79\/2025\/11\/AM-2025-012-1536x1024.jpg 1536w\" sizes=\"(max-width: 1920px) 100vw, 1920px\" \/><\/div><\/a>\n\t\t\t\t<div class=\"elementor-post__text\">\n\t\t\t\t<h3 class=\"elementor-post__title\">\n\t\t\t<a href=\"https:\/\/www.advancedmanufacturingmadrid.com\/es\/2026\/01\/26\/la-afe-aprueba-sus-cuentas-y-memoria-en-su-asamblea-anual-vaticinando-un-fantastico-ejercicio-2026-para-el-sector-ferial-espanol\/\" >\n\t\t\t\tLa AFE aprueba sus cuentas y memoria en su Asamblea anual vaticinando un fant\u00e1stico ejercicio 2026 para el sector ferial espa\u00f1ol\t\t\t<\/a>\n\t\t<\/h3>\n\t\t\t\t<div class=\"elementor-post__excerpt\">\n\t\t\t<p>La AFE aprueba sus cuentas y memoria en su Asamblea anual vaticinando un fant\u00e1stico ejercicio 2026 para el sector ferial espa\u00f1ol La AFE aprueba sus<\/p>\n\t\t<\/div>\n\t\t\n\t\t<a class=\"elementor-post__read-more\" href=\"https:\/\/www.advancedmanufacturingmadrid.com\/es\/2026\/01\/26\/la-afe-aprueba-sus-cuentas-y-memoria-en-su-asamblea-anual-vaticinando-un-fantastico-ejercicio-2026-para-el-sector-ferial-espanol\/\" aria-label=\"Read more about La AFE aprueba sus cuentas y memoria en su Asamblea anual vaticinando un fant\u00e1stico ejercicio 2026 para el sector ferial espa\u00f1ol\" tabindex=\"-1\" >\n\t\t\t&gt;&gt; Nota de prensa\t\t<\/a>\n\n\t\t\t\t<\/div>\n\t\t\t\t\t<\/div>\n\t\t<\/article>\n\t\t\t\t<article class=\"elementor-post elementor-grid-item post-464092 post type-post status-publish format-standard has-post-thumbnail hentry category-notas-de-prensa tag-espana tag-estadisticas tag-estudio tag-europa tag-eventos tag-ferias tag-liderazgo tag-sectorindustrial tag-ventajacompetitiva\" role=\"listitem\">\n\t\t\t<div class=\"elementor-post__card\">\n\t\t\t\t<a class=\"elementor-post__thumbnail__link\" href=\"https:\/\/www.advancedmanufacturingmadrid.com\/es\/2025\/11\/12\/advanced-manufacturing-madrid-refuerza-su-liderazgo-como-punto-de-encuentro-nacional-para-la-industria\/\" tabindex=\"-1\" ><div class=\"elementor-post__thumbnail\"><img loading=\"lazy\" decoding=\"async\" width=\"1920\" height=\"1280\" src=\"https:\/\/easyfairsassets.com\/sites\/79\/2025\/11\/AM-2025-012.jpg\" class=\"attachment-full size-full wp-image-464094\" alt=\"fair\" srcset=\"https:\/\/easyfairsassets.com\/sites\/79\/2025\/11\/AM-2025-012.jpg 1920w, https:\/\/easyfairsassets.com\/sites\/79\/2025\/11\/AM-2025-012-300x200.jpg 300w, https:\/\/easyfairsassets.com\/sites\/79\/2025\/11\/AM-2025-012-1024x683.jpg 1024w, https:\/\/easyfairsassets.com\/sites\/79\/2025\/11\/AM-2025-012-768x512.jpg 768w, https:\/\/easyfairsassets.com\/sites\/79\/2025\/11\/AM-2025-012-1536x1024.jpg 1536w\" sizes=\"(max-width: 1920px) 100vw, 1920px\" \/><\/div><\/a>\n\t\t\t\t<div class=\"elementor-post__text\">\n\t\t\t\t<h3 class=\"elementor-post__title\">\n\t\t\t<a href=\"https:\/\/www.advancedmanufacturingmadrid.com\/es\/2025\/11\/12\/advanced-manufacturing-madrid-refuerza-su-liderazgo-como-punto-de-encuentro-nacional-para-la-industria\/\" >\n\t\t\t\tAdvanced Manufacturing Madrid refuerza su liderazgo como punto de encuentro nacional para la industria\t\t\t<\/a>\n\t\t<\/h3>\n\t\t\t\t<div class=\"elementor-post__excerpt\">\n\t\t\t<p>Advanced Manufacturing Madrid refuerza su liderazgo como punto de encuentro nacional para la industria \u00b7 M\u00e1s de 13.000 profesionales y de 640 marcas expositoras se<\/p>\n\t\t<\/div>\n\t\t\n\t\t<a class=\"elementor-post__read-more\" href=\"https:\/\/www.advancedmanufacturingmadrid.com\/es\/2025\/11\/12\/advanced-manufacturing-madrid-refuerza-su-liderazgo-como-punto-de-encuentro-nacional-para-la-industria\/\" aria-label=\"Read more about Advanced Manufacturing Madrid refuerza su liderazgo como punto de encuentro nacional para la industria\" tabindex=\"-1\" >\n\t\t\t&gt;&gt; Nota de prensa\t\t<\/a>\n\n\t\t\t\t<\/div>\n\t\t\t\t\t<\/div>\n\t\t<\/article>\n\t\t\t\t<article class=\"elementor-post elementor-grid-item post-464070 post type-post status-publish format-standard has-post-thumbnail hentry category-notas-de-prensa tag-espana tag-estadisticas tag-estudio tag-europa tag-eventos tag-ferias tag-liderazgo tag-sectorindustrial tag-ventajacompetitiva\" role=\"listitem\">\n\t\t\t<div class=\"elementor-post__card\">\n\t\t\t\t<a class=\"elementor-post__thumbnail__link\" href=\"https:\/\/www.advancedmanufacturingmadrid.com\/es\/2025\/11\/12\/advanced-manufacturing-awards-2025-ya-tiene-ganadores\/\" tabindex=\"-1\" ><div class=\"elementor-post__thumbnail\"><img loading=\"lazy\" decoding=\"async\" width=\"1920\" height=\"1280\" src=\"https:\/\/easyfairsassets.com\/sites\/79\/2025\/11\/ADVANCE-2025-317-2.jpg\" class=\"attachment-full size-full wp-image-464074\" alt=\"awards\" srcset=\"https:\/\/easyfairsassets.com\/sites\/79\/2025\/11\/ADVANCE-2025-317-2.jpg 1920w, https:\/\/easyfairsassets.com\/sites\/79\/2025\/11\/ADVANCE-2025-317-2-300x200.jpg 300w, https:\/\/easyfairsassets.com\/sites\/79\/2025\/11\/ADVANCE-2025-317-2-1024x683.jpg 1024w, https:\/\/easyfairsassets.com\/sites\/79\/2025\/11\/ADVANCE-2025-317-2-768x512.jpg 768w, https:\/\/easyfairsassets.com\/sites\/79\/2025\/11\/ADVANCE-2025-317-2-1536x1024.jpg 1536w\" sizes=\"(max-width: 1920px) 100vw, 1920px\" \/><\/div><\/a>\n\t\t\t\t<div class=\"elementor-post__text\">\n\t\t\t\t<h3 class=\"elementor-post__title\">\n\t\t\t<a href=\"https:\/\/www.advancedmanufacturingmadrid.com\/es\/2025\/11\/12\/advanced-manufacturing-awards-2025-ya-tiene-ganadores\/\" >\n\t\t\t\tAdvanced Manufacturing Awards 2025 ya tiene ganadores\t\t\t<\/a>\n\t\t<\/h3>\n\t\t\t\t<div class=\"elementor-post__excerpt\">\n\t\t\t<p>Advanced Manufacturing Awards 2025 ya tiene ganadores \u2022 BASE PROTECTION GROUP, CATEC, CSIC, Pemamek Iberia, NUTAI, Beiersdorf Manufacturing y URAPHEX son las empresas ganadoras de<\/p>\n\t\t<\/div>\n\t\t\n\t\t<a class=\"elementor-post__read-more\" href=\"https:\/\/www.advancedmanufacturingmadrid.com\/es\/2025\/11\/12\/advanced-manufacturing-awards-2025-ya-tiene-ganadores\/\" aria-label=\"Read more about Advanced Manufacturing Awards 2025 ya tiene ganadores\" tabindex=\"-1\" >\n\t\t\t&gt;&gt; Nota de prensa\t\t<\/a>\n\n\t\t\t\t<\/div>\n\t\t\t\t\t<\/div>\n\t\t<\/article>\n\t\t\t\t<article class=\"elementor-post elementor-grid-item post-463786 post type-post status-publish format-standard has-post-thumbnail hentry category-notas-de-prensa tag-espana tag-estadisticas tag-estudio tag-europa tag-eventos tag-ferias tag-liderazgo tag-sectorindustrial tag-ventajacompetitiva\" role=\"listitem\">\n\t\t\t<div class=\"elementor-post__card\">\n\t\t\t\t<a class=\"elementor-post__thumbnail__link\" href=\"https:\/\/www.advancedmanufacturingmadrid.com\/es\/2025\/11\/03\/advanced-manufacturing-madrid-2025-la-innovacion-industrial-vuelve-a-ifema\/\" tabindex=\"-1\" ><div class=\"elementor-post__thumbnail\"><img loading=\"lazy\" decoding=\"async\" width=\"180\" height=\"100\" src=\"https:\/\/easyfairsassets.com\/sites\/79\/2025\/10\/on-the-sofa-nissan-2.png\" class=\"attachment-full size-full wp-image-460588\" alt=\"evercom\" \/><\/div><\/a>\n\t\t\t\t<div class=\"elementor-post__text\">\n\t\t\t\t<h3 class=\"elementor-post__title\">\n\t\t\t<a href=\"https:\/\/www.advancedmanufacturingmadrid.com\/es\/2025\/11\/03\/advanced-manufacturing-madrid-2025-la-innovacion-industrial-vuelve-a-ifema\/\" >\n\t\t\t\tAdvanced Manufacturing Madrid 2025: la innovaci\u00f3n industrial vuelve a IFEMA\t\t\t<\/a>\n\t\t<\/h3>\n\t\t\t\t<div class=\"elementor-post__excerpt\">\n\t\t\t<p>Advanced Manufacturing Madrid 2025: la innovaci\u00f3n industrial vuelve a IFEMA Los pr\u00f3ximos 5 y 6 de noviembre, Madrid acoge una nueva edici\u00f3n del evento l\u00edder<\/p>\n\t\t<\/div>\n\t\t\n\t\t<a class=\"elementor-post__read-more\" href=\"https:\/\/www.advancedmanufacturingmadrid.com\/es\/2025\/11\/03\/advanced-manufacturing-madrid-2025-la-innovacion-industrial-vuelve-a-ifema\/\" aria-label=\"Read more about Advanced Manufacturing Madrid 2025: la innovaci\u00f3n industrial vuelve a IFEMA\" tabindex=\"-1\" >\n\t\t\t&gt;&gt; Nota de prensa\t\t<\/a>\n\n\t\t\t\t<\/div>\n\t\t\t\t\t<\/div>\n\t\t<\/article>\n\t\t\t\t<article class=\"elementor-post elementor-grid-item post-460585 post type-post status-publish format-standard has-post-thumbnail hentry category-notas-de-prensa tag-espana tag-estadisticas tag-estudio tag-europa tag-eventos tag-ferias tag-liderazgo tag-sectorindustrial tag-ventajacompetitiva\" role=\"listitem\">\n\t\t\t<div class=\"elementor-post__card\">\n\t\t\t\t<a class=\"elementor-post__thumbnail__link\" href=\"https:\/\/www.advancedmanufacturingmadrid.com\/es\/2025\/10\/07\/la-comunicacion-como-motor-de-transformacion-industrial-evercom\/\" tabindex=\"-1\" ><div class=\"elementor-post__thumbnail\"><img loading=\"lazy\" decoding=\"async\" width=\"180\" height=\"100\" src=\"https:\/\/easyfairsassets.com\/sites\/79\/2025\/10\/on-the-sofa-nissan-2.png\" class=\"attachment-full size-full wp-image-460588\" alt=\"evercom\" \/><\/div><\/a>\n\t\t\t\t<div class=\"elementor-post__text\">\n\t\t\t\t<h3 class=\"elementor-post__title\">\n\t\t\t<a href=\"https:\/\/www.advancedmanufacturingmadrid.com\/es\/2025\/10\/07\/la-comunicacion-como-motor-de-transformacion-industrial-evercom\/\" >\n\t\t\t\tLa comunicaci\u00f3n como motor de transformaci\u00f3n industrial &#8211; EVERCOM\t\t\t<\/a>\n\t\t<\/h3>\n\t\t\t\t<div class=\"elementor-post__excerpt\">\n\t\t\t<p>La comunicaci\u00f3n como motor de transformaci\u00f3n industrial Durante mucho tiempo, la comunicaci\u00f3n en el sector industrial ha estado centrada en la l\u00f3gica del producto: datos<\/p>\n\t\t<\/div>\n\t\t\n\t\t<a class=\"elementor-post__read-more\" href=\"https:\/\/www.advancedmanufacturingmadrid.com\/es\/2025\/10\/07\/la-comunicacion-como-motor-de-transformacion-industrial-evercom\/\" aria-label=\"Read more about La comunicaci\u00f3n como motor de transformaci\u00f3n industrial &#8211; EVERCOM\" tabindex=\"-1\" >\n\t\t\t&gt;&gt; Nota de prensa\t\t<\/a>\n\n\t\t\t\t<\/div>\n\t\t\t\t\t<\/div>\n\t\t<\/article>\n\t\t\t\t<article class=\"elementor-post elementor-grid-item post-445968 post type-post status-publish format-standard has-post-thumbnail hentry category-notas-de-prensa tag-espana tag-estadisticas tag-estudio tag-europa tag-eventos tag-ferias tag-liderazgo tag-sectorindustrial tag-ventajacompetitiva\" role=\"listitem\">\n\t\t\t<div class=\"elementor-post__card\">\n\t\t\t\t<a class=\"elementor-post__thumbnail__link\" href=\"https:\/\/www.advancedmanufacturingmadrid.com\/es\/2025\/06\/18\/ii-estudio-la-industria-europea-ventaja-competitiva-o-perdida-de-liderazgo\/\" tabindex=\"-1\" ><div class=\"elementor-post__thumbnail\"><img loading=\"lazy\" decoding=\"async\" width=\"200\" height=\"200\" src=\"https:\/\/easyfairsassets.com\/sites\/79\/2025\/06\/II-Estudio-200-x-200-px.png\" class=\"attachment-full size-full wp-image-445969\" alt=\"II Estudio (200 x 200 px)\" srcset=\"https:\/\/easyfairsassets.com\/sites\/79\/2025\/06\/II-Estudio-200-x-200-px.png 200w, https:\/\/easyfairsassets.com\/sites\/79\/2025\/06\/II-Estudio-200-x-200-px-150x150.png 150w\" sizes=\"(max-width: 200px) 100vw, 200px\" \/><\/div><\/a>\n\t\t\t\t<div class=\"elementor-post__text\">\n\t\t\t\t<h3 class=\"elementor-post__title\">\n\t\t\t<a href=\"https:\/\/www.advancedmanufacturingmadrid.com\/es\/2025\/06\/18\/ii-estudio-la-industria-europea-ventaja-competitiva-o-perdida-de-liderazgo\/\" >\n\t\t\t\tII ESTUDIO: La industria europea: \u00bfventaja competitiva o p\u00e9rdida de liderazgo?\t\t\t<\/a>\n\t\t<\/h3>\n\t\t\t\t<div class=\"elementor-post__excerpt\">\n\t\t\t<p>La industria europea: \u00bfventaja competitiva o p\u00e9rdida de liderazgo?\u00a0 El nuevo estudio de Easyfairs, organizador de Advanced Manufacturing Madrid y Barcelona, revela la creciente preocupaci\u00f3n<\/p>\n\t\t<\/div>\n\t\t\n\t\t<a class=\"elementor-post__read-more\" href=\"https:\/\/www.advancedmanufacturingmadrid.com\/es\/2025\/06\/18\/ii-estudio-la-industria-europea-ventaja-competitiva-o-perdida-de-liderazgo\/\" aria-label=\"Read more about II ESTUDIO: La industria europea: \u00bfventaja competitiva o p\u00e9rdida de liderazgo?\" tabindex=\"-1\" >\n\t\t\t&gt;&gt; Nota de prensa\t\t<\/a>\n\n\t\t\t\t<\/div>\n\t\t\t\t\t<\/div>\n\t\t<\/article>\n\t\t\t\t<article class=\"elementor-post elementor-grid-item post-442337 post type-post status-publish format-standard has-post-thumbnail hentry category-notas-de-prensa tag-empleo tag-eventos tag-ferias tag-globalexhibitionday tag-innovacion\" role=\"listitem\">\n\t\t\t<div class=\"elementor-post__card\">\n\t\t\t\t<a class=\"elementor-post__thumbnail__link\" href=\"https:\/\/www.advancedmanufacturingmadrid.com\/es\/2025\/06\/02\/easyfairs-destaca-el-papel-de-las-ferias-como-motor-del-potencial-economico-e-industrial\/\" tabindex=\"-1\" ><div class=\"elementor-post__thumbnail\"><img loading=\"lazy\" decoding=\"async\" width=\"200\" height=\"200\" src=\"https:\/\/easyfairsassets.com\/sites\/79\/2025\/06\/II-Estudio-200-x-200-px-1.png\" class=\"attachment-full size-full wp-image-445978\" alt=\"amm\" srcset=\"https:\/\/easyfairsassets.com\/sites\/79\/2025\/06\/II-Estudio-200-x-200-px-1.png 200w, https:\/\/easyfairsassets.com\/sites\/79\/2025\/06\/II-Estudio-200-x-200-px-1-150x150.png 150w\" sizes=\"(max-width: 200px) 100vw, 200px\" \/><\/div><\/a>\n\t\t\t\t<div class=\"elementor-post__text\">\n\t\t\t\t<h3 class=\"elementor-post__title\">\n\t\t\t<a href=\"https:\/\/www.advancedmanufacturingmadrid.com\/es\/2025\/06\/02\/easyfairs-destaca-el-papel-de-las-ferias-como-motor-del-potencial-economico-e-industrial\/\" >\n\t\t\t\tEasyfairs destaca el papel de las ferias como motor del potencial econ\u00f3mico e industrial\t\t\t<\/a>\n\t\t<\/h3>\n\t\t\t\t<div class=\"elementor-post__excerpt\">\n\t\t\t<p>Easyfairs destaca el papel de las ferias como motor del potencial econ\u00f3mico e industrial Madrid, 4 de junio de 2025. Easyfairs se une un a\u00f1o<\/p>\n\t\t<\/div>\n\t\t\n\t\t<a class=\"elementor-post__read-more\" href=\"https:\/\/www.advancedmanufacturingmadrid.com\/es\/2025\/06\/02\/easyfairs-destaca-el-papel-de-las-ferias-como-motor-del-potencial-economico-e-industrial\/\" aria-label=\"Read more about Easyfairs destaca el papel de las ferias como motor del potencial econ\u00f3mico e industrial\" tabindex=\"-1\" >\n\t\t\t&gt;&gt; Nota de prensa\t\t<\/a>\n\n\t\t\t\t<\/div>\n\t\t\t\t\t<\/div>\n\t\t<\/article>\n\t\t\t\t<article class=\"elementor-post elementor-grid-item post-429619 post type-post status-publish format-standard has-post-thumbnail hentry category-notas-de-prensa tag-alianza tag-comuniacion tag-gestion-informativa tag-industria-2 tag-profesionales\" role=\"listitem\">\n\t\t\t<div class=\"elementor-post__card\">\n\t\t\t\t<a class=\"elementor-post__thumbnail__link\" href=\"https:\/\/www.advancedmanufacturingmadrid.com\/es\/2025\/03\/27\/easyfairs-vuelve-a-confiar-en-evercom-para-la-gestion-de-la-comunicacion-de-advanced-manufacturing-madrid-y-barcelona-y-su-nueva-feria-worksafe\/\" tabindex=\"-1\" ><div class=\"elementor-post__thumbnail\"><img loading=\"lazy\" decoding=\"async\" width=\"1200\" height=\"627\" src=\"https:\/\/easyfairsassets.com\/sites\/79\/2025\/03\/Notas-de-prensas.png\" class=\"attachment-full size-full wp-image-429727\" alt=\"easyfairs x evercom\" srcset=\"https:\/\/easyfairsassets.com\/sites\/79\/2025\/03\/Notas-de-prensas.png 1200w, https:\/\/easyfairsassets.com\/sites\/79\/2025\/03\/Notas-de-prensas-300x157.png 300w, https:\/\/easyfairsassets.com\/sites\/79\/2025\/03\/Notas-de-prensas-1024x535.png 1024w, https:\/\/easyfairsassets.com\/sites\/79\/2025\/03\/Notas-de-prensas-768x401.png 768w\" sizes=\"(max-width: 1200px) 100vw, 1200px\" \/><\/div><\/a>\n\t\t\t\t<div class=\"elementor-post__text\">\n\t\t\t\t<h3 class=\"elementor-post__title\">\n\t\t\t<a href=\"https:\/\/www.advancedmanufacturingmadrid.com\/es\/2025\/03\/27\/easyfairs-vuelve-a-confiar-en-evercom-para-la-gestion-de-la-comunicacion-de-advanced-manufacturing-madrid-y-barcelona-y-su-nueva-feria-worksafe\/\" >\n\t\t\t\tEasyfairs vuelve a confiar en evercom para la gesti\u00f3n de la comunicaci\u00f3n de Advanced Manufacturing Madrid y Barcelona y su nueva feria WorkSafe.\t\t\t<\/a>\n\t\t<\/h3>\n\t\t\t\t<div class=\"elementor-post__excerpt\">\n\t\t\t<p>La agencia de comunicaci\u00f3n y marketing seguir\u00e1 reforzando la visibilidad y posicionamiento de las ferias industriales, consolid\u00e1ndolas como citas clave para la innovaci\u00f3n y el<\/p>\n\t\t<\/div>\n\t\t\n\t\t<a class=\"elementor-post__read-more\" href=\"https:\/\/www.advancedmanufacturingmadrid.com\/es\/2025\/03\/27\/easyfairs-vuelve-a-confiar-en-evercom-para-la-gestion-de-la-comunicacion-de-advanced-manufacturing-madrid-y-barcelona-y-su-nueva-feria-worksafe\/\" aria-label=\"Read more about Easyfairs vuelve a confiar en evercom para la gesti\u00f3n de la comunicaci\u00f3n de Advanced Manufacturing Madrid y Barcelona y su nueva feria WorkSafe.\" tabindex=\"-1\" >\n\t\t\t&gt;&gt; Nota de prensa\t\t<\/a>\n\n\t\t\t\t<\/div>\n\t\t\t\t\t<\/div>\n\t\t<\/article>\n\t\t\t\t<article class=\"elementor-post elementor-grid-item post-428418 post type-post status-publish format-standard has-post-thumbnail hentry category-notas-de-prensa tag-automatizacion-2 tag-comite tag-composites tag-industria-2 tag-innovacion tag-optimizacion edition-advanced-manufacturing-madrid-2024\" role=\"listitem\">\n\t\t\t<div class=\"elementor-post__card\">\n\t\t\t\t<a class=\"elementor-post__thumbnail__link\" href=\"https:\/\/www.advancedmanufacturingmadrid.com\/es\/2025\/03\/07\/advanced-manufacturing-madrid-celebra-la-segunda-edicion-del-comite-de-expertos-de-composites-engineering\/\" tabindex=\"-1\" ><div class=\"elementor-post__thumbnail\"><img loading=\"lazy\" decoding=\"async\" width=\"1266\" height=\"788\" src=\"https:\/\/easyfairsassets.com\/sites\/79\/2025\/03\/comite.jpg\" class=\"attachment-full size-full wp-image-428419\" alt=\"comite\" srcset=\"https:\/\/easyfairsassets.com\/sites\/79\/2025\/03\/comite.jpg 1266w, https:\/\/easyfairsassets.com\/sites\/79\/2025\/03\/comite-300x187.jpg 300w, https:\/\/easyfairsassets.com\/sites\/79\/2025\/03\/comite-1024x637.jpg 1024w, https:\/\/easyfairsassets.com\/sites\/79\/2025\/03\/comite-768x478.jpg 768w\" sizes=\"(max-width: 1266px) 100vw, 1266px\" \/><\/div><\/a>\n\t\t\t\t<div class=\"elementor-post__text\">\n\t\t\t\t<h3 class=\"elementor-post__title\">\n\t\t\t<a href=\"https:\/\/www.advancedmanufacturingmadrid.com\/es\/2025\/03\/07\/advanced-manufacturing-madrid-celebra-la-segunda-edicion-del-comite-de-expertos-de-composites-engineering\/\" >\n\t\t\t\tAdvanced Manufacturing Madrid celebra la segunda edici\u00f3n del Comit\u00e9 de Expertos de Composites Engineering.\t\t\t<\/a>\n\t\t<\/h3>\n\t\t\t\t<div class=\"elementor-post__excerpt\">\n\t\t\t<p>\u00a0Destacados representantes del sector han debatido sobre la mejora de la oferta del sal\u00f3n, adapt\u00e1ndola a las \u00faltimas tendencias. Se han abordado temas como la<\/p>\n\t\t<\/div>\n\t\t\n\t\t<a class=\"elementor-post__read-more\" href=\"https:\/\/www.advancedmanufacturingmadrid.com\/es\/2025\/03\/07\/advanced-manufacturing-madrid-celebra-la-segunda-edicion-del-comite-de-expertos-de-composites-engineering\/\" aria-label=\"Read more about Advanced Manufacturing Madrid celebra la segunda edici\u00f3n del Comit\u00e9 de Expertos de Composites Engineering.\" tabindex=\"-1\" >\n\t\t\t&gt;&gt; Nota de prensa\t\t<\/a>\n\n\t\t\t\t<\/div>\n\t\t\t\t\t<\/div>\n\t\t<\/article>\n\t\t\t\t<article class=\"elementor-post elementor-grid-item post-414090 post type-post status-publish format-standard has-post-thumbnail hentry category-notas-de-prensa tag-actividades tag-advanced-manufacturing tag-congreso tag-eventos tag-metalmadrid-2 tag-programa edition-advanced-manufacturing-madrid-2024\" role=\"listitem\">\n\t\t\t<div class=\"elementor-post__card\">\n\t\t\t\t<a class=\"elementor-post__thumbnail__link\" href=\"https:\/\/www.advancedmanufacturingmadrid.com\/es\/2024\/11\/25\/advanced-manufacturing-madrid-cierra-con-exito-su-16a-edicion-con-mas-de-13-500-asistentes\/\" tabindex=\"-1\" ><div class=\"elementor-post__thumbnail\"><img loading=\"lazy\" decoding=\"async\" width=\"1920\" height=\"1280\" src=\"https:\/\/easyfairsassets.com\/sites\/79\/2024\/11\/metalMadrid24-033.jpg\" class=\"attachment-full size-full wp-image-414091\" alt=\"metal madrid 2024\" srcset=\"https:\/\/easyfairsassets.com\/sites\/79\/2024\/11\/metalMadrid24-033.jpg 1920w, https:\/\/easyfairsassets.com\/sites\/79\/2024\/11\/metalMadrid24-033-300x200.jpg 300w, https:\/\/easyfairsassets.com\/sites\/79\/2024\/11\/metalMadrid24-033-1024x683.jpg 1024w, https:\/\/easyfairsassets.com\/sites\/79\/2024\/11\/metalMadrid24-033-768x512.jpg 768w, https:\/\/easyfairsassets.com\/sites\/79\/2024\/11\/metalMadrid24-033-1536x1024.jpg 1536w\" sizes=\"(max-width: 1920px) 100vw, 1920px\" \/><\/div><\/a>\n\t\t\t\t<div class=\"elementor-post__text\">\n\t\t\t\t<h3 class=\"elementor-post__title\">\n\t\t\t<a href=\"https:\/\/www.advancedmanufacturingmadrid.com\/es\/2024\/11\/25\/advanced-manufacturing-madrid-cierra-con-exito-su-16a-edicion-con-mas-de-13-500-asistentes\/\" >\n\t\t\t\tAdvanced Manufacturing Madrid cierra con \u00e9xito su 16\u00aa edici\u00f3n, con m\u00e1s de 13.500 asistentes\t\t\t<\/a>\n\t\t<\/h3>\n\t\t\t\t<div class=\"elementor-post__excerpt\">\n\t\t\t<p>Con 625 empresas expositoras, la feria ha registrado durante las dos jornadas de duraci\u00f3n, 58.424 interacciones comerciales.\u00a0 El Tech Congress 4.0, la expansi\u00f3n del Composites<\/p>\n\t\t<\/div>\n\t\t\n\t\t<a class=\"elementor-post__read-more\" href=\"https:\/\/www.advancedmanufacturingmadrid.com\/es\/2024\/11\/25\/advanced-manufacturing-madrid-cierra-con-exito-su-16a-edicion-con-mas-de-13-500-asistentes\/\" aria-label=\"Read more about Advanced Manufacturing Madrid cierra con \u00e9xito su 16\u00aa edici\u00f3n, con m\u00e1s de 13.500 asistentes\" tabindex=\"-1\" >\n\t\t\t&gt;&gt; Nota de prensa\t\t<\/a>\n\n\t\t\t\t<\/div>\n\t\t\t\t\t<\/div>\n\t\t<\/article>\n\t\t\t\t<article class=\"elementor-post elementor-grid-item post-414073 post type-post status-publish format-standard has-post-thumbnail hentry category-notas-de-prensa tag-actividades tag-advanced-manufacturing tag-awards tag-congreso tag-eventos tag-metalmadrid-2 tag-premios tag-programa edition-advanced-manufacturing-madrid-2024\" role=\"listitem\">\n\t\t\t<div class=\"elementor-post__card\">\n\t\t\t\t<a class=\"elementor-post__thumbnail__link\" href=\"https:\/\/www.advancedmanufacturingmadrid.com\/es\/2024\/11\/25\/ganadores-de-la-iii-edicion-de-los-advanced-manufacturing-awards-reconociendo-la-excelencia-y-la-innovacion-en-la-industria\/\" tabindex=\"-1\" ><div class=\"elementor-post__thumbnail\"><img loading=\"lazy\" decoding=\"async\" width=\"1600\" height=\"1067\" src=\"https:\/\/easyfairsassets.com\/sites\/79\/2024\/11\/IMG-20241125-WA0001.jpg\" class=\"attachment-full size-full wp-image-414078\" alt=\"Ganadores Awards\" srcset=\"https:\/\/easyfairsassets.com\/sites\/79\/2024\/11\/IMG-20241125-WA0001.jpg 1600w, https:\/\/easyfairsassets.com\/sites\/79\/2024\/11\/IMG-20241125-WA0001-300x200.jpg 300w, https:\/\/easyfairsassets.com\/sites\/79\/2024\/11\/IMG-20241125-WA0001-1024x683.jpg 1024w, https:\/\/easyfairsassets.com\/sites\/79\/2024\/11\/IMG-20241125-WA0001-768x512.jpg 768w, https:\/\/easyfairsassets.com\/sites\/79\/2024\/11\/IMG-20241125-WA0001-1536x1024.jpg 1536w\" sizes=\"(max-width: 1600px) 100vw, 1600px\" \/><\/div><\/a>\n\t\t\t\t<div class=\"elementor-post__text\">\n\t\t\t\t<h3 class=\"elementor-post__title\">\n\t\t\t<a href=\"https:\/\/www.advancedmanufacturingmadrid.com\/es\/2024\/11\/25\/ganadores-de-la-iii-edicion-de-los-advanced-manufacturing-awards-reconociendo-la-excelencia-y-la-innovacion-en-la-industria\/\" >\n\t\t\t\tGanadores de la III edici\u00f3n de los Advanced Manufacturing Awards: reconociendo la excelencia y la innovaci\u00f3n en la industria\t\t\t<\/a>\n\t\t<\/h3>\n\t\t\t\t<div class=\"elementor-post__excerpt\">\n\t\t\t<p>Eurecat, Industrias Alegre, Aldakin, ABB, MESBook, Escuela de Hosteler\u00eda de Leioa y HRE Hidraulic han sido premiados en las siete categor\u00edas de esta edici\u00f3n. La<\/p>\n\t\t<\/div>\n\t\t\n\t\t<a class=\"elementor-post__read-more\" href=\"https:\/\/www.advancedmanufacturingmadrid.com\/es\/2024\/11\/25\/ganadores-de-la-iii-edicion-de-los-advanced-manufacturing-awards-reconociendo-la-excelencia-y-la-innovacion-en-la-industria\/\" aria-label=\"Read more about Ganadores de la III edici\u00f3n de los Advanced Manufacturing Awards: reconociendo la excelencia y la innovaci\u00f3n en la industria\" tabindex=\"-1\" >\n\t\t\t&gt;&gt; Nota de prensa\t\t<\/a>\n\n\t\t\t\t<\/div>\n\t\t\t\t\t<\/div>\n\t\t<\/article>\n\t\t\t\t<article class=\"elementor-post elementor-grid-item post-409438 post type-post status-publish format-standard has-post-thumbnail hentry category-notas-de-prensa tag-actividades tag-advanced-manufacturing tag-awards tag-congreso tag-eventos tag-metalmadrid-2 tag-programa tag-tours\" role=\"listitem\">\n\t\t\t<div class=\"elementor-post__card\">\n\t\t\t\t<a class=\"elementor-post__thumbnail__link\" href=\"https:\/\/www.advancedmanufacturingmadrid.com\/es\/2024\/11\/08\/advanced-manufacturing-madrid-pone-en-marcha-su-mayor-programa-sobre-tecnologia-e-innovacion-enfocado-a-la-industria\/\" tabindex=\"-1\" ><div class=\"elementor-post__thumbnail\"><img loading=\"lazy\" decoding=\"async\" width=\"1920\" height=\"1280\" src=\"https:\/\/easyfairsassets.com\/sites\/79\/2024\/11\/MM-23-15-nov-158.jpg\" class=\"attachment-full size-full wp-image-409439\" alt=\"Actividades\" srcset=\"https:\/\/easyfairsassets.com\/sites\/79\/2024\/11\/MM-23-15-nov-158.jpg 1920w, https:\/\/easyfairsassets.com\/sites\/79\/2024\/11\/MM-23-15-nov-158-300x200.jpg 300w, https:\/\/easyfairsassets.com\/sites\/79\/2024\/11\/MM-23-15-nov-158-1024x683.jpg 1024w, https:\/\/easyfairsassets.com\/sites\/79\/2024\/11\/MM-23-15-nov-158-768x512.jpg 768w, https:\/\/easyfairsassets.com\/sites\/79\/2024\/11\/MM-23-15-nov-158-1536x1024.jpg 1536w\" sizes=\"(max-width: 1920px) 100vw, 1920px\" \/><\/div><\/a>\n\t\t\t\t<div class=\"elementor-post__text\">\n\t\t\t\t<h3 class=\"elementor-post__title\">\n\t\t\t<a href=\"https:\/\/www.advancedmanufacturingmadrid.com\/es\/2024\/11\/08\/advanced-manufacturing-madrid-pone-en-marcha-su-mayor-programa-sobre-tecnologia-e-innovacion-enfocado-a-la-industria\/\" >\n\t\t\t\tAdvanced Manufacturing Madrid pone en marcha su mayor programa sobre tecnolog\u00eda e innovaci\u00f3n enfocado a la industria\t\t\t<\/a>\n\t\t<\/h3>\n\t\t\t\t<div class=\"elementor-post__excerpt\">\n\t\t\t<p>El evento de referencia en el sector manufacturero, organizado anualmente por Easyfairs, desvela su programaci\u00f3n de contenidos did\u00e1cticos e inspiradores, liderados por los expertos y<\/p>\n\t\t<\/div>\n\t\t\n\t\t<a class=\"elementor-post__read-more\" href=\"https:\/\/www.advancedmanufacturingmadrid.com\/es\/2024\/11\/08\/advanced-manufacturing-madrid-pone-en-marcha-su-mayor-programa-sobre-tecnologia-e-innovacion-enfocado-a-la-industria\/\" aria-label=\"Read more about Advanced Manufacturing Madrid pone en marcha su mayor programa sobre tecnolog\u00eda e innovaci\u00f3n enfocado a la industria\" tabindex=\"-1\" >\n\t\t\t&gt;&gt; Nota de prensa\t\t<\/a>\n\n\t\t\t\t<\/div>\n\t\t\t\t\t<\/div>\n\t\t<\/article>\n\t\t\t\t<article class=\"elementor-post elementor-grid-item post-404525 post type-post status-publish format-standard has-post-thumbnail hentry category-notas-de-prensa tag-advanced-manufacturing tag-composites tag-congreso tag-eventos tag-metalmadrid-2\" role=\"listitem\">\n\t\t\t<div class=\"elementor-post__card\">\n\t\t\t\t<a class=\"elementor-post__thumbnail__link\" href=\"https:\/\/www.advancedmanufacturingmadrid.com\/es\/2024\/10\/28\/advanced-manufacturing-madrid-aumenta-un-67-las-empresas-expositoras-del-sector-de-los-composites\/\" tabindex=\"-1\" ><div class=\"elementor-post__thumbnail\"><img loading=\"lazy\" decoding=\"async\" width=\"1920\" height=\"1280\" src=\"https:\/\/easyfairsassets.com\/sites\/79\/2024\/10\/MM-23-15-nov-083.jpg\" class=\"attachment-full size-full wp-image-409621\" alt=\"advanced manufacturing madrid composites\" srcset=\"https:\/\/easyfairsassets.com\/sites\/79\/2024\/10\/MM-23-15-nov-083.jpg 1920w, https:\/\/easyfairsassets.com\/sites\/79\/2024\/10\/MM-23-15-nov-083-300x200.jpg 300w, https:\/\/easyfairsassets.com\/sites\/79\/2024\/10\/MM-23-15-nov-083-1024x683.jpg 1024w, https:\/\/easyfairsassets.com\/sites\/79\/2024\/10\/MM-23-15-nov-083-768x512.jpg 768w, https:\/\/easyfairsassets.com\/sites\/79\/2024\/10\/MM-23-15-nov-083-1536x1024.jpg 1536w\" sizes=\"(max-width: 1920px) 100vw, 1920px\" \/><\/div><\/a>\n\t\t\t\t<div class=\"elementor-post__text\">\n\t\t\t\t<h3 class=\"elementor-post__title\">\n\t\t\t<a href=\"https:\/\/www.advancedmanufacturingmadrid.com\/es\/2024\/10\/28\/advanced-manufacturing-madrid-aumenta-un-67-las-empresas-expositoras-del-sector-de-los-composites\/\" >\n\t\t\t\tAdvanced Manufacturing Madrid aumenta un 67% las empresas expositoras del sector de los composites\t\t\t<\/a>\n\t\t<\/h3>\n\t\t\t\t<div class=\"elementor-post__excerpt\">\n\t\t\t<p>Los d\u00edas 20 y 21 de noviembre regresa la feria de referencia en la industria manufacturera a los pabellones 7 y 9 de IFEMA, para<\/p>\n\t\t<\/div>\n\t\t\n\t\t<a class=\"elementor-post__read-more\" href=\"https:\/\/www.advancedmanufacturingmadrid.com\/es\/2024\/10\/28\/advanced-manufacturing-madrid-aumenta-un-67-las-empresas-expositoras-del-sector-de-los-composites\/\" aria-label=\"Read more about Advanced Manufacturing Madrid aumenta un 67% las empresas expositoras del sector de los composites\" tabindex=\"-1\" >\n\t\t\t&gt;&gt; Nota de prensa\t\t<\/a>\n\n\t\t\t\t<\/div>\n\t\t\t\t\t<\/div>\n\t\t<\/article>\n\t\t\t\t<article class=\"elementor-post elementor-grid-item post-399497 post type-post status-publish format-standard has-post-thumbnail hentry category-notas-de-prensa tag-advanced-manufacturing tag-composites tag-congreso tag-eventos tag-metalmadrid-2\" role=\"listitem\">\n\t\t\t<div class=\"elementor-post__card\">\n\t\t\t\t<a class=\"elementor-post__thumbnail__link\" href=\"https:\/\/www.advancedmanufacturingmadrid.com\/es\/2024\/10\/17\/crisis-de-talento-mas-del-60-de-la-industria-no-encuentra-mano-de-obra-cualificada\/\" tabindex=\"-1\" ><div class=\"elementor-post__thumbnail\"><img loading=\"lazy\" decoding=\"async\" width=\"1920\" height=\"1280\" src=\"https:\/\/easyfairsassets.com\/sites\/79\/2024\/10\/MM-23-16-nov-071-1.jpg\" class=\"attachment-full size-full wp-image-399500\" alt=\"estudio\" srcset=\"https:\/\/easyfairsassets.com\/sites\/79\/2024\/10\/MM-23-16-nov-071-1.jpg 1920w, https:\/\/easyfairsassets.com\/sites\/79\/2024\/10\/MM-23-16-nov-071-1-300x200.jpg 300w, https:\/\/easyfairsassets.com\/sites\/79\/2024\/10\/MM-23-16-nov-071-1-1024x683.jpg 1024w, https:\/\/easyfairsassets.com\/sites\/79\/2024\/10\/MM-23-16-nov-071-1-768x512.jpg 768w, https:\/\/easyfairsassets.com\/sites\/79\/2024\/10\/MM-23-16-nov-071-1-1536x1024.jpg 1536w\" sizes=\"(max-width: 1920px) 100vw, 1920px\" \/><\/div><\/a>\n\t\t\t\t<div class=\"elementor-post__text\">\n\t\t\t\t<h3 class=\"elementor-post__title\">\n\t\t\t<a href=\"https:\/\/www.advancedmanufacturingmadrid.com\/es\/2024\/10\/17\/crisis-de-talento-mas-del-60-de-la-industria-no-encuentra-mano-de-obra-cualificada\/\" >\n\t\t\t\tCrisis de talento: m\u00e1s del 60% de la industria no encuentra mano de obra cualificada\t\t\t<\/a>\n\t\t<\/h3>\n\t\t\t\t<div class=\"elementor-post__excerpt\">\n\t\t\t<p>El \u00faltimo estudio realizado por Easyfairs, organizador de la feria l\u00edder del sector industrial Advanced Manufacturing, ha revelado que el mayor desaf\u00edo para el 60,2%<\/p>\n\t\t<\/div>\n\t\t\n\t\t<a class=\"elementor-post__read-more\" href=\"https:\/\/www.advancedmanufacturingmadrid.com\/es\/2024\/10\/17\/crisis-de-talento-mas-del-60-de-la-industria-no-encuentra-mano-de-obra-cualificada\/\" aria-label=\"Read more about Crisis de talento: m\u00e1s del 60% de la industria no encuentra mano de obra cualificada\" tabindex=\"-1\" >\n\t\t\t&gt;&gt; Nota de prensa\t\t<\/a>\n\n\t\t\t\t<\/div>\n\t\t\t\t\t<\/div>\n\t\t<\/article>\n\t\t\t\t<article class=\"elementor-post elementor-grid-item post-384160 post type-post status-publish format-standard has-post-thumbnail hentry category-notas-de-prensa tag-advanced-manufacturing tag-awards tag-composites tag-congreso tag-eventos tag-metalmadrid-2 tag-premios\" role=\"listitem\">\n\t\t\t<div class=\"elementor-post__card\">\n\t\t\t\t<a class=\"elementor-post__thumbnail__link\" href=\"https:\/\/www.advancedmanufacturingmadrid.com\/es\/2024\/09\/16\/la-3a-edicion-de-advanced-manufacturing-awards-desvela-a-sus-finalistas\/\" tabindex=\"-1\" ><div class=\"elementor-post__thumbnail\"><img loading=\"lazy\" decoding=\"async\" width=\"1920\" height=\"1280\" src=\"https:\/\/easyfairsassets.com\/sites\/79\/2024\/09\/MM-23-15-nov-295.jpg\" class=\"attachment-full size-full wp-image-384163\" alt=\"3\u00aa edici\u00f3n de Advanced Manufacturing Awards\" srcset=\"https:\/\/easyfairsassets.com\/sites\/79\/2024\/09\/MM-23-15-nov-295.jpg 1920w, https:\/\/easyfairsassets.com\/sites\/79\/2024\/09\/MM-23-15-nov-295-300x200.jpg 300w, https:\/\/easyfairsassets.com\/sites\/79\/2024\/09\/MM-23-15-nov-295-1024x683.jpg 1024w, https:\/\/easyfairsassets.com\/sites\/79\/2024\/09\/MM-23-15-nov-295-768x512.jpg 768w, https:\/\/easyfairsassets.com\/sites\/79\/2024\/09\/MM-23-15-nov-295-1536x1024.jpg 1536w\" sizes=\"(max-width: 1920px) 100vw, 1920px\" \/><\/div><\/a>\n\t\t\t\t<div class=\"elementor-post__text\">\n\t\t\t\t<h3 class=\"elementor-post__title\">\n\t\t\t<a href=\"https:\/\/www.advancedmanufacturingmadrid.com\/es\/2024\/09\/16\/la-3a-edicion-de-advanced-manufacturing-awards-desvela-a-sus-finalistas\/\" >\n\t\t\t\tLa 3\u00aa edici\u00f3n de Advanced Manufacturing Awards desvela a sus finalistas\t\t\t<\/a>\n\t\t<\/h3>\n\t\t\t\t<div class=\"elementor-post__excerpt\">\n\t\t\t<p>Los galardones organizados por la feria Advanced Manufacturing Madrid reconocen los proyectos m\u00e1s innovadores, eficientes y sostenibles del tejido industrial espa\u00f1ol. Este a\u00f1o han sido<\/p>\n\t\t<\/div>\n\t\t\n\t\t<a class=\"elementor-post__read-more\" href=\"https:\/\/www.advancedmanufacturingmadrid.com\/es\/2024\/09\/16\/la-3a-edicion-de-advanced-manufacturing-awards-desvela-a-sus-finalistas\/\" aria-label=\"Read more about La 3\u00aa edici\u00f3n de Advanced Manufacturing Awards desvela a sus finalistas\" tabindex=\"-1\" >\n\t\t\t&gt;&gt; Nota de prensa\t\t<\/a>\n\n\t\t\t\t<\/div>\n\t\t\t\t\t<\/div>\n\t\t<\/article>\n\t\t\t\t<article class=\"elementor-post elementor-grid-item post-382447 post type-post status-publish format-standard has-post-thumbnail hentry category-notas-de-prensa tag-advanced-manufacturing tag-composites tag-congreso tag-eventos tag-metalmadrid-2 tag-robomatica\" role=\"listitem\">\n\t\t\t<div class=\"elementor-post__card\">\n\t\t\t\t<a class=\"elementor-post__thumbnail__link\" href=\"https:\/\/www.advancedmanufacturingmadrid.com\/es\/2024\/09\/10\/tech-forum-4-0-el-nuevo-espacio-de-advanced-manufacturing-madrid-donde-convergen-tecnologia-e-industria\/\" tabindex=\"-1\" ><div class=\"elementor-post__thumbnail\"><img loading=\"lazy\" decoding=\"async\" width=\"1920\" height=\"1280\" src=\"https:\/\/easyfairsassets.com\/sites\/79\/2024\/09\/MM-23-15-nov-190.jpg\" class=\"attachment-full size-full wp-image-382449\" alt=\"Tech Forum\" srcset=\"https:\/\/easyfairsassets.com\/sites\/79\/2024\/09\/MM-23-15-nov-190.jpg 1920w, https:\/\/easyfairsassets.com\/sites\/79\/2024\/09\/MM-23-15-nov-190-300x200.jpg 300w, https:\/\/easyfairsassets.com\/sites\/79\/2024\/09\/MM-23-15-nov-190-1024x683.jpg 1024w, https:\/\/easyfairsassets.com\/sites\/79\/2024\/09\/MM-23-15-nov-190-768x512.jpg 768w, https:\/\/easyfairsassets.com\/sites\/79\/2024\/09\/MM-23-15-nov-190-1536x1024.jpg 1536w\" sizes=\"(max-width: 1920px) 100vw, 1920px\" \/><\/div><\/a>\n\t\t\t\t<div class=\"elementor-post__text\">\n\t\t\t\t<h3 class=\"elementor-post__title\">\n\t\t\t<a href=\"https:\/\/www.advancedmanufacturingmadrid.com\/es\/2024\/09\/10\/tech-forum-4-0-el-nuevo-espacio-de-advanced-manufacturing-madrid-donde-convergen-tecnologia-e-industria\/\" >\n\t\t\t\tTech Forum 4.0, el nuevo espacio de Advanced Manufacturing Madrid donde convergen tecnolog\u00eda e industria\t\t\t<\/a>\n\t\t<\/h3>\n\t\t\t\t<div class=\"elementor-post__excerpt\">\n\t\t\t<p>Esta primera edici\u00f3n del Tech Forum 4.0 incluir\u00e1 dos \u00e1reas principales, Zona Demo y Zona Aula, dedicadas a aspectos esenciales del futuro de la manufactura.<\/p>\n\t\t<\/div>\n\t\t\n\t\t<a class=\"elementor-post__read-more\" href=\"https:\/\/www.advancedmanufacturingmadrid.com\/es\/2024\/09\/10\/tech-forum-4-0-el-nuevo-espacio-de-advanced-manufacturing-madrid-donde-convergen-tecnologia-e-industria\/\" aria-label=\"Read more about Tech Forum 4.0, el nuevo espacio de Advanced Manufacturing Madrid donde convergen tecnolog\u00eda e industria\" tabindex=\"-1\" >\n\t\t\t&gt;&gt; Nota de prensa\t\t<\/a>\n\n\t\t\t\t<\/div>\n\t\t\t\t\t<\/div>\n\t\t<\/article>\n\t\t\t\t<article class=\"elementor-post elementor-grid-item post-373909 post type-post status-publish format-standard has-post-thumbnail hentry category-notas-de-prensa tag-advanced-manufacturing tag-composites tag-congreso tag-eventos tag-metalmadrid-2 tag-robomatica\" role=\"listitem\">\n\t\t\t<div class=\"elementor-post__card\">\n\t\t\t\t<a class=\"elementor-post__thumbnail__link\" href=\"https:\/\/www.advancedmanufacturingmadrid.com\/es\/2024\/07\/17\/advanced-manufacturing-madrid-desvela-todas-las-novedades-de-su-16a-edicion\/\" tabindex=\"-1\" ><div class=\"elementor-post__thumbnail\"><img loading=\"lazy\" decoding=\"async\" width=\"1920\" height=\"1280\" src=\"https:\/\/easyfairsassets.com\/sites\/79\/2024\/07\/Foto_Easyfairs_Apertura.jpg\" class=\"attachment-full size-full wp-image-373910\" alt=\"Advanced Manufacturing Madrid\" srcset=\"https:\/\/easyfairsassets.com\/sites\/79\/2024\/07\/Foto_Easyfairs_Apertura.jpg 1920w, https:\/\/easyfairsassets.com\/sites\/79\/2024\/07\/Foto_Easyfairs_Apertura-300x200.jpg 300w, https:\/\/easyfairsassets.com\/sites\/79\/2024\/07\/Foto_Easyfairs_Apertura-1024x683.jpg 1024w, https:\/\/easyfairsassets.com\/sites\/79\/2024\/07\/Foto_Easyfairs_Apertura-768x512.jpg 768w, https:\/\/easyfairsassets.com\/sites\/79\/2024\/07\/Foto_Easyfairs_Apertura-1536x1024.jpg 1536w\" sizes=\"(max-width: 1920px) 100vw, 1920px\" \/><\/div><\/a>\n\t\t\t\t<div class=\"elementor-post__text\">\n\t\t\t\t<h3 class=\"elementor-post__title\">\n\t\t\t<a href=\"https:\/\/www.advancedmanufacturingmadrid.com\/es\/2024\/07\/17\/advanced-manufacturing-madrid-desvela-todas-las-novedades-de-su-16a-edicion\/\" >\n\t\t\t\tAdvanced Manufacturing Madrid desvela todas las novedades de su 16\u00aa edici\u00f3n\t\t\t<\/a>\n\t\t<\/h3>\n\t\t\t\t<div class=\"elementor-post__excerpt\">\n\t\t\t<p>Entre los puntos fuertes y m\u00e1s novedosos de este a\u00f1o, la feria organizada por Easyfairs crea el Tech Forum, un espacio destinado a las \u00faltimas<\/p>\n\t\t<\/div>\n\t\t\n\t\t<a class=\"elementor-post__read-more\" href=\"https:\/\/www.advancedmanufacturingmadrid.com\/es\/2024\/07\/17\/advanced-manufacturing-madrid-desvela-todas-las-novedades-de-su-16a-edicion\/\" aria-label=\"Read more about Advanced Manufacturing Madrid desvela todas las novedades de su 16\u00aa edici\u00f3n\" tabindex=\"-1\" >\n\t\t\t&gt;&gt; Nota de prensa\t\t<\/a>\n\n\t\t\t\t<\/div>\n\t\t\t\t\t<\/div>\n\t\t<\/article>\n\t\t\t\t<article class=\"elementor-post elementor-grid-item post-372142 post type-post status-publish format-standard has-post-thumbnail hentry category-notas-de-prensa tag-afe tag-apce tag-bec tag-congreso tag-eventos\" role=\"listitem\">\n\t\t\t<div class=\"elementor-post__card\">\n\t\t\t\t<a class=\"elementor-post__thumbnail__link\" href=\"https:\/\/www.advancedmanufacturingmadrid.com\/es\/2024\/07\/05\/el-ii-congreso-afe-apce-comienza-hoy-en-el-bec-con-mas-de-200-participantes\/\" tabindex=\"-1\" ><div class=\"elementor-post__thumbnail\"><img loading=\"lazy\" decoding=\"async\" width=\"1600\" height=\"1200\" src=\"https:\/\/easyfairsassets.com\/sites\/79\/2024\/07\/1000003434.jpg\" class=\"attachment-full size-full wp-image-372374\" alt=\"congreso afe\" srcset=\"https:\/\/easyfairsassets.com\/sites\/79\/2024\/07\/1000003434.jpg 1600w, https:\/\/easyfairsassets.com\/sites\/79\/2024\/07\/1000003434-300x225.jpg 300w, https:\/\/easyfairsassets.com\/sites\/79\/2024\/07\/1000003434-1024x768.jpg 1024w, https:\/\/easyfairsassets.com\/sites\/79\/2024\/07\/1000003434-768x576.jpg 768w, https:\/\/easyfairsassets.com\/sites\/79\/2024\/07\/1000003434-1536x1152.jpg 1536w\" sizes=\"(max-width: 1600px) 100vw, 1600px\" \/><\/div><\/a>\n\t\t\t\t<div class=\"elementor-post__text\">\n\t\t\t\t<h3 class=\"elementor-post__title\">\n\t\t\t<a href=\"https:\/\/www.advancedmanufacturingmadrid.com\/es\/2024\/07\/05\/el-ii-congreso-afe-apce-comienza-hoy-en-el-bec-con-mas-de-200-participantes\/\" >\n\t\t\t\tEL II CONGRESO AFE-APCE COMIENZA HOY EN EL BEC CON M\u00c1S DE 200 PARTICIPANTES\t\t\t<\/a>\n\t\t<\/h3>\n\t\t\t\t<div class=\"elementor-post__excerpt\">\n\t\t\t<p>El segundo congreso conjunto de la Asociaci\u00f3n de Ferias Espa\u00f1olas (AFE) y de la Asociaci\u00f3n de Palacios de Congresos de Espa\u00f1a (APCE) se inaugura oficialmente<\/p>\n\t\t<\/div>\n\t\t\n\t\t<a class=\"elementor-post__read-more\" href=\"https:\/\/www.advancedmanufacturingmadrid.com\/es\/2024\/07\/05\/el-ii-congreso-afe-apce-comienza-hoy-en-el-bec-con-mas-de-200-participantes\/\" aria-label=\"Read more about EL II CONGRESO AFE-APCE COMIENZA HOY EN EL BEC CON M\u00c1S DE 200 PARTICIPANTES\" tabindex=\"-1\" >\n\t\t\t&gt;&gt; Nota de prensa\t\t<\/a>\n\n\t\t\t\t<\/div>\n\t\t\t\t\t<\/div>\n\t\t<\/article>\n\t\t\t\t<article class=\"elementor-post elementor-grid-item post-370847 post type-post status-publish format-standard has-post-thumbnail hentry category-notas-de-prensa tag-advanced-manufacturing-madrid tag-awards tag-innovacion-3 tag-premios\" role=\"listitem\">\n\t\t\t<div class=\"elementor-post__card\">\n\t\t\t\t<a class=\"elementor-post__thumbnail__link\" href=\"https:\/\/www.advancedmanufacturingmadrid.com\/es\/2024\/06\/28\/ultimo-llamamiento-para-participar-en-la-iii-edicion-de-los-advanced-manufacturing-awards\/\" tabindex=\"-1\" ><div class=\"elementor-post__thumbnail\"><img loading=\"lazy\" decoding=\"async\" width=\"696\" height=\"463\" src=\"https:\/\/easyfairsassets.com\/sites\/79\/2024\/06\/Advanced-Manufacturing-Awards-696x463-1.jpg\" class=\"attachment-full size-full wp-image-370848\" alt=\"am awards\" srcset=\"https:\/\/easyfairsassets.com\/sites\/79\/2024\/06\/Advanced-Manufacturing-Awards-696x463-1.jpg 696w, https:\/\/easyfairsassets.com\/sites\/79\/2024\/06\/Advanced-Manufacturing-Awards-696x463-1-300x200.jpg 300w\" sizes=\"(max-width: 696px) 100vw, 696px\" \/><\/div><\/a>\n\t\t\t\t<div class=\"elementor-post__text\">\n\t\t\t\t<h3 class=\"elementor-post__title\">\n\t\t\t<a href=\"https:\/\/www.advancedmanufacturingmadrid.com\/es\/2024\/06\/28\/ultimo-llamamiento-para-participar-en-la-iii-edicion-de-los-advanced-manufacturing-awards\/\" >\n\t\t\t\t\u00daltimo llamamiento para participar en la III edici\u00f3n de los Advanced Manufacturing Awards\t\t\t<\/a>\n\t\t<\/h3>\n\t\t\t\t<div class=\"elementor-post__excerpt\">\n\t\t\t<p>Los galardones, impulsados por Easyfairs, premian los proyectos m\u00e1s innovadores, eficientes y sostenibles de la industria, seleccionados por un jurado de expertos y la votaci\u00f3n<\/p>\n\t\t<\/div>\n\t\t\n\t\t<a class=\"elementor-post__read-more\" href=\"https:\/\/www.advancedmanufacturingmadrid.com\/es\/2024\/06\/28\/ultimo-llamamiento-para-participar-en-la-iii-edicion-de-los-advanced-manufacturing-awards\/\" aria-label=\"Read more about \u00daltimo llamamiento para participar en la III edici\u00f3n de los Advanced Manufacturing Awards\" tabindex=\"-1\" >\n\t\t\t&gt;&gt; Nota de prensa\t\t<\/a>\n\n\t\t\t\t<\/div>\n\t\t\t\t\t<\/div>\n\t\t<\/article>\n\t\t\t\t<article class=\"elementor-post elementor-grid-item post-367664 post type-post status-publish format-standard has-post-thumbnail hentry category-notas-de-prensa tag-advanced-manufacturing-madrid tag-registro-abierto\" role=\"listitem\">\n\t\t\t<div class=\"elementor-post__card\">\n\t\t\t\t<a class=\"elementor-post__thumbnail__link\" href=\"https:\/\/www.advancedmanufacturingmadrid.com\/es\/2024\/06\/19\/easyfairs-abre-el-registro-para-la-16o-edicion-de-advanced-manufacturing-madrid\/\" tabindex=\"-1\" ><div class=\"elementor-post__thumbnail\"><img loading=\"lazy\" decoding=\"async\" width=\"1920\" height=\"1280\" src=\"https:\/\/easyfairsassets.com\/sites\/79\/2024\/06\/MM-23-15-nov-038.jpg\" class=\"attachment-full size-full wp-image-367671\" alt=\"Registro AMM23\" srcset=\"https:\/\/easyfairsassets.com\/sites\/79\/2024\/06\/MM-23-15-nov-038.jpg 1920w, https:\/\/easyfairsassets.com\/sites\/79\/2024\/06\/MM-23-15-nov-038-300x200.jpg 300w, https:\/\/easyfairsassets.com\/sites\/79\/2024\/06\/MM-23-15-nov-038-1024x683.jpg 1024w, https:\/\/easyfairsassets.com\/sites\/79\/2024\/06\/MM-23-15-nov-038-768x512.jpg 768w, https:\/\/easyfairsassets.com\/sites\/79\/2024\/06\/MM-23-15-nov-038-1536x1024.jpg 1536w\" sizes=\"(max-width: 1920px) 100vw, 1920px\" \/><\/div><\/a>\n\t\t\t\t<div class=\"elementor-post__text\">\n\t\t\t\t<h3 class=\"elementor-post__title\">\n\t\t\t<a href=\"https:\/\/www.advancedmanufacturingmadrid.com\/es\/2024\/06\/19\/easyfairs-abre-el-registro-para-la-16o-edicion-de-advanced-manufacturing-madrid\/\" >\n\t\t\t\tEasyfairs abre el registro para la 16\u00ba edici\u00f3n de Advanced Manufacturing Madrid\t\t\t<\/a>\n\t\t<\/h3>\n\t\t\t\t<div class=\"elementor-post__excerpt\">\n\t\t\t<p>El evento referente en la industria regresa a la capital para mostrar las \u00faltimas novedades para la cadena de valor a trav\u00e9s de sus tres<\/p>\n\t\t<\/div>\n\t\t\n\t\t<a class=\"elementor-post__read-more\" href=\"https:\/\/www.advancedmanufacturingmadrid.com\/es\/2024\/06\/19\/easyfairs-abre-el-registro-para-la-16o-edicion-de-advanced-manufacturing-madrid\/\" aria-label=\"Read more about Easyfairs abre el registro para la 16\u00ba edici\u00f3n de Advanced Manufacturing Madrid\" tabindex=\"-1\" >\n\t\t\t&gt;&gt; Nota de prensa\t\t<\/a>\n\n\t\t\t\t<\/div>\n\t\t\t\t\t<\/div>\n\t\t<\/article>\n\t\t\t\t<article class=\"elementor-post elementor-grid-item post-366001 post type-post status-publish format-standard has-post-thumbnail hentry category-notas-de-prensa tag-advanced-manufacturing-madrid tag-industria-2 tag-informe tag-sostenibilidad\" role=\"listitem\">\n\t\t\t<div class=\"elementor-post__card\">\n\t\t\t\t<a class=\"elementor-post__thumbnail__link\" href=\"https:\/\/www.advancedmanufacturingmadrid.com\/es\/2024\/06\/12\/easyfairs-publica-su-primer-informe-sostenibilidad\/\" tabindex=\"-1\" ><div class=\"elementor-post__thumbnail\"><img loading=\"lazy\" decoding=\"async\" width=\"1435\" height=\"808\" src=\"https:\/\/easyfairsassets.com\/sites\/79\/2024\/06\/Portada_Sustaibility-report-223-1.png\" class=\"attachment-full size-full wp-image-366052\" alt=\"portada sustainability report 2023\" srcset=\"https:\/\/easyfairsassets.com\/sites\/79\/2024\/06\/Portada_Sustaibility-report-223-1.png 1435w, https:\/\/easyfairsassets.com\/sites\/79\/2024\/06\/Portada_Sustaibility-report-223-1-300x169.png 300w, https:\/\/easyfairsassets.com\/sites\/79\/2024\/06\/Portada_Sustaibility-report-223-1-1024x577.png 1024w, https:\/\/easyfairsassets.com\/sites\/79\/2024\/06\/Portada_Sustaibility-report-223-1-768x432.png 768w\" sizes=\"(max-width: 1435px) 100vw, 1435px\" \/><\/div><\/a>\n\t\t\t\t<div class=\"elementor-post__text\">\n\t\t\t\t<h3 class=\"elementor-post__title\">\n\t\t\t<a href=\"https:\/\/www.advancedmanufacturingmadrid.com\/es\/2024\/06\/12\/easyfairs-publica-su-primer-informe-sostenibilidad\/\" >\n\t\t\t\tEasyfairs publica su primer informe de sostenibilidad\t\t\t<\/a>\n\t\t<\/h3>\n\t\t\t\t<div class=\"elementor-post__excerpt\">\n\t\t\t<p>El informe destaca los avances en las mejores pr\u00e1cticas sostenibles de la compa\u00f1\u00eda y establece sus pr\u00f3ximos objetivos Bruselas, 6 de junio de 2024 \u2013<\/p>\n\t\t<\/div>\n\t\t\n\t\t<a class=\"elementor-post__read-more\" href=\"https:\/\/www.advancedmanufacturingmadrid.com\/es\/2024\/06\/12\/easyfairs-publica-su-primer-informe-sostenibilidad\/\" aria-label=\"Read more about Easyfairs publica su primer informe de sostenibilidad\" tabindex=\"-1\" >\n\t\t\t&gt;&gt; Nota de prensa\t\t<\/a>\n\n\t\t\t\t<\/div>\n\t\t\t\t\t<\/div>\n\t\t<\/article>\n\t\t\t\t<article class=\"elementor-post elementor-grid-item post-364202 post type-post status-publish format-standard has-post-thumbnail hentry category-notas-de-prensa tag-advanced-manufacturing-madrid tag-dia-internacional tag-ferias tag-global-exhibition-day tag-industria-2 tag-sostenibilidad\" role=\"listitem\">\n\t\t\t<div class=\"elementor-post__card\">\n\t\t\t\t<a class=\"elementor-post__thumbnail__link\" href=\"https:\/\/www.advancedmanufacturingmadrid.com\/es\/2024\/06\/03\/easyfairs-reivindica-el-papel-de-las-ferias-como-motores-de-la-sostenibilidad-en-la-industria\/\" tabindex=\"-1\" ><div class=\"elementor-post__thumbnail\"><img loading=\"lazy\" decoding=\"async\" width=\"400\" height=\"400\" src=\"https:\/\/easyfairsassets.com\/sites\/79\/2024\/06\/global-exhibition-day-news.png\" class=\"attachment-full size-full wp-image-364239\" alt=\"global exhibition day\" srcset=\"https:\/\/easyfairsassets.com\/sites\/79\/2024\/06\/global-exhibition-day-news.png 400w, https:\/\/easyfairsassets.com\/sites\/79\/2024\/06\/global-exhibition-day-news-300x300.png 300w, https:\/\/easyfairsassets.com\/sites\/79\/2024\/06\/global-exhibition-day-news-150x150.png 150w\" sizes=\"(max-width: 400px) 100vw, 400px\" \/><\/div><\/a>\n\t\t\t\t<div class=\"elementor-post__text\">\n\t\t\t\t<h3 class=\"elementor-post__title\">\n\t\t\t<a href=\"https:\/\/www.advancedmanufacturingmadrid.com\/es\/2024\/06\/03\/easyfairs-reivindica-el-papel-de-las-ferias-como-motores-de-la-sostenibilidad-en-la-industria\/\" >\n\t\t\t\tEasyfairs reivindica el papel de las ferias como motores de la sostenibilidad en la industria\t\t\t<\/a>\n\t\t<\/h3>\n\t\t\t\t<div class=\"elementor-post__excerpt\">\n\t\t\t<p>Este a\u00f1o se celebra la 9\u00ba edici\u00f3n del Global Exhibitions Day bajo el lema \u00abLas ferias son catalizadoras de un futuro sostenible\u00bb, constituyendo espacios donde<\/p>\n\t\t<\/div>\n\t\t\n\t\t<a class=\"elementor-post__read-more\" href=\"https:\/\/www.advancedmanufacturingmadrid.com\/es\/2024\/06\/03\/easyfairs-reivindica-el-papel-de-las-ferias-como-motores-de-la-sostenibilidad-en-la-industria\/\" aria-label=\"Read more about Easyfairs reivindica el papel de las ferias como motores de la sostenibilidad en la industria\" tabindex=\"-1\" >\n\t\t\t&gt;&gt; Nota de prensa\t\t<\/a>\n\n\t\t\t\t<\/div>\n\t\t\t\t\t<\/div>\n\t\t<\/article>\n\t\t\t\t<article class=\"elementor-post elementor-grid-item post-358963 post type-post status-publish format-standard has-post-thumbnail hentry category-notas-de-prensa tag-advanced-manufacturing-madrid tag-asesor tag-comite tag-composites tag-expertos tag-industria-2 tag-sostenibilidad\" role=\"listitem\">\n\t\t\t<div class=\"elementor-post__card\">\n\t\t\t\t<a class=\"elementor-post__thumbnail__link\" href=\"https:\/\/www.advancedmanufacturingmadrid.com\/es\/2024\/05\/20\/advanced-manufacturing-crea-un-comite-de-expertos-de-composites-madrid-para-fomentar-la-colaboracion-la-innovacion-y-las-respuestas-a-los-retos-actuales-del-sector\/\" tabindex=\"-1\" ><div class=\"elementor-post__thumbnail\"><img loading=\"lazy\" decoding=\"async\" width=\"1920\" height=\"1440\" src=\"https:\/\/easyfairsassets.com\/sites\/79\/2024\/05\/IMG-20240426-WA0003-copia.jpg\" class=\"attachment-full size-full wp-image-358966\" alt=\"advisory board composites madrid\" srcset=\"https:\/\/easyfairsassets.com\/sites\/79\/2024\/05\/IMG-20240426-WA0003-copia.jpg 1920w, https:\/\/easyfairsassets.com\/sites\/79\/2024\/05\/IMG-20240426-WA0003-copia-300x225.jpg 300w, https:\/\/easyfairsassets.com\/sites\/79\/2024\/05\/IMG-20240426-WA0003-copia-1024x768.jpg 1024w, https:\/\/easyfairsassets.com\/sites\/79\/2024\/05\/IMG-20240426-WA0003-copia-768x576.jpg 768w, https:\/\/easyfairsassets.com\/sites\/79\/2024\/05\/IMG-20240426-WA0003-copia-1536x1152.jpg 1536w\" sizes=\"(max-width: 1920px) 100vw, 1920px\" \/><\/div><\/a>\n\t\t\t\t<div class=\"elementor-post__text\">\n\t\t\t\t<h3 class=\"elementor-post__title\">\n\t\t\t<a href=\"https:\/\/www.advancedmanufacturingmadrid.com\/es\/2024\/05\/20\/advanced-manufacturing-crea-un-comite-de-expertos-de-composites-madrid-para-fomentar-la-colaboracion-la-innovacion-y-las-respuestas-a-los-retos-actuales-del-sector\/\" >\n\t\t\t\tAdvanced Manufacturing crea un comit\u00e9 de expertos de Composites Madrid para fomentar la colaboraci\u00f3n, la innovaci\u00f3n y las respuestas a los retos actuales del sector\t\t\t<\/a>\n\t\t<\/h3>\n\t\t\t\t<div class=\"elementor-post__excerpt\">\n\t\t\t<p>Fila superior: Jorge Fern\u00e1ndez, M\u00aa Eugenia Rodr\u00edguez Sierra, Carlos Gonz\u00e1lez, Sergi R. Perea, Rafael Izquierdo y Oscar Barranco. Fila inferior: Juan Vidal, Tamara Blanco, Juan<\/p>\n\t\t<\/div>\n\t\t\n\t\t<a class=\"elementor-post__read-more\" href=\"https:\/\/www.advancedmanufacturingmadrid.com\/es\/2024\/05\/20\/advanced-manufacturing-crea-un-comite-de-expertos-de-composites-madrid-para-fomentar-la-colaboracion-la-innovacion-y-las-respuestas-a-los-retos-actuales-del-sector\/\" aria-label=\"Read more about Advanced Manufacturing crea un comit\u00e9 de expertos de Composites Madrid para fomentar la colaboraci\u00f3n, la innovaci\u00f3n y las respuestas a los retos actuales del sector\" tabindex=\"-1\" >\n\t\t\t&gt;&gt; Nota de prensa\t\t<\/a>\n\n\t\t\t\t<\/div>\n\t\t\t\t\t<\/div>\n\t\t<\/article>\n\t\t\t\t<article class=\"elementor-post elementor-grid-item post-341970 post type-post status-publish format-standard has-post-thumbnail hentry category-notas-de-prensa tag-composites tag-industria-2 tag-innovacion tag-metal tag-metalmadrid-2 tag-profesionales tag-robomatica tag-sostenibilidad\" role=\"listitem\">\n\t\t\t<div class=\"elementor-post__card\">\n\t\t\t\t<a class=\"elementor-post__thumbnail__link\" href=\"https:\/\/www.advancedmanufacturingmadrid.com\/es\/2023\/11\/24\/ganadores-de-la-ii-edicion-de-los-advanced-manufacturing-awards\/\" tabindex=\"-1\" ><div class=\"elementor-post__thumbnail\"><img loading=\"lazy\" decoding=\"async\" width=\"994\" height=\"696\" src=\"https:\/\/easyfairsassets.com\/sites\/79\/2023\/11\/metalMadrid-premios001.jpg\" class=\"attachment-full size-full wp-image-341973\" alt=\"metalMadrid-premios001\" srcset=\"https:\/\/easyfairsassets.com\/sites\/79\/2023\/11\/metalMadrid-premios001.jpg 994w, https:\/\/easyfairsassets.com\/sites\/79\/2023\/11\/metalMadrid-premios001-300x210.jpg 300w, https:\/\/easyfairsassets.com\/sites\/79\/2023\/11\/metalMadrid-premios001-768x538.jpg 768w\" sizes=\"(max-width: 994px) 100vw, 994px\" \/><\/div><\/a>\n\t\t\t\t<div class=\"elementor-post__text\">\n\t\t\t\t<h3 class=\"elementor-post__title\">\n\t\t\t<a href=\"https:\/\/www.advancedmanufacturingmadrid.com\/es\/2023\/11\/24\/ganadores-de-la-ii-edicion-de-los-advanced-manufacturing-awards\/\" >\n\t\t\t\tGanadores de la II edici\u00f3n de los Advanced Manufacturing Awards\t\t\t<\/a>\n\t\t<\/h3>\n\t\t\t\t<div class=\"elementor-post__excerpt\">\n\t\t\t<p>IVECO, Beckhoff, Eurecat, Antol\u00edn, Eurocontrol, Meltio (Sicnova) y Markforged han sido las empresas galardonadas en las siete categor\u00edas. \u00a0 La ceremonia de entrega se ha<\/p>\n\t\t<\/div>\n\t\t\n\t\t<a class=\"elementor-post__read-more\" href=\"https:\/\/www.advancedmanufacturingmadrid.com\/es\/2023\/11\/24\/ganadores-de-la-ii-edicion-de-los-advanced-manufacturing-awards\/\" aria-label=\"Read more about Ganadores de la II edici\u00f3n de los Advanced Manufacturing Awards\" tabindex=\"-1\" >\n\t\t\t&gt;&gt; Nota de prensa\t\t<\/a>\n\n\t\t\t\t<\/div>\n\t\t\t\t\t<\/div>\n\t\t<\/article>\n\t\t\t\t<article class=\"elementor-post elementor-grid-item post-341900 post type-post status-publish format-standard has-post-thumbnail hentry category-notas-de-prensa tag-composites tag-industria-2 tag-innovacion tag-metal tag-metalmadrid-2 tag-profesionales tag-robomatica tag-sostenibilidad\" role=\"listitem\">\n\t\t\t<div class=\"elementor-post__card\">\n\t\t\t\t<a class=\"elementor-post__thumbnail__link\" href=\"https:\/\/www.advancedmanufacturingmadrid.com\/es\/2023\/11\/20\/advanced-manufacturing-madrid-cierra-su-mayor-edicion-hasta-la-fecha-record-de-asistencia-con-mas-de-13-400-visitantes-unicos\/\" tabindex=\"-1\" ><div class=\"elementor-post__thumbnail\"><img loading=\"lazy\" decoding=\"async\" width=\"1920\" height=\"1280\" src=\"https:\/\/easyfairsassets.com\/sites\/79\/2023\/11\/metal-madrid-23-baja-111.jpg\" class=\"attachment-full size-full wp-image-341902\" alt=\"metal-madrid-23-baja-111\" srcset=\"https:\/\/easyfairsassets.com\/sites\/79\/2023\/11\/metal-madrid-23-baja-111.jpg 1920w, https:\/\/easyfairsassets.com\/sites\/79\/2023\/11\/metal-madrid-23-baja-111-300x200.jpg 300w, https:\/\/easyfairsassets.com\/sites\/79\/2023\/11\/metal-madrid-23-baja-111-1024x683.jpg 1024w, https:\/\/easyfairsassets.com\/sites\/79\/2023\/11\/metal-madrid-23-baja-111-768x512.jpg 768w, https:\/\/easyfairsassets.com\/sites\/79\/2023\/11\/metal-madrid-23-baja-111-1536x1024.jpg 1536w\" sizes=\"(max-width: 1920px) 100vw, 1920px\" \/><\/div><\/a>\n\t\t\t\t<div class=\"elementor-post__text\">\n\t\t\t\t<h3 class=\"elementor-post__title\">\n\t\t\t<a href=\"https:\/\/www.advancedmanufacturingmadrid.com\/es\/2023\/11\/20\/advanced-manufacturing-madrid-cierra-su-mayor-edicion-hasta-la-fecha-record-de-asistencia-con-mas-de-13-400-visitantes-unicos\/\" >\n\t\t\t\tAdvanced Manufacturing Madrid cierra su mayor edici\u00f3n hasta la fecha. R\u00e9cord de asistencia con m\u00e1s de 13.400 visitantes \u00fanicos\t\t\t<\/a>\n\t\t<\/h3>\n\t\t\t\t<div class=\"elementor-post__excerpt\">\n\t\t\t<p>Cifras de r\u00e9cord para el cierre de la 15\u00aa edici\u00f3n de AM Madrid, que ha contado con m\u00e1s de 600 empresas expositoras, m\u00e1s de 13.400<\/p>\n\t\t<\/div>\n\t\t\n\t\t<a class=\"elementor-post__read-more\" href=\"https:\/\/www.advancedmanufacturingmadrid.com\/es\/2023\/11\/20\/advanced-manufacturing-madrid-cierra-su-mayor-edicion-hasta-la-fecha-record-de-asistencia-con-mas-de-13-400-visitantes-unicos\/\" aria-label=\"Read more about Advanced Manufacturing Madrid cierra su mayor edici\u00f3n hasta la fecha. R\u00e9cord de asistencia con m\u00e1s de 13.400 visitantes \u00fanicos\" tabindex=\"-1\" >\n\t\t\t&gt;&gt; Nota de prensa\t\t<\/a>\n\n\t\t\t\t<\/div>\n\t\t\t\t\t<\/div>\n\t\t<\/article>\n\t\t\t\t<article class=\"elementor-post elementor-grid-item post-322811 post type-post status-publish format-standard has-post-thumbnail hentry category-notas-de-prensa tag-composites tag-congreso tag-industria-2 tag-industrial tag-madrid tag-metal tag-profesionales tag-robomatica tag-talleres\" role=\"listitem\">\n\t\t\t<div class=\"elementor-post__card\">\n\t\t\t\t<a class=\"elementor-post__thumbnail__link\" href=\"https:\/\/www.advancedmanufacturingmadrid.com\/es\/2023\/10\/25\/advanced-manufacturing-madrid-presenta-el-programa-del-tech-congress-4-0\/\" tabindex=\"-1\" ><div class=\"elementor-post__thumbnail\"><img loading=\"lazy\" decoding=\"async\" width=\"1920\" height=\"1280\" src=\"https:\/\/easyfairsassets.com\/sites\/79\/2023\/10\/CMR-2022-TECNALIA-258.jpg\" class=\"attachment-full size-full wp-image-322812\" alt=\"CMR-2022\" srcset=\"https:\/\/easyfairsassets.com\/sites\/79\/2023\/10\/CMR-2022-TECNALIA-258.jpg 1920w, https:\/\/easyfairsassets.com\/sites\/79\/2023\/10\/CMR-2022-TECNALIA-258-300x200.jpg 300w, https:\/\/easyfairsassets.com\/sites\/79\/2023\/10\/CMR-2022-TECNALIA-258-1024x683.jpg 1024w, https:\/\/easyfairsassets.com\/sites\/79\/2023\/10\/CMR-2022-TECNALIA-258-768x512.jpg 768w, https:\/\/easyfairsassets.com\/sites\/79\/2023\/10\/CMR-2022-TECNALIA-258-1536x1024.jpg 1536w\" sizes=\"(max-width: 1920px) 100vw, 1920px\" \/><\/div><\/a>\n\t\t\t\t<div class=\"elementor-post__text\">\n\t\t\t\t<h3 class=\"elementor-post__title\">\n\t\t\t<a href=\"https:\/\/www.advancedmanufacturingmadrid.com\/es\/2023\/10\/25\/advanced-manufacturing-madrid-presenta-el-programa-del-tech-congress-4-0\/\" >\n\t\t\t\tAdvanced Manufacturing Madrid presenta el programa del TECH CONGRESS 4.0\t\t\t<\/a>\n\t\t<\/h3>\n\t\t\t\t<div class=\"elementor-post__excerpt\">\n\t\t\t<p>MetalMadrid, Composites y Robom\u00e1tica Madrid, los tres eventos que integra la feria l\u00edder en desarrollo e innovaci\u00f3n industrial, ofrecer\u00e1n 50 horas de contenido que abordar\u00e1n<\/p>\n\t\t<\/div>\n\t\t\n\t\t<a class=\"elementor-post__read-more\" href=\"https:\/\/www.advancedmanufacturingmadrid.com\/es\/2023\/10\/25\/advanced-manufacturing-madrid-presenta-el-programa-del-tech-congress-4-0\/\" aria-label=\"Read more about Advanced Manufacturing Madrid presenta el programa del TECH CONGRESS 4.0\" tabindex=\"-1\" >\n\t\t\t&gt;&gt; Nota de prensa\t\t<\/a>\n\n\t\t\t\t<\/div>\n\t\t\t\t\t<\/div>\n\t\t<\/article>\n\t\t\t\t<article class=\"elementor-post elementor-grid-item post-287531 post type-post status-publish format-standard has-post-thumbnail hentry category-notas-de-prensa tag-composites tag-congreso tag-industria-2 tag-industrial tag-madrid tag-metal tag-profesionales tag-robomatica tag-talleres\" role=\"listitem\">\n\t\t\t<div class=\"elementor-post__card\">\n\t\t\t\t<a class=\"elementor-post__thumbnail__link\" href=\"https:\/\/www.advancedmanufacturingmadrid.com\/es\/2023\/10\/09\/siete-razones-por-las-que-visitar-la-15a-edicion-de-advanced-manufacturing-madrid\/\" tabindex=\"-1\" ><div class=\"elementor-post__thumbnail\"><img loading=\"lazy\" decoding=\"async\" width=\"1920\" height=\"1280\" src=\"https:\/\/easyfairsassets.com\/sites\/79\/2023\/10\/CMR-2022-AM-284.jpg\" class=\"attachment-full size-full wp-image-287536\" alt=\"CMR-2022-AM-284\" srcset=\"https:\/\/easyfairsassets.com\/sites\/79\/2023\/10\/CMR-2022-AM-284.jpg 1920w, https:\/\/easyfairsassets.com\/sites\/79\/2023\/10\/CMR-2022-AM-284-300x200.jpg 300w, https:\/\/easyfairsassets.com\/sites\/79\/2023\/10\/CMR-2022-AM-284-1024x683.jpg 1024w, https:\/\/easyfairsassets.com\/sites\/79\/2023\/10\/CMR-2022-AM-284-768x512.jpg 768w, https:\/\/easyfairsassets.com\/sites\/79\/2023\/10\/CMR-2022-AM-284-1536x1024.jpg 1536w\" sizes=\"(max-width: 1920px) 100vw, 1920px\" \/><\/div><\/a>\n\t\t\t\t<div class=\"elementor-post__text\">\n\t\t\t\t<h3 class=\"elementor-post__title\">\n\t\t\t<a href=\"https:\/\/www.advancedmanufacturingmadrid.com\/es\/2023\/10\/09\/siete-razones-por-las-que-visitar-la-15a-edicion-de-advanced-manufacturing-madrid\/\" >\n\t\t\t\tSiete razones por las que visitar la 15\u00aa edici\u00f3n de Advanced Manufacturing Madrid\t\t\t<\/a>\n\t\t<\/h3>\n\t\t\t\t<div class=\"elementor-post__excerpt\">\n\t\t\t<p>La feria l\u00edder en innovaci\u00f3n industrial vuelve a IFEMA los pr\u00f3ximos 15 y 16 de noviembre. MetalMadrid, Composites y Robom\u00e1tica Madrid, los tres eventos que<\/p>\n\t\t<\/div>\n\t\t\n\t\t<a class=\"elementor-post__read-more\" href=\"https:\/\/www.advancedmanufacturingmadrid.com\/es\/2023\/10\/09\/siete-razones-por-las-que-visitar-la-15a-edicion-de-advanced-manufacturing-madrid\/\" aria-label=\"Read more about Siete razones por las que visitar la 15\u00aa edici\u00f3n de Advanced Manufacturing Madrid\" tabindex=\"-1\" >\n\t\t\t&gt;&gt; Nota de prensa\t\t<\/a>\n\n\t\t\t\t<\/div>\n\t\t\t\t\t<\/div>\n\t\t<\/article>\n\t\t\t\t<article class=\"elementor-post elementor-grid-item post-253486 post type-post status-publish format-standard has-post-thumbnail hentry category-notas-de-prensa tag-advancedmanufacturingbarcelona tag-congreso tag-industrial tag-madrid tag-metal tag-profesionales tag-registro tag-robomatica\" role=\"listitem\">\n\t\t\t<div class=\"elementor-post__card\">\n\t\t\t\t<a class=\"elementor-post__thumbnail__link\" href=\"https:\/\/www.advancedmanufacturingmadrid.com\/es\/2023\/06\/14\/advanced-manufacturing-madrid-abre-el-registro-para-su-edicion-2023\/\" tabindex=\"-1\" ><div class=\"elementor-post__thumbnail\"><img loading=\"lazy\" decoding=\"async\" width=\"400\" height=\"400\" src=\"https:\/\/easyfairsassets.com\/sites\/79\/2023\/06\/NP-Registro-Madrid-Imagen-Destacada.png\" class=\"attachment-full size-full wp-image-253488\" alt=\"Mesa de registro en Advanced Manufacturing Madrid\" srcset=\"https:\/\/easyfairsassets.com\/sites\/79\/2023\/06\/NP-Registro-Madrid-Imagen-Destacada.png 400w, https:\/\/easyfairsassets.com\/sites\/79\/2023\/06\/NP-Registro-Madrid-Imagen-Destacada-300x300.png 300w, https:\/\/easyfairsassets.com\/sites\/79\/2023\/06\/NP-Registro-Madrid-Imagen-Destacada-150x150.png 150w\" sizes=\"(max-width: 400px) 100vw, 400px\" \/><\/div><\/a>\n\t\t\t\t<div class=\"elementor-post__text\">\n\t\t\t\t<h3 class=\"elementor-post__title\">\n\t\t\t<a href=\"https:\/\/www.advancedmanufacturingmadrid.com\/es\/2023\/06\/14\/advanced-manufacturing-madrid-abre-el-registro-para-su-edicion-2023\/\" >\n\t\t\t\tAdvanced Manufacturing Madrid abre el registro para su edici\u00f3n 2023\t\t\t<\/a>\n\t\t<\/h3>\n\t\t\t\t<div class=\"elementor-post__excerpt\">\n\t\t\t<p>La decimoquinta edici\u00f3n de la feria, organizada por Easyfairs, se llevar\u00e1 a cabo los d\u00edas 15 y 16 de noviembre en los pabellones 8 y<\/p>\n\t\t<\/div>\n\t\t\n\t\t<a class=\"elementor-post__read-more\" href=\"https:\/\/www.advancedmanufacturingmadrid.com\/es\/2023\/06\/14\/advanced-manufacturing-madrid-abre-el-registro-para-su-edicion-2023\/\" aria-label=\"Read more about Advanced Manufacturing Madrid abre el registro para su edici\u00f3n 2023\" tabindex=\"-1\" >\n\t\t\t&gt;&gt; Nota de prensa\t\t<\/a>\n\n\t\t\t\t<\/div>\n\t\t\t\t\t<\/div>\n\t\t<\/article>\n\t\t\t\t<article class=\"elementor-post elementor-grid-item post-238973 post type-post status-publish format-standard has-post-thumbnail hentry category-notas-de-prensa tag-advancedmanufacturingbarcelona tag-barcelona tag-industrial tag-innovacion-3 tag-inteligencia-artificial tag-metal tag-profesionales tag-robomatica\" role=\"listitem\">\n\t\t\t<div class=\"elementor-post__card\">\n\t\t\t\t<a class=\"elementor-post__thumbnail__link\" href=\"https:\/\/www.advancedmanufacturingmadrid.com\/es\/2023\/03\/23\/innovacion-industrial-y-automatizacion-las-7-tendencias-clave-de-la-industria-de-fabricacion-y-procesamiento-de-metales\/\" tabindex=\"-1\" ><div class=\"elementor-post__thumbnail\"><img loading=\"lazy\" decoding=\"async\" width=\"400\" height=\"400\" src=\"https:\/\/easyfairsassets.com\/sites\/79\/2023\/03\/CMR-2022-generales-017-NP.jpg\" class=\"attachment-full size-full wp-image-238975\" alt=\"Dos visitantes delante de un brazo mecanizado\" srcset=\"https:\/\/easyfairsassets.com\/sites\/79\/2023\/03\/CMR-2022-generales-017-NP.jpg 400w, https:\/\/easyfairsassets.com\/sites\/79\/2023\/03\/CMR-2022-generales-017-NP-300x300.jpg 300w, https:\/\/easyfairsassets.com\/sites\/79\/2023\/03\/CMR-2022-generales-017-NP-150x150.jpg 150w\" sizes=\"(max-width: 400px) 100vw, 400px\" \/><\/div><\/a>\n\t\t\t\t<div class=\"elementor-post__text\">\n\t\t\t\t<h3 class=\"elementor-post__title\">\n\t\t\t<a href=\"https:\/\/www.advancedmanufacturingmadrid.com\/es\/2023\/03\/23\/innovacion-industrial-y-automatizacion-las-7-tendencias-clave-de-la-industria-de-fabricacion-y-procesamiento-de-metales\/\" >\n\t\t\t\tInnovaci\u00f3n industrial y automatizaci\u00f3n: las 7 tendencias clave de la industria de fabricaci\u00f3n y procesamiento de metales\t\t\t<\/a>\n\t\t<\/h3>\n\t\t\t\t<div class=\"elementor-post__excerpt\">\n\t\t\t<p>La primera edici\u00f3n de Advanced Manufacturing Barcelona, y sus salones MetalBarcelona y Robom\u00e1tica Barcelona, acoger\u00e1 los \u00faltimos adelantos y novedades para la industria. \u00a0 Organizada<\/p>\n\t\t<\/div>\n\t\t\n\t\t<a class=\"elementor-post__read-more\" href=\"https:\/\/www.advancedmanufacturingmadrid.com\/es\/2023\/03\/23\/innovacion-industrial-y-automatizacion-las-7-tendencias-clave-de-la-industria-de-fabricacion-y-procesamiento-de-metales\/\" aria-label=\"Read more about Innovaci\u00f3n industrial y automatizaci\u00f3n: las 7 tendencias clave de la industria de fabricaci\u00f3n y procesamiento de metales\" tabindex=\"-1\" >\n\t\t\t&gt;&gt; Nota de prensa\t\t<\/a>\n\n\t\t\t\t<\/div>\n\t\t\t\t\t<\/div>\n\t\t<\/article>\n\t\t\t\t<article class=\"elementor-post elementor-grid-item post-238145 post type-post status-publish format-standard has-post-thumbnail hentry category-notas-de-prensa tag-advancedmanufacturingbarcelona tag-barcelona tag-congreso tag-industrial tag-metal tag-profesionales tag-robomatica\" role=\"listitem\">\n\t\t\t<div class=\"elementor-post__card\">\n\t\t\t\t<a class=\"elementor-post__thumbnail__link\" href=\"https:\/\/www.advancedmanufacturingmadrid.com\/es\/2023\/03\/09\/easyfairs-confia-en-evercom-para-la-comunicacion-externa-de-sus-ferias-metalmadrid-composites-y-robomatica-madrid-y-metalbarcelona-y-robomatica-barcelona-part-of-advanced-manufacturing\/\" tabindex=\"-1\" ><div class=\"elementor-post__thumbnail\"><img loading=\"lazy\" decoding=\"async\" width=\"1075\" height=\"950\" src=\"https:\/\/easyfairsassets.com\/sites\/79\/2023\/03\/DSC07536-5-e1678348268452.png\" class=\"attachment-full size-full wp-image-238157\" alt=\"EVERCOM\" srcset=\"https:\/\/easyfairsassets.com\/sites\/79\/2023\/03\/DSC07536-5-e1678348268452.png 1075w, https:\/\/easyfairsassets.com\/sites\/79\/2023\/03\/DSC07536-5-e1678348268452-300x265.png 300w, https:\/\/easyfairsassets.com\/sites\/79\/2023\/03\/DSC07536-5-e1678348268452-1024x905.png 1024w, https:\/\/easyfairsassets.com\/sites\/79\/2023\/03\/DSC07536-5-e1678348268452-768x679.png 768w\" sizes=\"(max-width: 1075px) 100vw, 1075px\" \/><\/div><\/a>\n\t\t\t\t<div class=\"elementor-post__text\">\n\t\t\t\t<h3 class=\"elementor-post__title\">\n\t\t\t<a href=\"https:\/\/www.advancedmanufacturingmadrid.com\/es\/2023\/03\/09\/easyfairs-confia-en-evercom-para-la-comunicacion-externa-de-sus-ferias-metalmadrid-composites-y-robomatica-madrid-y-metalbarcelona-y-robomatica-barcelona-part-of-advanced-manufacturing\/\" >\n\t\t\t\tEasyfairs conf\u00eda en evercom para la comunicaci\u00f3n externa de sus ferias MetalMadrid, Composites y Robom\u00e1tica Madrid y MetalBarcelona y Robom\u00e1tica Barcelona, part of Advanced Manufacturing\t\t\t<\/a>\n\t\t<\/h3>\n\t\t\t\t<div class=\"elementor-post__excerpt\">\n\t\t\t<p>Ambas compa\u00f1\u00edas trabajar\u00e1n de la mano para impulsar la visibilidad de las dos grandes citas anuales de la industria en Espa\u00f1a en la que ser\u00e1<\/p>\n\t\t<\/div>\n\t\t\n\t\t<a class=\"elementor-post__read-more\" href=\"https:\/\/www.advancedmanufacturingmadrid.com\/es\/2023\/03\/09\/easyfairs-confia-en-evercom-para-la-comunicacion-externa-de-sus-ferias-metalmadrid-composites-y-robomatica-madrid-y-metalbarcelona-y-robomatica-barcelona-part-of-advanced-manufacturing\/\" aria-label=\"Read more about Easyfairs conf\u00eda en evercom para la comunicaci\u00f3n externa de sus ferias MetalMadrid, Composites y Robom\u00e1tica Madrid y MetalBarcelona y Robom\u00e1tica Barcelona, part of Advanced Manufacturing\" tabindex=\"-1\" >\n\t\t\t&gt;&gt; Nota de prensa\t\t<\/a>\n\n\t\t\t\t<\/div>\n\t\t\t\t\t<\/div>\n\t\t<\/article>\n\t\t\t\t<article class=\"elementor-post elementor-grid-item post-235549 post type-post status-publish format-standard has-post-thumbnail hentry category-notas-de-prensa tag-advancedmanufacturingbarcelona tag-barcelona tag-congreso tag-industrial tag-metal tag-profesionales tag-robomatica\" role=\"listitem\">\n\t\t\t<div class=\"elementor-post__card\">\n\t\t\t\t<a class=\"elementor-post__thumbnail__link\" href=\"https:\/\/www.advancedmanufacturingmadrid.com\/es\/2023\/02\/03\/advanced-manufacturing-barcelona-arrasa-en-su-lanzamiento-con-un-90-del-plano-ya-reservado\/\" tabindex=\"-1\" ><div class=\"elementor-post__thumbnail\"><img loading=\"lazy\" decoding=\"async\" width=\"1920\" height=\"1280\" src=\"https:\/\/easyfairsassets.com\/sites\/79\/2023\/02\/CMR-2022-generales-jueves-067.jpg\" class=\"attachment-full size-full wp-image-235255\" alt=\"NP BARCELONA\" srcset=\"https:\/\/easyfairsassets.com\/sites\/79\/2023\/02\/CMR-2022-generales-jueves-067.jpg 1920w, https:\/\/easyfairsassets.com\/sites\/79\/2023\/02\/CMR-2022-generales-jueves-067-300x200.jpg 300w, https:\/\/easyfairsassets.com\/sites\/79\/2023\/02\/CMR-2022-generales-jueves-067-1024x683.jpg 1024w, https:\/\/easyfairsassets.com\/sites\/79\/2023\/02\/CMR-2022-generales-jueves-067-768x512.jpg 768w, https:\/\/easyfairsassets.com\/sites\/79\/2023\/02\/CMR-2022-generales-jueves-067-1536x1024.jpg 1536w\" sizes=\"(max-width: 1920px) 100vw, 1920px\" \/><\/div><\/a>\n\t\t\t\t<div class=\"elementor-post__text\">\n\t\t\t\t<h3 class=\"elementor-post__title\">\n\t\t\t<a href=\"https:\/\/www.advancedmanufacturingmadrid.com\/es\/2023\/02\/03\/advanced-manufacturing-barcelona-arrasa-en-su-lanzamiento-con-un-90-del-plano-ya-reservado\/\" >\n\t\t\t\tAdvanced Manufacturing Barcelona arrasa en su lanzamiento, con un 90% del plano ya reservado\t\t\t<\/a>\n\t\t<\/h3>\n\t\t\t\t<div class=\"elementor-post__excerpt\">\n\t\t\t<p>A siete meses de la cita, tan solo quedan 24 espacios disponibles 119 expositores ya han confirmado su presencia en Advanced Manufacturing Barcelona \u00a0 La<\/p>\n\t\t<\/div>\n\t\t\n\t\t<a class=\"elementor-post__read-more\" href=\"https:\/\/www.advancedmanufacturingmadrid.com\/es\/2023\/02\/03\/advanced-manufacturing-barcelona-arrasa-en-su-lanzamiento-con-un-90-del-plano-ya-reservado\/\" aria-label=\"Read more about Advanced Manufacturing Barcelona arrasa en su lanzamiento, con un 90% del plano ya reservado\" tabindex=\"-1\" >\n\t\t\t&gt;&gt; Nota de prensa\t\t<\/a>\n\n\t\t\t\t<\/div>\n\t\t\t\t\t<\/div>\n\t\t<\/article>\n\t\t\t\t<article class=\"elementor-post elementor-grid-item post-223132 post type-post status-publish format-standard has-post-thumbnail hentry category-notas-de-prensa tag-600-empresas tag-advanced-manufacturin-awards tag-advanced-manufacturing-madrid tag-awards tag-composites tag-congreso tag-ifema tag-industrial tag-materias-primeras tag-metal tag-nominados tag-ponentes tag-premios tag-profesionales tag-registro tag-robomatica tag-tours\" role=\"listitem\">\n\t\t\t<div class=\"elementor-post__card\">\n\t\t\t\t<a class=\"elementor-post__thumbnail__link\" href=\"https:\/\/www.advancedmanufacturingmadrid.com\/es\/2022\/11\/02\/advanced-manufacturing-desembarca-en-fira-barcelona-con-metalbarcelona-y-robomatica\/\" tabindex=\"-1\" ><div class=\"elementor-post__thumbnail\"><img loading=\"lazy\" decoding=\"async\" width=\"1920\" height=\"1280\" src=\"https:\/\/easyfairsassets.com\/sites\/79\/2022\/11\/CMR-2022-generales-miercoles-23.jpg\" class=\"attachment-full size-full wp-image-223133\" alt=\"IMAGEN FERIA 2022\" srcset=\"https:\/\/easyfairsassets.com\/sites\/79\/2022\/11\/CMR-2022-generales-miercoles-23.jpg 1920w, https:\/\/easyfairsassets.com\/sites\/79\/2022\/11\/CMR-2022-generales-miercoles-23-300x200.jpg 300w, https:\/\/easyfairsassets.com\/sites\/79\/2022\/11\/CMR-2022-generales-miercoles-23-1024x683.jpg 1024w, https:\/\/easyfairsassets.com\/sites\/79\/2022\/11\/CMR-2022-generales-miercoles-23-768x512.jpg 768w, https:\/\/easyfairsassets.com\/sites\/79\/2022\/11\/CMR-2022-generales-miercoles-23-1536x1024.jpg 1536w\" sizes=\"(max-width: 1920px) 100vw, 1920px\" \/><\/div><\/a>\n\t\t\t\t<div class=\"elementor-post__text\">\n\t\t\t\t<h3 class=\"elementor-post__title\">\n\t\t\t<a href=\"https:\/\/www.advancedmanufacturingmadrid.com\/es\/2022\/11\/02\/advanced-manufacturing-desembarca-en-fira-barcelona-con-metalbarcelona-y-robomatica\/\" >\n\t\t\t\tAdvanced Manufacturing desembarca en Fira Barcelona con MetalBarcelona y Robomatica\t\t\t<\/a>\n\t\t<\/h3>\n\t\t\t\t<div class=\"elementor-post__excerpt\">\n\t\t\t<p>El evento se presenta con 90 expositores ya confirmados que hicieron su reserva el primer d\u00eda de publicaci\u00f3n del plano \u00a0 2 de noviembre de<\/p>\n\t\t<\/div>\n\t\t\n\t\t<a class=\"elementor-post__read-more\" href=\"https:\/\/www.advancedmanufacturingmadrid.com\/es\/2022\/11\/02\/advanced-manufacturing-desembarca-en-fira-barcelona-con-metalbarcelona-y-robomatica\/\" aria-label=\"Read more about Advanced Manufacturing desembarca en Fira Barcelona con MetalBarcelona y Robomatica\" tabindex=\"-1\" >\n\t\t\t&gt;&gt; Nota de prensa\t\t<\/a>\n\n\t\t\t\t<\/div>\n\t\t\t\t\t<\/div>\n\t\t<\/article>\n\t\t\t\t<article class=\"elementor-post elementor-grid-item post-222241 post type-post status-publish format-standard has-post-thumbnail hentry category-notas-de-prensa tag-600-empresas tag-advanced-manufacturin-awards tag-advanced-manufacturing-madrid tag-awards tag-composites tag-congreso tag-ifema tag-industrial tag-materias-primeras tag-metal tag-nominados tag-ponentes tag-premios tag-profesionales tag-registro tag-robomatica tag-tours\" role=\"listitem\">\n\t\t\t<div class=\"elementor-post__card\">\n\t\t\t\t<a class=\"elementor-post__thumbnail__link\" href=\"https:\/\/www.advancedmanufacturingmadrid.com\/es\/2022\/10\/21\/entregados-los-premios-advanced-manufacturing-awards-2022\/\" tabindex=\"-1\" ><div class=\"elementor-post__thumbnail\"><img loading=\"lazy\" decoding=\"async\" width=\"1450\" height=\"968\" src=\"https:\/\/easyfairsassets.com\/sites\/79\/2022\/10\/Foto-AMM-Tecnalia.jpg\" class=\"attachment-full size-full wp-image-222242\" alt=\"GANADORES AMAWARDS\" srcset=\"https:\/\/easyfairsassets.com\/sites\/79\/2022\/10\/Foto-AMM-Tecnalia.jpg 1450w, https:\/\/easyfairsassets.com\/sites\/79\/2022\/10\/Foto-AMM-Tecnalia-300x200.jpg 300w, https:\/\/easyfairsassets.com\/sites\/79\/2022\/10\/Foto-AMM-Tecnalia-1024x684.jpg 1024w, https:\/\/easyfairsassets.com\/sites\/79\/2022\/10\/Foto-AMM-Tecnalia-768x513.jpg 768w\" sizes=\"(max-width: 1450px) 100vw, 1450px\" \/><\/div><\/a>\n\t\t\t\t<div class=\"elementor-post__text\">\n\t\t\t\t<h3 class=\"elementor-post__title\">\n\t\t\t<a href=\"https:\/\/www.advancedmanufacturingmadrid.com\/es\/2022\/10\/21\/entregados-los-premios-advanced-manufacturing-awards-2022\/\" >\n\t\t\t\tEntregados los premios Advanced Manufacturing Awards 2022\t\t\t<\/a>\n\t\t<\/h3>\n\t\t\t\t<div class=\"elementor-post__excerpt\">\n\t\t\t<p>En el marco de las ferias MetalMadrid, Composites y Robom\u00e1tica Madrid, se entregaron el d\u00eda 19 de octubre los premios a los ganadores en la<\/p>\n\t\t<\/div>\n\t\t\n\t\t<a class=\"elementor-post__read-more\" href=\"https:\/\/www.advancedmanufacturingmadrid.com\/es\/2022\/10\/21\/entregados-los-premios-advanced-manufacturing-awards-2022\/\" aria-label=\"Read more about Entregados los premios Advanced Manufacturing Awards 2022\" tabindex=\"-1\" >\n\t\t\t&gt;&gt; Nota de prensa\t\t<\/a>\n\n\t\t\t\t<\/div>\n\t\t\t\t\t<\/div>\n\t\t<\/article>\n\t\t\t\t<article class=\"elementor-post elementor-grid-item post-222232 post type-post status-publish format-standard has-post-thumbnail hentry category-notas-de-prensa tag-600-empresas tag-advanced-manufacturin-awards tag-advanced-manufacturing-madrid tag-awards tag-composites tag-congreso tag-ifema tag-industrial tag-materias-primeras tag-metal tag-nominados tag-ponentes tag-premios tag-profesionales tag-registro tag-robomatica tag-tours\" role=\"listitem\">\n\t\t\t<div class=\"elementor-post__card\">\n\t\t\t\t<a class=\"elementor-post__thumbnail__link\" href=\"https:\/\/www.advancedmanufacturingmadrid.com\/es\/2022\/10\/21\/metalmadrid-composites-madrid-y-robomatica-madrid-cierran-su-edicion-con-cifras-record\/\" tabindex=\"-1\" ><div class=\"elementor-post__thumbnail\"><img loading=\"lazy\" decoding=\"async\" width=\"320\" height=\"214\" src=\"https:\/\/easyfairsassets.com\/sites\/79\/2022\/10\/Foto-AMM-vista-general-feria.jpg\" class=\"attachment-full size-full wp-image-222233\" alt=\"Foto AMM vista general feria\" srcset=\"https:\/\/easyfairsassets.com\/sites\/79\/2022\/10\/Foto-AMM-vista-general-feria.jpg 320w, https:\/\/easyfairsassets.com\/sites\/79\/2022\/10\/Foto-AMM-vista-general-feria-300x201.jpg 300w\" sizes=\"(max-width: 320px) 100vw, 320px\" \/><\/div><\/a>\n\t\t\t\t<div class=\"elementor-post__text\">\n\t\t\t\t<h3 class=\"elementor-post__title\">\n\t\t\t<a href=\"https:\/\/www.advancedmanufacturingmadrid.com\/es\/2022\/10\/21\/metalmadrid-composites-madrid-y-robomatica-madrid-cierran-su-edicion-con-cifras-record\/\" >\n\t\t\t\tMetalMadrid, Composites Madrid y Robom\u00e1tica Madrid cierran su edici\u00f3n con cifras r\u00e9cord\t\t\t<\/a>\n\t\t<\/h3>\n\t\t\t\t<div class=\"elementor-post__excerpt\">\n\t\t\t<p>La convocatoria ha sido un \u00e9xito rotundo, como demuestra que las ferias cerraran sus puertas con el 63% del espacio contratado para la edici\u00f3n del<\/p>\n\t\t<\/div>\n\t\t\n\t\t<a class=\"elementor-post__read-more\" href=\"https:\/\/www.advancedmanufacturingmadrid.com\/es\/2022\/10\/21\/metalmadrid-composites-madrid-y-robomatica-madrid-cierran-su-edicion-con-cifras-record\/\" aria-label=\"Read more about MetalMadrid, Composites Madrid y Robom\u00e1tica Madrid cierran su edici\u00f3n con cifras r\u00e9cord\" tabindex=\"-1\" >\n\t\t\t&gt;&gt; Nota de prensa\t\t<\/a>\n\n\t\t\t\t<\/div>\n\t\t\t\t\t<\/div>\n\t\t<\/article>\n\t\t\t\t<article class=\"elementor-post elementor-grid-item post-219534 post type-post status-publish format-standard has-post-thumbnail hentry category-notas-de-prensa tag-600-empresas tag-advanced-manufacturin-awards tag-advanced-manufacturing-madrid tag-awards tag-composites tag-congreso tag-ifema tag-industrial tag-materias-primeras tag-metal tag-nominados tag-ponentes tag-premios tag-profesionales tag-registro tag-robomatica tag-tours\" role=\"listitem\">\n\t\t\t<div class=\"elementor-post__card\">\n\t\t\t\t<a class=\"elementor-post__thumbnail__link\" href=\"https:\/\/www.advancedmanufacturingmadrid.com\/es\/2022\/10\/17\/madrid-gran-escaparate-del-futuro-de-la-transformacion-industrial-esta-semana-en-ifema-con-metalmadrid-composites-y-robomatica-madrid\/\" tabindex=\"-1\" ><div class=\"elementor-post__thumbnail\"><img loading=\"lazy\" decoding=\"async\" width=\"400\" height=\"400\" src=\"https:\/\/easyfairsassets.com\/sites\/79\/2022\/10\/nota-de-prensa.png\" class=\"attachment-full size-full wp-image-219550\" alt=\"nota-de-prensa\" srcset=\"https:\/\/easyfairsassets.com\/sites\/79\/2022\/10\/nota-de-prensa.png 400w, https:\/\/easyfairsassets.com\/sites\/79\/2022\/10\/nota-de-prensa-300x300.png 300w, https:\/\/easyfairsassets.com\/sites\/79\/2022\/10\/nota-de-prensa-150x150.png 150w\" sizes=\"(max-width: 400px) 100vw, 400px\" \/><\/div><\/a>\n\t\t\t\t<div class=\"elementor-post__text\">\n\t\t\t\t<h3 class=\"elementor-post__title\">\n\t\t\t<a href=\"https:\/\/www.advancedmanufacturingmadrid.com\/es\/2022\/10\/17\/madrid-gran-escaparate-del-futuro-de-la-transformacion-industrial-esta-semana-en-ifema-con-metalmadrid-composites-y-robomatica-madrid\/\" >\n\t\t\t\tMadrid, gran escaparate del futuro de la transformaci\u00f3n industrial, esta semana en Ifema, con MetalMadrid, Composites y Robom\u00e1tica Madrid\t\t\t<\/a>\n\t\t<\/h3>\n\t\t\t\t<div class=\"elementor-post__excerpt\">\n\t\t\t<p>Ifema acoge esta semana MetalMadrid, Composites y Robomatica Madrid, el evento l\u00edder en innovaci\u00f3n industrial en Espa\u00f1a, al que acudir\u00e1n miles de profesionales, deseosos de<\/p>\n\t\t<\/div>\n\t\t\n\t\t<a class=\"elementor-post__read-more\" href=\"https:\/\/www.advancedmanufacturingmadrid.com\/es\/2022\/10\/17\/madrid-gran-escaparate-del-futuro-de-la-transformacion-industrial-esta-semana-en-ifema-con-metalmadrid-composites-y-robomatica-madrid\/\" aria-label=\"Read more about Madrid, gran escaparate del futuro de la transformaci\u00f3n industrial, esta semana en Ifema, con MetalMadrid, Composites y Robom\u00e1tica Madrid\" tabindex=\"-1\" >\n\t\t\t&gt;&gt; Nota de prensa\t\t<\/a>\n\n\t\t\t\t<\/div>\n\t\t\t\t\t<\/div>\n\t\t<\/article>\n\t\t\t\t<article class=\"elementor-post elementor-grid-item post-208809 post type-post status-publish format-standard has-post-thumbnail hentry category-notas-de-prensa tag-600-empresas tag-advanced-manufacturin-awards tag-advanced-manufacturing-madrid tag-awards tag-composites tag-congreso tag-ifema tag-industrial tag-materias-primeras tag-metal tag-nominados tag-ponentes tag-premios tag-profesionales tag-registro tag-robomatica tag-tours\" role=\"listitem\">\n\t\t\t<div class=\"elementor-post__card\">\n\t\t\t\t<a class=\"elementor-post__thumbnail__link\" href=\"https:\/\/www.advancedmanufacturingmadrid.com\/es\/2022\/10\/06\/advanced-manufacturing-madrid-desvelera-en-ifema-la-innovacion-mas-puntera-en-el-sector-industrial\/\" tabindex=\"-1\" ><div class=\"elementor-post__thumbnail\"><img loading=\"lazy\" decoding=\"async\" width=\"260\" height=\"200\" src=\"https:\/\/easyfairsassets.com\/sites\/79\/2022\/10\/live-demo-email.png\" class=\"attachment-full size-full wp-image-208812\" alt=\"live demo email\" \/><\/div><\/a>\n\t\t\t\t<div class=\"elementor-post__text\">\n\t\t\t\t<h3 class=\"elementor-post__title\">\n\t\t\t<a href=\"https:\/\/www.advancedmanufacturingmadrid.com\/es\/2022\/10\/06\/advanced-manufacturing-madrid-desvelera-en-ifema-la-innovacion-mas-puntera-en-el-sector-industrial\/\" >\n\t\t\t\tAdvanced Manufacturing Madrid desveler\u00e1 en Ifema la innovaci\u00f3n m\u00e1s puntera en el \u00a0sector industrial\t\t\t<\/a>\n\t\t<\/h3>\n\t\t\t\t<div class=\"elementor-post__excerpt\">\n\t\t\t<p>Adem\u00e1s de 600 expositores, las ferias que conforman Advanced Manufacturing Madrid, MetalMadrid, Composites y Robom\u00e1tica Madrid, ofrecer\u00e1n los d\u00edas 19 y 20 de octubre m\u00faltiples<\/p>\n\t\t<\/div>\n\t\t\n\t\t<a class=\"elementor-post__read-more\" href=\"https:\/\/www.advancedmanufacturingmadrid.com\/es\/2022\/10\/06\/advanced-manufacturing-madrid-desvelera-en-ifema-la-innovacion-mas-puntera-en-el-sector-industrial\/\" aria-label=\"Read more about Advanced Manufacturing Madrid desveler\u00e1 en Ifema la innovaci\u00f3n m\u00e1s puntera en el \u00a0sector industrial\" tabindex=\"-1\" >\n\t\t\t&gt;&gt; Nota de prensa\t\t<\/a>\n\n\t\t\t\t<\/div>\n\t\t\t\t\t<\/div>\n\t\t<\/article>\n\t\t\t\t<article class=\"elementor-post elementor-grid-item post-189744 post type-post status-publish format-standard has-post-thumbnail hentry category-notas-de-prensa tag-600-empresas tag-advanced-manufacturin-awards tag-advanced-manufacturing-madrid tag-awards tag-composites tag-congreso tag-ifema tag-industrial tag-materias-primeras tag-metal tag-nominados tag-ponentes tag-premios tag-profesionales tag-registro tag-robomatica tag-tours\" role=\"listitem\">\n\t\t\t<div class=\"elementor-post__card\">\n\t\t\t\t<a class=\"elementor-post__thumbnail__link\" href=\"https:\/\/www.advancedmanufacturingmadrid.com\/es\/2022\/09\/20\/advanced-manufacturing-madrid-2022-presenta-su-tech-congress-4-0-con-mas-de-50-horas-de-contenido-especializado\/\" tabindex=\"-1\" ><div class=\"elementor-post__thumbnail\"><img loading=\"lazy\" decoding=\"async\" width=\"400\" height=\"400\" src=\"https:\/\/easyfairsassets.com\/sites\/79\/2022\/09\/ndp-congreso-22.png\" class=\"attachment-full size-full wp-image-189747\" alt=\"CONGRESO\" srcset=\"https:\/\/easyfairsassets.com\/sites\/79\/2022\/09\/ndp-congreso-22.png 400w, https:\/\/easyfairsassets.com\/sites\/79\/2022\/09\/ndp-congreso-22-300x300.png 300w, https:\/\/easyfairsassets.com\/sites\/79\/2022\/09\/ndp-congreso-22-150x150.png 150w\" sizes=\"(max-width: 400px) 100vw, 400px\" \/><\/div><\/a>\n\t\t\t\t<div class=\"elementor-post__text\">\n\t\t\t\t<h3 class=\"elementor-post__title\">\n\t\t\t<a href=\"https:\/\/www.advancedmanufacturingmadrid.com\/es\/2022\/09\/20\/advanced-manufacturing-madrid-2022-presenta-su-tech-congress-4-0-con-mas-de-50-horas-de-contenido-especializado\/\" >\n\t\t\t\tAdvanced Manufacturing Madrid 2022 presenta su Tech Congress 4.0 con m\u00e1s de 50 horas de contenido especializado\t\t\t<\/a>\n\t\t<\/h3>\n\t\t\t\t<div class=\"elementor-post__excerpt\">\n\t\t\t<p>Javier Sirvent, Evangelista Tecnol\u00f3gico y Keynote Speaker del Tech Congress 4.0 El evento l\u00edder en innovaci\u00f3n industrial presenta una de las principales actividades de este<\/p>\n\t\t<\/div>\n\t\t\n\t\t<a class=\"elementor-post__read-more\" href=\"https:\/\/www.advancedmanufacturingmadrid.com\/es\/2022\/09\/20\/advanced-manufacturing-madrid-2022-presenta-su-tech-congress-4-0-con-mas-de-50-horas-de-contenido-especializado\/\" aria-label=\"Read more about Advanced Manufacturing Madrid 2022 presenta su Tech Congress 4.0 con m\u00e1s de 50 horas de contenido especializado\" tabindex=\"-1\" >\n\t\t\t&gt;&gt; Nota de prensa\t\t<\/a>\n\n\t\t\t\t<\/div>\n\t\t\t\t\t<\/div>\n\t\t<\/article>\n\t\t\t\t<article class=\"elementor-post elementor-grid-item post-164770 post type-post status-publish format-standard has-post-thumbnail hentry category-notas-de-prensa tag-600-empresas tag-advanced-manufacturin-awards tag-advanced-manufacturing-madrid tag-awards tag-composites tag-congreso tag-ifema tag-industrial tag-materias-primeras tag-metal tag-nominados tag-ponentes tag-premios tag-profesionales tag-registro tag-robomatica tag-tours\" role=\"listitem\">\n\t\t\t<div class=\"elementor-post__card\">\n\t\t\t\t<a class=\"elementor-post__thumbnail__link\" href=\"https:\/\/www.advancedmanufacturingmadrid.com\/es\/2022\/09\/07\/advanced-manufacturing-awards-anuncia-a-los-36-nominados-de-su-primera-edicion\/\" tabindex=\"-1\" ><div class=\"elementor-post__thumbnail\"><img loading=\"lazy\" decoding=\"async\" width=\"400\" height=\"400\" src=\"https:\/\/easyfairsassets.com\/sites\/79\/2022\/09\/ndp-destacada-nominados-awards.png\" class=\"attachment-full size-full wp-image-164885\" alt=\"NOMINADOS AMAWARDS\" srcset=\"https:\/\/easyfairsassets.com\/sites\/79\/2022\/09\/ndp-destacada-nominados-awards.png 400w, https:\/\/easyfairsassets.com\/sites\/79\/2022\/09\/ndp-destacada-nominados-awards-300x300.png 300w, https:\/\/easyfairsassets.com\/sites\/79\/2022\/09\/ndp-destacada-nominados-awards-150x150.png 150w\" sizes=\"(max-width: 400px) 100vw, 400px\" \/><\/div><\/a>\n\t\t\t\t<div class=\"elementor-post__text\">\n\t\t\t\t<h3 class=\"elementor-post__title\">\n\t\t\t<a href=\"https:\/\/www.advancedmanufacturingmadrid.com\/es\/2022\/09\/07\/advanced-manufacturing-awards-anuncia-a-los-36-nominados-de-su-primera-edicion\/\" >\n\t\t\t\tAdvanced Manufacturing Awards anuncia a los 36 nominados de su primera edici\u00f3n\t\t\t<\/a>\n\t\t<\/h3>\n\t\t\t\t<div class=\"elementor-post__excerpt\">\n\t\t\t<p>Jurado Profesional Advanced Manufacturing Awards M\u00e1s de 36 impactantes propuestas han sido seleccionadas como finalistas dentro de las 8 categor\u00edas que conforman los premios y<\/p>\n\t\t<\/div>\n\t\t\n\t\t<a class=\"elementor-post__read-more\" href=\"https:\/\/www.advancedmanufacturingmadrid.com\/es\/2022\/09\/07\/advanced-manufacturing-awards-anuncia-a-los-36-nominados-de-su-primera-edicion\/\" aria-label=\"Read more about Advanced Manufacturing Awards anuncia a los 36 nominados de su primera edici\u00f3n\" tabindex=\"-1\" >\n\t\t\t&gt;&gt; Nota de prensa\t\t<\/a>\n\n\t\t\t\t<\/div>\n\t\t\t\t\t<\/div>\n\t\t<\/article>\n\t\t\t\t<article class=\"elementor-post elementor-grid-item post-138418 post type-post status-publish format-standard has-post-thumbnail hentry category-notas-de-prensa tag-600-empresas tag-advanced-manufacturing-madrid tag-composites tag-congreso tag-ifema tag-industrial tag-innovacion tag-materias-primeras tag-metal tag-ponentes tag-profesionales tag-registro tag-robomatica tag-tours\" role=\"listitem\">\n\t\t\t<div class=\"elementor-post__card\">\n\t\t\t\t<a class=\"elementor-post__thumbnail__link\" href=\"https:\/\/www.advancedmanufacturingmadrid.com\/es\/2022\/07\/29\/las-ferias-profesionales-se-consolidan-como-herramientas-determinantes-para-impulsar-negocios\/\" tabindex=\"-1\" ><div class=\"elementor-post__thumbnail\"><img loading=\"lazy\" decoding=\"async\" width=\"400\" height=\"400\" src=\"https:\/\/easyfairsassets.com\/sites\/79\/2022\/07\/live-machinery.png\" class=\"attachment-full size-full wp-image-134082\" alt=\"LIVE DEMO MACHINERY\" srcset=\"https:\/\/easyfairsassets.com\/sites\/79\/2022\/07\/live-machinery.png 400w, https:\/\/easyfairsassets.com\/sites\/79\/2022\/07\/live-machinery-300x300.png 300w, https:\/\/easyfairsassets.com\/sites\/79\/2022\/07\/live-machinery-150x150.png 150w\" sizes=\"(max-width: 400px) 100vw, 400px\" \/><\/div><\/a>\n\t\t\t\t<div class=\"elementor-post__text\">\n\t\t\t\t<h3 class=\"elementor-post__title\">\n\t\t\t<a href=\"https:\/\/www.advancedmanufacturingmadrid.com\/es\/2022\/07\/29\/las-ferias-profesionales-se-consolidan-como-herramientas-determinantes-para-impulsar-negocios\/\" >\n\t\t\t\tLas ferias profesionales se consolidan como herramientas determinantes para impulsar negocios\t\t\t<\/a>\n\t\t<\/h3>\n\t\t\t\t<div class=\"elementor-post__excerpt\">\n\t\t\t<p>Oscar Barranco Divisional Director Spain &amp; Portugal Cada a\u00f1o se celebran m\u00e1s de 32.000 ferias en el mundo, que generan 251.000 millones de euros en<\/p>\n\t\t<\/div>\n\t\t\n\t\t<a class=\"elementor-post__read-more\" href=\"https:\/\/www.advancedmanufacturingmadrid.com\/es\/2022\/07\/29\/las-ferias-profesionales-se-consolidan-como-herramientas-determinantes-para-impulsar-negocios\/\" aria-label=\"Read more about Las ferias profesionales se consolidan como herramientas determinantes para impulsar negocios\" tabindex=\"-1\" >\n\t\t\t&gt;&gt; Nota de prensa\t\t<\/a>\n\n\t\t\t\t<\/div>\n\t\t\t\t\t<\/div>\n\t\t<\/article>\n\t\t\t\t<article class=\"elementor-post elementor-grid-item post-134079 post type-post status-publish format-standard has-post-thumbnail hentry category-notas-de-prensa tag-600-empresas tag-advanced-manufacturing-madrid tag-composites tag-congreso tag-ifema tag-industrial tag-innovacion tag-materias-primeras tag-metal tag-ponentes tag-profesionales tag-registro tag-robomatica tag-tours\" role=\"listitem\">\n\t\t\t<div class=\"elementor-post__card\">\n\t\t\t\t<a class=\"elementor-post__thumbnail__link\" href=\"https:\/\/www.advancedmanufacturingmadrid.com\/es\/2022\/07\/15\/advanced-manufacturing-madrid-2022-presenta-el-mayor-programa-de-contenidos-y-actividades-de-su-historia\/\" tabindex=\"-1\" ><div class=\"elementor-post__thumbnail\"><img loading=\"lazy\" decoding=\"async\" width=\"400\" height=\"400\" src=\"https:\/\/easyfairsassets.com\/sites\/79\/2022\/07\/live-machinery.png\" class=\"attachment-full size-full wp-image-134082\" alt=\"LIVE DEMO MACHINERY\" srcset=\"https:\/\/easyfairsassets.com\/sites\/79\/2022\/07\/live-machinery.png 400w, https:\/\/easyfairsassets.com\/sites\/79\/2022\/07\/live-machinery-300x300.png 300w, https:\/\/easyfairsassets.com\/sites\/79\/2022\/07\/live-machinery-150x150.png 150w\" sizes=\"(max-width: 400px) 100vw, 400px\" \/><\/div><\/a>\n\t\t\t\t<div class=\"elementor-post__text\">\n\t\t\t\t<h3 class=\"elementor-post__title\">\n\t\t\t<a href=\"https:\/\/www.advancedmanufacturingmadrid.com\/es\/2022\/07\/15\/advanced-manufacturing-madrid-2022-presenta-el-mayor-programa-de-contenidos-y-actividades-de-su-historia\/\" >\n\t\t\t\tAdvanced Manufacturing Madrid 2022 presenta el mayor programa de contenidos y actividades de su historia\t\t\t<\/a>\n\t\t<\/h3>\n\t\t\t\t<div class=\"elementor-post__excerpt\">\n\t\t\t<p>Javier Sirvent, considerado el primer Technology Evangelist espa\u00f1ol ser\u00e1 el ponente de referencia del Tech Congress 4.0, que se celebrar\u00e1 de forma simult\u00e1nea en dos<\/p>\n\t\t<\/div>\n\t\t\n\t\t<a class=\"elementor-post__read-more\" href=\"https:\/\/www.advancedmanufacturingmadrid.com\/es\/2022\/07\/15\/advanced-manufacturing-madrid-2022-presenta-el-mayor-programa-de-contenidos-y-actividades-de-su-historia\/\" aria-label=\"Read more about Advanced Manufacturing Madrid 2022 presenta el mayor programa de contenidos y actividades de su historia\" tabindex=\"-1\" >\n\t\t\t&gt;&gt; Nota de prensa\t\t<\/a>\n\n\t\t\t\t<\/div>\n\t\t\t\t\t<\/div>\n\t\t<\/article>\n\t\t\t\t<article class=\"elementor-post elementor-grid-item post-120583 post type-post status-publish format-standard has-post-thumbnail hentry category-notas-de-prensa tag-600-empresas tag-advanced-manufacturing-madrid tag-composites tag-congreso tag-ifema tag-industrial tag-innovacion tag-materias-primeras tag-metal tag-ponentes tag-profesionales tag-registro tag-robomatica tag-tours\" role=\"listitem\">\n\t\t\t<div class=\"elementor-post__card\">\n\t\t\t\t<a class=\"elementor-post__thumbnail__link\" href=\"https:\/\/www.advancedmanufacturingmadrid.com\/es\/2022\/06\/09\/advanced-manufacturing-madrid-abre-el-registro-de-su-edicion-mas-innovadora\/\" tabindex=\"-1\" ><div class=\"elementor-post__thumbnail\"><img loading=\"lazy\" decoding=\"async\" width=\"400\" height=\"400\" src=\"https:\/\/easyfairsassets.com\/sites\/79\/2022\/06\/portada-nota-de-prensa.png\" class=\"attachment-full size-full wp-image-120661\" alt=\"portada\" srcset=\"https:\/\/easyfairsassets.com\/sites\/79\/2022\/06\/portada-nota-de-prensa.png 400w, https:\/\/easyfairsassets.com\/sites\/79\/2022\/06\/portada-nota-de-prensa-300x300.png 300w, https:\/\/easyfairsassets.com\/sites\/79\/2022\/06\/portada-nota-de-prensa-150x150.png 150w\" sizes=\"(max-width: 400px) 100vw, 400px\" \/><\/div><\/a>\n\t\t\t\t<div class=\"elementor-post__text\">\n\t\t\t\t<h3 class=\"elementor-post__title\">\n\t\t\t<a href=\"https:\/\/www.advancedmanufacturingmadrid.com\/es\/2022\/06\/09\/advanced-manufacturing-madrid-abre-el-registro-de-su-edicion-mas-innovadora\/\" >\n\t\t\t\tAdvanced Manufacturing Madrid abre el registro de su edici\u00f3n m\u00e1s innovadora\t\t\t<\/a>\n\t\t<\/h3>\n\t\t\t\t<div class=\"elementor-post__excerpt\">\n\t\t\t<p>Advanced Manufacturing Madrid, la marca que da cabida a toda la industria manufacturera a trav\u00e9s de MetalMadrid, Composites y Robom\u00e1tica Madrid abre su plazo de<\/p>\n\t\t<\/div>\n\t\t\n\t\t<a class=\"elementor-post__read-more\" href=\"https:\/\/www.advancedmanufacturingmadrid.com\/es\/2022\/06\/09\/advanced-manufacturing-madrid-abre-el-registro-de-su-edicion-mas-innovadora\/\" aria-label=\"Read more about Advanced Manufacturing Madrid abre el registro de su edici\u00f3n m\u00e1s innovadora\" tabindex=\"-1\" >\n\t\t\t&gt;&gt; Nota de prensa\t\t<\/a>\n\n\t\t\t\t<\/div>\n\t\t\t\t\t<\/div>\n\t\t<\/article>\n\t\t\t\t<article class=\"elementor-post elementor-grid-item post-114480 post type-post status-publish format-standard has-post-thumbnail hentry category-notas-de-prensa tag-600-empresas tag-composites tag-congreso tag-ifema tag-industrial tag-innovacion tag-materias-primeras tag-metal tag-ponentes tag-profesionales tag-robomatica tag-tours\" role=\"listitem\">\n\t\t\t<div class=\"elementor-post__card\">\n\t\t\t\t<a class=\"elementor-post__thumbnail__link\" href=\"https:\/\/www.advancedmanufacturingmadrid.com\/es\/2022\/05\/18\/advanced-manufacturing-madrid-impulsa-la-excelencia-y-la-innovacion-con-la-convocatoria-de-la-primera-edicion-de-sus-premios\/\" tabindex=\"-1\" ><div class=\"elementor-post__thumbnail\"><img loading=\"lazy\" decoding=\"async\" width=\"400\" height=\"400\" src=\"https:\/\/easyfairsassets.com\/sites\/79\/2022\/05\/AM-awards.png\" class=\"attachment-full size-full wp-image-114485\" alt=\"Advanced Manufacturing Awards\" srcset=\"https:\/\/easyfairsassets.com\/sites\/79\/2022\/05\/AM-awards.png 400w, https:\/\/easyfairsassets.com\/sites\/79\/2022\/05\/AM-awards-300x300.png 300w, https:\/\/easyfairsassets.com\/sites\/79\/2022\/05\/AM-awards-150x150.png 150w\" sizes=\"(max-width: 400px) 100vw, 400px\" \/><\/div><\/a>\n\t\t\t\t<div class=\"elementor-post__text\">\n\t\t\t\t<h3 class=\"elementor-post__title\">\n\t\t\t<a href=\"https:\/\/www.advancedmanufacturingmadrid.com\/es\/2022\/05\/18\/advanced-manufacturing-madrid-impulsa-la-excelencia-y-la-innovacion-con-la-convocatoria-de-la-primera-edicion-de-sus-premios\/\" >\n\t\t\t\tAdvanced Manufacturing Madrid impulsa la excelencia y la innovaci\u00f3n con la convocatoria de la primera edici\u00f3n de sus premios\t\t\t<\/a>\n\t\t<\/h3>\n\t\t\t\t<div class=\"elementor-post__excerpt\">\n\t\t\t<p>Los premios nacen con el objetivo de reconocer y prestigiar a las empresas del tejido industrial espa\u00f1ol que d\u00eda a d\u00eda innovan y crean productos<\/p>\n\t\t<\/div>\n\t\t\n\t\t<a class=\"elementor-post__read-more\" href=\"https:\/\/www.advancedmanufacturingmadrid.com\/es\/2022\/05\/18\/advanced-manufacturing-madrid-impulsa-la-excelencia-y-la-innovacion-con-la-convocatoria-de-la-primera-edicion-de-sus-premios\/\" aria-label=\"Read more about Advanced Manufacturing Madrid impulsa la excelencia y la innovaci\u00f3n con la convocatoria de la primera edici\u00f3n de sus premios\" tabindex=\"-1\" >\n\t\t\t&gt;&gt; Nota de prensa\t\t<\/a>\n\n\t\t\t\t<\/div>\n\t\t\t\t\t<\/div>\n\t\t<\/article>\n\t\t\t\t<article class=\"elementor-post elementor-grid-item post-99716 post type-post status-publish format-standard has-post-thumbnail hentry category-notas-de-prensa tag-600-empresas tag-composites tag-congreso tag-ifema tag-industrial tag-innovacion tag-materias-primeras tag-metal tag-ponentes tag-profesionales tag-robomatica tag-tours\" role=\"listitem\">\n\t\t\t<div class=\"elementor-post__card\">\n\t\t\t\t<a class=\"elementor-post__thumbnail__link\" href=\"https:\/\/www.advancedmanufacturingmadrid.com\/es\/2022\/03\/24\/metalmadrid-composites-madrid-y-robomatica-superan-las-expectativas-en-su-edicion-2021-2\/\" tabindex=\"-1\" ><div class=\"elementor-post__thumbnail\"><img loading=\"lazy\" decoding=\"async\" width=\"400\" height=\"400\" src=\"https:\/\/easyfairsassets.com\/sites\/79\/2022\/03\/EN-Awards.png\" class=\"attachment-full size-full wp-image-99719\" alt=\"Best International Trade Show EN Awards\" srcset=\"https:\/\/easyfairsassets.com\/sites\/79\/2022\/03\/EN-Awards.png 400w, https:\/\/easyfairsassets.com\/sites\/79\/2022\/03\/EN-Awards-300x300.png 300w, https:\/\/easyfairsassets.com\/sites\/79\/2022\/03\/EN-Awards-150x150.png 150w\" sizes=\"(max-width: 400px) 100vw, 400px\" \/><\/div><\/a>\n\t\t\t\t<div class=\"elementor-post__text\">\n\t\t\t\t<h3 class=\"elementor-post__title\">\n\t\t\t<a href=\"https:\/\/www.advancedmanufacturingmadrid.com\/es\/2022\/03\/24\/metalmadrid-composites-madrid-y-robomatica-superan-las-expectativas-en-su-edicion-2021-2\/\" >\n\t\t\t\tAdvanced Manufacturing Madrid recibe el premio al Mejor Evento Internacional del medio brit\u00e1nico Exhibition News\t\t\t<\/a>\n\t\t<\/h3>\n\t\t\t\t<div class=\"elementor-post__excerpt\">\n\t\t\t<p>Madrid 21 de marzo de 2022.- Advanced Manufacturing Madrid, el evento que re\u00fane los tres salones de MetalMadrid, Composites y Robom\u00e1tica Madrid, ha sido galardonado<\/p>\n\t\t<\/div>\n\t\t\n\t\t<a class=\"elementor-post__read-more\" href=\"https:\/\/www.advancedmanufacturingmadrid.com\/es\/2022\/03\/24\/metalmadrid-composites-madrid-y-robomatica-superan-las-expectativas-en-su-edicion-2021-2\/\" aria-label=\"Read more about Advanced Manufacturing Madrid recibe el premio al Mejor Evento Internacional del medio brit\u00e1nico Exhibition News\" tabindex=\"-1\" >\n\t\t\t&gt;&gt; Nota de prensa\t\t<\/a>\n\n\t\t\t\t<\/div>\n\t\t\t\t\t<\/div>\n\t\t<\/article>\n\t\t\t\t<article class=\"elementor-post elementor-grid-item post-83733 post type-post status-publish format-standard has-post-thumbnail hentry category-notas-de-prensa tag-600-empresas tag-composites tag-congreso tag-ifema tag-industrial tag-innovacion tag-materias-primeras tag-metal tag-ponentes tag-profesionales tag-robomatica tag-tours\" role=\"listitem\">\n\t\t\t<div class=\"elementor-post__card\">\n\t\t\t\t<a class=\"elementor-post__thumbnail__link\" href=\"https:\/\/www.advancedmanufacturingmadrid.com\/es\/2021\/11\/19\/metalmadrid-composites-madrid-y-robomatica-superan-las-expectativas-en-su-edicion-2021\/\" tabindex=\"-1\" ><div class=\"elementor-post__thumbnail\"><img loading=\"lazy\" decoding=\"async\" width=\"400\" height=\"400\" src=\"https:\/\/easyfairsassets.com\/sites\/79\/2021\/11\/destacada-ndp-post-feria.png\" class=\"attachment-full size-full wp-image-83736\" alt=\"congreso\" srcset=\"https:\/\/easyfairsassets.com\/sites\/79\/2021\/11\/destacada-ndp-post-feria.png 400w, https:\/\/easyfairsassets.com\/sites\/79\/2021\/11\/destacada-ndp-post-feria-300x300.png 300w, https:\/\/easyfairsassets.com\/sites\/79\/2021\/11\/destacada-ndp-post-feria-150x150.png 150w\" sizes=\"(max-width: 400px) 100vw, 400px\" \/><\/div><\/a>\n\t\t\t\t<div class=\"elementor-post__text\">\n\t\t\t\t<h3 class=\"elementor-post__title\">\n\t\t\t<a href=\"https:\/\/www.advancedmanufacturingmadrid.com\/es\/2021\/11\/19\/metalmadrid-composites-madrid-y-robomatica-superan-las-expectativas-en-su-edicion-2021\/\" >\n\t\t\t\tMetalMadrid, Composites Madrid y Robom\u00e1tica superan las expectativas en su edici\u00f3n 2021\t\t\t<\/a>\n\t\t<\/h3>\n\t\t\t\t<div class=\"elementor-post__excerpt\">\n\t\t\t<p>El evento ha conseguido reunir a m\u00e1s de 12.000 profesionales un a\u00f1o m\u00e1s, tras dos a\u00f1os sin haber podido celebrarse debido a la crisis del<\/p>\n\t\t<\/div>\n\t\t\n\t\t<a class=\"elementor-post__read-more\" href=\"https:\/\/www.advancedmanufacturingmadrid.com\/es\/2021\/11\/19\/metalmadrid-composites-madrid-y-robomatica-superan-las-expectativas-en-su-edicion-2021\/\" aria-label=\"Read more about MetalMadrid, Composites Madrid y Robom\u00e1tica superan las expectativas en su edici\u00f3n 2021\" tabindex=\"-1\" >\n\t\t\t&gt;&gt; Nota de prensa\t\t<\/a>\n\n\t\t\t\t<\/div>\n\t\t\t\t\t<\/div>\n\t\t<\/article>\n\t\t\t\t<article class=\"elementor-post elementor-grid-item post-76916 post type-post status-publish format-standard has-post-thumbnail hentry category-notas-de-prensa tag-600-empresas tag-composites tag-congreso tag-ifema tag-industrial tag-innovacion tag-materias-primeras tag-metal tag-ponentes tag-profesionales tag-robomatica tag-tours\" role=\"listitem\">\n\t\t\t<div class=\"elementor-post__card\">\n\t\t\t\t<a class=\"elementor-post__thumbnail__link\" href=\"https:\/\/www.advancedmanufacturingmadrid.com\/es\/2021\/11\/04\/menos-de-2-semanas-para-metalmadrid-composites-madrid-y-robomatica\/\" tabindex=\"-1\" ><div class=\"elementor-post__thumbnail\"><img loading=\"lazy\" decoding=\"async\" width=\"400\" height=\"400\" src=\"https:\/\/easyfairsassets.com\/sites\/79\/2021\/11\/destcada-ndp.png\" class=\"attachment-full size-full wp-image-76919\" alt=\"congreso\" srcset=\"https:\/\/easyfairsassets.com\/sites\/79\/2021\/11\/destcada-ndp.png 400w, https:\/\/easyfairsassets.com\/sites\/79\/2021\/11\/destcada-ndp-300x300.png 300w, https:\/\/easyfairsassets.com\/sites\/79\/2021\/11\/destcada-ndp-150x150.png 150w\" sizes=\"(max-width: 400px) 100vw, 400px\" \/><\/div><\/a>\n\t\t\t\t<div class=\"elementor-post__text\">\n\t\t\t\t<h3 class=\"elementor-post__title\">\n\t\t\t<a href=\"https:\/\/www.advancedmanufacturingmadrid.com\/es\/2021\/11\/04\/menos-de-2-semanas-para-metalmadrid-composites-madrid-y-robomatica\/\" >\n\t\t\t\tMenos de 2 semanas para MetalMadrid, Composites Madrid y Robom\u00e1tica\t\t\t<\/a>\n\t\t<\/h3>\n\t\t\t\t<div class=\"elementor-post__excerpt\">\n\t\t\t<p>600 expositores, 50 ponentes, 5 tours de la innovaci\u00f3n y miles de profesionales registrados Materias primas cr\u00edticas, el reto del avi\u00f3n de cero emisiones, el<\/p>\n\t\t<\/div>\n\t\t\n\t\t<a class=\"elementor-post__read-more\" href=\"https:\/\/www.advancedmanufacturingmadrid.com\/es\/2021\/11\/04\/menos-de-2-semanas-para-metalmadrid-composites-madrid-y-robomatica\/\" aria-label=\"Read more about Menos de 2 semanas para MetalMadrid, Composites Madrid y Robom\u00e1tica\" tabindex=\"-1\" >\n\t\t\t&gt;&gt; Nota de prensa\t\t<\/a>\n\n\t\t\t\t<\/div>\n\t\t\t\t\t<\/div>\n\t\t<\/article>\n\t\t\t\t<article class=\"elementor-post elementor-grid-item post-62081 post type-post status-publish format-standard has-post-thumbnail hentry category-notas-de-prensa tag-500-empresas tag-alemania tag-cataluna tag-composites tag-comunidades-autonomas tag-francia tag-italia tag-madrid tag-metalmadrid-2 tag-pais-vasco tag-portugal tag-robomatica\" role=\"listitem\">\n\t\t\t<div class=\"elementor-post__card\">\n\t\t\t\t<a class=\"elementor-post__thumbnail__link\" href=\"https:\/\/www.advancedmanufacturingmadrid.com\/es\/2021\/09\/23\/ponentes-de-primer-nivel-y-casos-de-exito-4-0-en-metalmadrid-robomatica-y-composites-madrid-2021\/\" tabindex=\"-1\" ><div class=\"elementor-post__thumbnail\"><img loading=\"lazy\" decoding=\"async\" width=\"1920\" height=\"1280\" src=\"https:\/\/easyfairsassets.com\/sites\/79\/2021\/09\/Foto-1-MM-Congreso-.jpg\" class=\"attachment-full size-full wp-image-62084\" alt=\"CONGRESO\" srcset=\"https:\/\/easyfairsassets.com\/sites\/79\/2021\/09\/Foto-1-MM-Congreso-.jpg 1920w, https:\/\/easyfairsassets.com\/sites\/79\/2021\/09\/Foto-1-MM-Congreso--300x200.jpg 300w, https:\/\/easyfairsassets.com\/sites\/79\/2021\/09\/Foto-1-MM-Congreso--1024x683.jpg 1024w, https:\/\/easyfairsassets.com\/sites\/79\/2021\/09\/Foto-1-MM-Congreso--768x512.jpg 768w, https:\/\/easyfairsassets.com\/sites\/79\/2021\/09\/Foto-1-MM-Congreso--1536x1024.jpg 1536w\" sizes=\"(max-width: 1920px) 100vw, 1920px\" \/><\/div><\/a>\n\t\t\t\t<div class=\"elementor-post__text\">\n\t\t\t\t<h3 class=\"elementor-post__title\">\n\t\t\t<a href=\"https:\/\/www.advancedmanufacturingmadrid.com\/es\/2021\/09\/23\/ponentes-de-primer-nivel-y-casos-de-exito-4-0-en-metalmadrid-robomatica-y-composites-madrid-2021\/\" >\n\t\t\t\tPonentes de primer nivel y casos de \u00e9xito 4.0 en MetalMadrid, Robom\u00e1tica y Composites Madrid 2021\t\t\t<\/a>\n\t\t<\/h3>\n\t\t\t\t<div class=\"elementor-post__excerpt\">\n\t\t\t<p>El evento l\u00edder en innovaci\u00f3n industrial presenta un avance de su programa de Congreso: dos salas de conferencias con 40 horas de contenidos, ponentes de<\/p>\n\t\t<\/div>\n\t\t\n\t\t<a class=\"elementor-post__read-more\" href=\"https:\/\/www.advancedmanufacturingmadrid.com\/es\/2021\/09\/23\/ponentes-de-primer-nivel-y-casos-de-exito-4-0-en-metalmadrid-robomatica-y-composites-madrid-2021\/\" aria-label=\"Read more about Ponentes de primer nivel y casos de \u00e9xito 4.0 en MetalMadrid, Robom\u00e1tica y Composites Madrid 2021\" tabindex=\"-1\" >\n\t\t\t&gt;&gt; Nota de prensa\t\t<\/a>\n\n\t\t\t\t<\/div>\n\t\t\t\t\t<\/div>\n\t\t<\/article>\n\t\t\t\t<article class=\"elementor-post elementor-grid-item post-54818 post type-post status-publish format-standard has-post-thumbnail hentry category-notas-de-prensa tag-500-empresas tag-alemania tag-cataluna tag-composites tag-comunidades-autonomas tag-francia tag-italia tag-madrid tag-metalmadrid-2 tag-pais-vasco tag-portugal tag-robomatica\" role=\"listitem\">\n\t\t\t<div class=\"elementor-post__card\">\n\t\t\t\t<a class=\"elementor-post__thumbnail__link\" href=\"https:\/\/www.advancedmanufacturingmadrid.com\/es\/2021\/08\/26\/cataluna-pais-vasco-y-madrid-las-comunidades-autonomas-con-mas-presencia-en-metalmadrid-robomatica-y-composites-madrid-2021\/\" tabindex=\"-1\" ><div class=\"elementor-post__thumbnail\"><img loading=\"lazy\" decoding=\"async\" width=\"1500\" height=\"1000\" src=\"https:\/\/easyfairsassets.com\/sites\/79\/2021\/06\/Metal-Madrid-27-nov-069_red.jpg\" class=\"attachment-full size-full wp-image-47177\" alt=\"CONGRESO\" srcset=\"https:\/\/easyfairsassets.com\/sites\/79\/2021\/06\/Metal-Madrid-27-nov-069_red.jpg 1500w, https:\/\/easyfairsassets.com\/sites\/79\/2021\/06\/Metal-Madrid-27-nov-069_red-300x200.jpg 300w, https:\/\/easyfairsassets.com\/sites\/79\/2021\/06\/Metal-Madrid-27-nov-069_red-1024x683.jpg 1024w, https:\/\/easyfairsassets.com\/sites\/79\/2021\/06\/Metal-Madrid-27-nov-069_red-768x512.jpg 768w\" sizes=\"(max-width: 1500px) 100vw, 1500px\" \/><\/div><\/a>\n\t\t\t\t<div class=\"elementor-post__text\">\n\t\t\t\t<h3 class=\"elementor-post__title\">\n\t\t\t<a href=\"https:\/\/www.advancedmanufacturingmadrid.com\/es\/2021\/08\/26\/cataluna-pais-vasco-y-madrid-las-comunidades-autonomas-con-mas-presencia-en-metalmadrid-robomatica-y-composites-madrid-2021\/\" >\n\t\t\t\tCatalu\u00f1a, Pa\u00eds vasco y Madrid, las comunidades aut\u00f3nomas con m\u00e1s presencia en MetalMadrid, Robom\u00e1tica y composites Madrid 2021\t\t\t<\/a>\n\t\t<\/h3>\n\t\t\t\t<div class=\"elementor-post__excerpt\">\n\t\t\t<p>M\u00e1s de 500 empresas nacionales e internacionales han confirmado su participaci\u00f3n en la pr\u00f3xima edici\u00f3n del evento de referencia en innovaci\u00f3n industrial, automatizaci\u00f3n y rob\u00f3tica,<\/p>\n\t\t<\/div>\n\t\t\n\t\t<a class=\"elementor-post__read-more\" href=\"https:\/\/www.advancedmanufacturingmadrid.com\/es\/2021\/08\/26\/cataluna-pais-vasco-y-madrid-las-comunidades-autonomas-con-mas-presencia-en-metalmadrid-robomatica-y-composites-madrid-2021\/\" aria-label=\"Read more about Catalu\u00f1a, Pa\u00eds vasco y Madrid, las comunidades aut\u00f3nomas con m\u00e1s presencia en MetalMadrid, Robom\u00e1tica y composites Madrid 2021\" tabindex=\"-1\" >\n\t\t\t&gt;&gt; Nota de prensa\t\t<\/a>\n\n\t\t\t\t<\/div>\n\t\t\t\t\t<\/div>\n\t\t<\/article>\n\t\t\t\t<article class=\"elementor-post elementor-grid-item post-47174 post type-post status-publish format-standard has-post-thumbnail hentry category-notas-de-prensa tag-additive tag-advanced-manufacturing tag-blechsurface tag-composites tag-connected tag-metalmadrid-2 tag-nueva-imagen tag-robomatica\" role=\"listitem\">\n\t\t\t<div class=\"elementor-post__card\">\n\t\t\t\t<a class=\"elementor-post__thumbnail__link\" href=\"https:\/\/www.advancedmanufacturingmadrid.com\/es\/2021\/06\/30\/metalmadrid-composites-y-robomatica-madrid-renuevan-su-imagen-y-lanzan-la-marca-advanced-manufacturing\/\" tabindex=\"-1\" ><div class=\"elementor-post__thumbnail\"><img loading=\"lazy\" decoding=\"async\" width=\"1500\" height=\"1000\" src=\"https:\/\/easyfairsassets.com\/sites\/79\/2021\/06\/Metal-Madrid-27-nov-069_red.jpg\" class=\"attachment-full size-full wp-image-47177\" alt=\"CONGRESO\" srcset=\"https:\/\/easyfairsassets.com\/sites\/79\/2021\/06\/Metal-Madrid-27-nov-069_red.jpg 1500w, https:\/\/easyfairsassets.com\/sites\/79\/2021\/06\/Metal-Madrid-27-nov-069_red-300x200.jpg 300w, https:\/\/easyfairsassets.com\/sites\/79\/2021\/06\/Metal-Madrid-27-nov-069_red-1024x683.jpg 1024w, https:\/\/easyfairsassets.com\/sites\/79\/2021\/06\/Metal-Madrid-27-nov-069_red-768x512.jpg 768w\" sizes=\"(max-width: 1500px) 100vw, 1500px\" \/><\/div><\/a>\n\t\t\t\t<div class=\"elementor-post__text\">\n\t\t\t\t<h3 class=\"elementor-post__title\">\n\t\t\t<a href=\"https:\/\/www.advancedmanufacturingmadrid.com\/es\/2021\/06\/30\/metalmadrid-composites-y-robomatica-madrid-renuevan-su-imagen-y-lanzan-la-marca-advanced-manufacturing\/\" >\n\t\t\t\tMETALMADRID, COMPOSITES Y ROBOM\u00c1TICA MADRID renuevan su imagen y lanzan la marca ADVANCED MANUFACTURING\t\t\t<\/a>\n\t\t<\/h3>\n\t\t\t\t<div class=\"elementor-post__excerpt\">\n\t\t\t<p>MetalMadrid, Composites y Robom\u00e1tica Madrid, las ferias l\u00edderes en transformaci\u00f3n industrial lanzan Advanced Manufacturing para unificar su amplia oferta en torno a una plataforma de<\/p>\n\t\t<\/div>\n\t\t\n\t\t<a class=\"elementor-post__read-more\" href=\"https:\/\/www.advancedmanufacturingmadrid.com\/es\/2021\/06\/30\/metalmadrid-composites-y-robomatica-madrid-renuevan-su-imagen-y-lanzan-la-marca-advanced-manufacturing\/\" aria-label=\"Read more about METALMADRID, COMPOSITES Y ROBOM\u00c1TICA MADRID renuevan su imagen y lanzan la marca ADVANCED MANUFACTURING\" tabindex=\"-1\" >\n\t\t\t&gt;&gt; Nota de prensa\t\t<\/a>\n\n\t\t\t\t<\/div>\n\t\t\t\t\t<\/div>\n\t\t<\/article>\n\t\t\t\t<article class=\"elementor-post elementor-grid-item post-44360 post type-post status-publish format-standard has-post-thumbnail hentry category-notas-de-prensa tag-economia tag-ferias tag-ferias-profesionales tag-global-exhibitions-day tag-herramientas-clave tag-regreso tag-ufi\" role=\"listitem\">\n\t\t\t<div class=\"elementor-post__card\">\n\t\t\t\t<a class=\"elementor-post__thumbnail__link\" href=\"https:\/\/www.advancedmanufacturingmadrid.com\/es\/2021\/06\/02\/el-global-exhibitions-day-celebra-el-regreso-de-las-ferias-como-herramientas-clave-para-impulsar-la-economia\/\" tabindex=\"-1\" ><div class=\"elementor-post__thumbnail\"><img loading=\"lazy\" decoding=\"async\" width=\"900\" height=\"600\" src=\"https:\/\/easyfairsassets.com\/sites\/79\/2021\/06\/Metal-Madrid-1-069.png\" class=\"attachment-full size-full wp-image-44363\" alt=\"Metal-Madrid-1-069\" srcset=\"https:\/\/easyfairsassets.com\/sites\/79\/2021\/06\/Metal-Madrid-1-069.png 900w, https:\/\/easyfairsassets.com\/sites\/79\/2021\/06\/Metal-Madrid-1-069-300x200.png 300w, https:\/\/easyfairsassets.com\/sites\/79\/2021\/06\/Metal-Madrid-1-069-768x512.png 768w\" sizes=\"(max-width: 900px) 100vw, 900px\" \/><\/div><\/a>\n\t\t\t\t<div class=\"elementor-post__text\">\n\t\t\t\t<h3 class=\"elementor-post__title\">\n\t\t\t<a href=\"https:\/\/www.advancedmanufacturingmadrid.com\/es\/2021\/06\/02\/el-global-exhibitions-day-celebra-el-regreso-de-las-ferias-como-herramientas-clave-para-impulsar-la-economia\/\" >\n\t\t\t\tEl Global Exhibitions Day celebra el regreso de las ferias como herramientas clave para impulsar la econom\u00eda\t\t\t<\/a>\n\t\t<\/h3>\n\t\t\t\t<div class=\"elementor-post__excerpt\">\n\t\t\t<p>El sector de las ferias profesionales aporta m\u00e1s de 5.000 millones de euros anuales a la econom\u00eda de nuestro pa\u00eds, seg\u00fan la Asociaci\u00f3n Espa\u00f1ola de<\/p>\n\t\t<\/div>\n\t\t\n\t\t<a class=\"elementor-post__read-more\" href=\"https:\/\/www.advancedmanufacturingmadrid.com\/es\/2021\/06\/02\/el-global-exhibitions-day-celebra-el-regreso-de-las-ferias-como-herramientas-clave-para-impulsar-la-economia\/\" aria-label=\"Read more about El Global Exhibitions Day celebra el regreso de las ferias como herramientas clave para impulsar la econom\u00eda\" tabindex=\"-1\" >\n\t\t\t&gt;&gt; Nota de prensa\t\t<\/a>\n\n\t\t\t\t<\/div>\n\t\t\t\t\t<\/div>\n\t\t<\/article>\n\t\t\t\t<article class=\"elementor-post elementor-grid-item post-42122 post type-post status-publish format-standard has-post-thumbnail hentry category-notas-de-prensa tag-digital-tech-congress tag-empack tag-empack-y-logistics-automation-madrid tag-logistics-automation tag-madrid tag-metalmadrid-y-composites-spain\" role=\"listitem\">\n\t\t\t<div class=\"elementor-post__card\">\n\t\t\t\t<a class=\"elementor-post__thumbnail__link\" href=\"https:\/\/www.advancedmanufacturingmadrid.com\/es\/2021\/05\/06\/metalmadrid-composites-madrid-y-robomatica-presentan-su-ii-digital-tech-congress\/\" tabindex=\"-1\" ><div class=\"elementor-post__thumbnail\"><img loading=\"lazy\" decoding=\"async\" width=\"1920\" height=\"960\" src=\"https:\/\/easyfairsassets.com\/sites\/79\/2021\/05\/DTC_2160x1080.png\" class=\"attachment-full size-full wp-image-42125\" alt=\"DTC_2160x1080\" srcset=\"https:\/\/easyfairsassets.com\/sites\/79\/2021\/05\/DTC_2160x1080.png 1920w, https:\/\/easyfairsassets.com\/sites\/79\/2021\/05\/DTC_2160x1080-300x150.png 300w, https:\/\/easyfairsassets.com\/sites\/79\/2021\/05\/DTC_2160x1080-1024x512.png 1024w, https:\/\/easyfairsassets.com\/sites\/79\/2021\/05\/DTC_2160x1080-768x384.png 768w, https:\/\/easyfairsassets.com\/sites\/79\/2021\/05\/DTC_2160x1080-1536x768.png 1536w\" sizes=\"(max-width: 1920px) 100vw, 1920px\" \/><\/div><\/a>\n\t\t\t\t<div class=\"elementor-post__text\">\n\t\t\t\t<h3 class=\"elementor-post__title\">\n\t\t\t<a href=\"https:\/\/www.advancedmanufacturingmadrid.com\/es\/2021\/05\/06\/metalmadrid-composites-madrid-y-robomatica-presentan-su-ii-digital-tech-congress\/\" >\n\t\t\t\tMetalmadrid, Composites Madrid y Robom\u00e1tica presentan su II Digital Tech Congress\t\t\t<\/a>\n\t\t<\/h3>\n\t\t\t\t<div class=\"elementor-post__excerpt\">\n\t\t\t<p>Los retos de la industria de la automoci\u00f3n y el veh\u00edculo del futuro, protagonistas del Manufacturing Digital Tech Congress \u201cemotion trends\u201d &nbsp;Sernauto, Stellantis, Gestamp, Grupo<\/p>\n\t\t<\/div>\n\t\t\n\t\t<a class=\"elementor-post__read-more\" href=\"https:\/\/www.advancedmanufacturingmadrid.com\/es\/2021\/05\/06\/metalmadrid-composites-madrid-y-robomatica-presentan-su-ii-digital-tech-congress\/\" aria-label=\"Read more about Metalmadrid, Composites Madrid y Robom\u00e1tica presentan su II Digital Tech Congress\" tabindex=\"-1\" >\n\t\t\t&gt;&gt; Nota de prensa\t\t<\/a>\n\n\t\t\t\t<\/div>\n\t\t\t\t\t<\/div>\n\t\t<\/article>\n\t\t\t\t<article class=\"elementor-post elementor-grid-item post-37187 post type-post status-publish format-standard has-post-thumbnail hentry category-notas-de-prensa tag-digital-tech-congress tag-empack tag-empack-y-logistics-automation-madrid tag-logistics-automation tag-madrid tag-metalmadrid-y-composites-spain\" role=\"listitem\">\n\t\t\t<div class=\"elementor-post__card\">\n\t\t\t\t<a class=\"elementor-post__thumbnail__link\" href=\"https:\/\/www.advancedmanufacturingmadrid.com\/es\/2021\/02\/17\/metalmadrid-empack-y-logistics-automation-presentan-su-primer-digital-tech-congress\/\" tabindex=\"-1\" ><div class=\"elementor-post__thumbnail\"><img loading=\"lazy\" decoding=\"async\" width=\"1920\" height=\"960\" src=\"https:\/\/easyfairsassets.com\/sites\/79\/2021\/02\/DigitalTechCongress_img.png\" class=\"attachment-full size-full wp-image-37190\" alt=\"DigitalTechCongress_img\" srcset=\"https:\/\/easyfairsassets.com\/sites\/79\/2021\/02\/DigitalTechCongress_img.png 1920w, https:\/\/easyfairsassets.com\/sites\/79\/2021\/02\/DigitalTechCongress_img-300x150.png 300w, https:\/\/easyfairsassets.com\/sites\/79\/2021\/02\/DigitalTechCongress_img-1024x512.png 1024w, https:\/\/easyfairsassets.com\/sites\/79\/2021\/02\/DigitalTechCongress_img-768x384.png 768w, https:\/\/easyfairsassets.com\/sites\/79\/2021\/02\/DigitalTechCongress_img-1536x768.png 1536w\" sizes=\"(max-width: 1920px) 100vw, 1920px\" \/><\/div><\/a>\n\t\t\t\t<div class=\"elementor-post__text\">\n\t\t\t\t<h3 class=\"elementor-post__title\">\n\t\t\t<a href=\"https:\/\/www.advancedmanufacturingmadrid.com\/es\/2021\/02\/17\/metalmadrid-empack-y-logistics-automation-presentan-su-primer-digital-tech-congress\/\" >\n\t\t\t\tMetalMadrid, Empack y Logistics &amp; Automation presentan su primer Digital Tech Congress\t\t\t<\/a>\n\t\t<\/h3>\n\t\t\t\t<div class=\"elementor-post__excerpt\">\n\t\t\t<p>\u00bfEvoluci\u00f3n o revoluci\u00f3n? Juntos hacia la automatizaci\u00f3n inteligente MetalMadrid, Empack y Logistics &amp; Automation presentan su primer Digital Tech Congress Tendr\u00e1 lugar el 24 de<\/p>\n\t\t<\/div>\n\t\t\n\t\t<a class=\"elementor-post__read-more\" href=\"https:\/\/www.advancedmanufacturingmadrid.com\/es\/2021\/02\/17\/metalmadrid-empack-y-logistics-automation-presentan-su-primer-digital-tech-congress\/\" aria-label=\"Read more about MetalMadrid, Empack y Logistics &amp; Automation presentan su primer Digital Tech Congress\" tabindex=\"-1\" >\n\t\t\t&gt;&gt; Nota de prensa\t\t<\/a>\n\n\t\t\t\t<\/div>\n\t\t\t\t\t<\/div>\n\t\t<\/article>\n\t\t\t\t<article class=\"elementor-post elementor-grid-item post-31543 post type-post status-publish format-standard has-post-thumbnail hentry category-notas-de-prensa tag-encuentro-industrial tag-metalmadrid-y-composites-spain\" role=\"listitem\">\n\t\t\t<div class=\"elementor-post__card\">\n\t\t\t\t<a class=\"elementor-post__thumbnail__link\" href=\"https:\/\/www.advancedmanufacturingmadrid.com\/es\/2020\/09\/07\/metalmadrid-y-composites-spain-aplazan-su-celebracion-a-noviembre-de-2021\/\" tabindex=\"-1\" ><div class=\"elementor-post__thumbnail\"><img loading=\"lazy\" decoding=\"async\" width=\"1920\" height=\"1280\" src=\"https:\/\/easyfairsassets.com\/sites\/79\/2020\/07\/Metal-Madrid-2-010.jpg\" class=\"attachment-full size-full wp-image-28707\" alt=\"Metal-Madrid-2-010\" srcset=\"https:\/\/easyfairsassets.com\/sites\/79\/2020\/07\/Metal-Madrid-2-010.jpg 1920w, https:\/\/easyfairsassets.com\/sites\/79\/2020\/07\/Metal-Madrid-2-010-300x200.jpg 300w, https:\/\/easyfairsassets.com\/sites\/79\/2020\/07\/Metal-Madrid-2-010-1024x683.jpg 1024w, https:\/\/easyfairsassets.com\/sites\/79\/2020\/07\/Metal-Madrid-2-010-768x512.jpg 768w, https:\/\/easyfairsassets.com\/sites\/79\/2020\/07\/Metal-Madrid-2-010-1536x1024.jpg 1536w\" sizes=\"(max-width: 1920px) 100vw, 1920px\" \/><\/div><\/a>\n\t\t\t\t<div class=\"elementor-post__text\">\n\t\t\t\t<h3 class=\"elementor-post__title\">\n\t\t\t<a href=\"https:\/\/www.advancedmanufacturingmadrid.com\/es\/2020\/09\/07\/metalmadrid-y-composites-spain-aplazan-su-celebracion-a-noviembre-de-2021\/\" >\n\t\t\t\tMetalMadrid y Composites Spain aplazan su celebraci\u00f3n a noviembre de 2021\t\t\t<\/a>\n\t\t<\/h3>\n\t\t\t\t<div class=\"elementor-post__excerpt\">\n\t\t\t<p>MetalMadrid y&nbsp;Composites Spain aplazan su celebraci\u00f3n a noviembre de 2021 Madrid, 7 de septiembre de 2020: Easyfairs Iberia, empresa organizadora de la feria l\u00edder en<\/p>\n\t\t<\/div>\n\t\t\n\t\t<a class=\"elementor-post__read-more\" href=\"https:\/\/www.advancedmanufacturingmadrid.com\/es\/2020\/09\/07\/metalmadrid-y-composites-spain-aplazan-su-celebracion-a-noviembre-de-2021\/\" aria-label=\"Read more about MetalMadrid y Composites Spain aplazan su celebraci\u00f3n a noviembre de 2021\" tabindex=\"-1\" >\n\t\t\t&gt;&gt; Nota de prensa\t\t<\/a>\n\n\t\t\t\t<\/div>\n\t\t\t\t\t<\/div>\n\t\t<\/article>\n\t\t\t\t<article class=\"elementor-post elementor-grid-item post-28697 post type-post status-publish format-standard has-post-thumbnail hentry category-notas-de-prensa tag-encuentro-industrial tag-metalmadrid-y-composites-spain tag-registro\" role=\"listitem\">\n\t\t\t<div class=\"elementor-post__card\">\n\t\t\t\t<a class=\"elementor-post__thumbnail__link\" href=\"https:\/\/www.advancedmanufacturingmadrid.com\/es\/2020\/07\/21\/se-abre-el-plazo-de-registro-para-el-primer-encuentro-industrial-del-ano-metalmadrid-y-composites-spain\/\" tabindex=\"-1\" ><div class=\"elementor-post__thumbnail\"><img loading=\"lazy\" decoding=\"async\" width=\"1920\" height=\"1280\" src=\"https:\/\/easyfairsassets.com\/sites\/79\/2020\/07\/Metal-Madrid-27-nov-028.jpg\" class=\"attachment-full size-full wp-image-26745\" alt=\"Metal-Madrid-27-nov-028\" srcset=\"https:\/\/easyfairsassets.com\/sites\/79\/2020\/07\/Metal-Madrid-27-nov-028.jpg 1920w, https:\/\/easyfairsassets.com\/sites\/79\/2020\/07\/Metal-Madrid-27-nov-028-300x200.jpg 300w, https:\/\/easyfairsassets.com\/sites\/79\/2020\/07\/Metal-Madrid-27-nov-028-1024x683.jpg 1024w, https:\/\/easyfairsassets.com\/sites\/79\/2020\/07\/Metal-Madrid-27-nov-028-768x512.jpg 768w, https:\/\/easyfairsassets.com\/sites\/79\/2020\/07\/Metal-Madrid-27-nov-028-1536x1024.jpg 1536w\" sizes=\"(max-width: 1920px) 100vw, 1920px\" \/><\/div><\/a>\n\t\t\t\t<div class=\"elementor-post__text\">\n\t\t\t\t<h3 class=\"elementor-post__title\">\n\t\t\t<a href=\"https:\/\/www.advancedmanufacturingmadrid.com\/es\/2020\/07\/21\/se-abre-el-plazo-de-registro-para-el-primer-encuentro-industrial-del-ano-metalmadrid-y-composites-spain\/\" >\n\t\t\t\tSe abre el plazo de registro para el primer encuentro industrial del a\u00f1o: MetalMadrid y Composites Spain\t\t\t<\/a>\n\t\t<\/h3>\n\t\t\t\t<div class=\"elementor-post__excerpt\">\n\t\t\t<p>SE ABRE EL PLAZO DE REGISTRO PARA EL PRIMER ENCUENTRO INDUSTRIAL DEL A\u00d1O: METALMADRID Y COMPOSITES SPAIN El evento, l\u00edder en innovaci\u00f3n industrial y materiales<\/p>\n\t\t<\/div>\n\t\t\n\t\t<a class=\"elementor-post__read-more\" href=\"https:\/\/www.advancedmanufacturingmadrid.com\/es\/2020\/07\/21\/se-abre-el-plazo-de-registro-para-el-primer-encuentro-industrial-del-ano-metalmadrid-y-composites-spain\/\" aria-label=\"Read more about Se abre el plazo de registro para el primer encuentro industrial del a\u00f1o: MetalMadrid y Composites Spain\" tabindex=\"-1\" >\n\t\t\t&gt;&gt; Nota de prensa\t\t<\/a>\n\n\t\t\t\t<\/div>\n\t\t\t\t\t<\/div>\n\t\t<\/article>\n\t\t\t\t<article class=\"elementor-post elementor-grid-item post-18295 post type-post status-publish format-standard has-post-thumbnail hentry category-covid-19 category-notas-de-prensa tag-covid-19 tag-ferias-profesionales tag-global-exhibitons-day tag-reactivar-la-economia\" role=\"listitem\">\n\t\t\t<div class=\"elementor-post__card\">\n\t\t\t\t<a class=\"elementor-post__thumbnail__link\" href=\"https:\/\/www.advancedmanufacturingmadrid.com\/es\/2020\/06\/03\/el-global-exhibitons-day-reivindica-el-papel-de-las-ferias-profesionales-para-reactivar-la-economia-tras-la-crisis-del-covid-19\/\" tabindex=\"-1\" ><div class=\"elementor-post__thumbnail\"><img loading=\"lazy\" decoding=\"async\" width=\"1000\" height=\"1000\" src=\"https:\/\/easyfairsassets.com\/sites\/79\/2020\/06\/GED2020SocialPostsEF_1.jpg\" class=\"attachment-full size-full wp-image-18315\" alt=\"GED2020SocialPostsEF_1\" srcset=\"https:\/\/easyfairsassets.com\/sites\/79\/2020\/06\/GED2020SocialPostsEF_1.jpg 1000w, https:\/\/easyfairsassets.com\/sites\/79\/2020\/06\/GED2020SocialPostsEF_1-300x300.jpg 300w, https:\/\/easyfairsassets.com\/sites\/79\/2020\/06\/GED2020SocialPostsEF_1-150x150.jpg 150w, https:\/\/easyfairsassets.com\/sites\/79\/2020\/06\/GED2020SocialPostsEF_1-768x768.jpg 768w\" sizes=\"(max-width: 1000px) 100vw, 1000px\" \/><\/div><\/a>\n\t\t\t\t<div class=\"elementor-post__text\">\n\t\t\t\t<h3 class=\"elementor-post__title\">\n\t\t\t<a href=\"https:\/\/www.advancedmanufacturingmadrid.com\/es\/2020\/06\/03\/el-global-exhibitons-day-reivindica-el-papel-de-las-ferias-profesionales-para-reactivar-la-economia-tras-la-crisis-del-covid-19\/\" >\n\t\t\t\tEl Global Exhibitons Day reivindica el papel de las ferias profesionales para reactivar la econom\u00eda tras la crisis del COVID-19\t\t\t<\/a>\n\t\t<\/h3>\n\t\t\t\t<div class=\"elementor-post__excerpt\">\n\t\t\t<p>EL GLOBAL EXHIBITIONS DAY REIVINDICA EL PAPEL DE LAS FERIAS PROFESIONALES PARA REACTIVAR LA ECONOM\u00cdA TRAS LA CRISIS DEL COVID-19 A nivel mundial se celebran<\/p>\n\t\t<\/div>\n\t\t\n\t\t<a class=\"elementor-post__read-more\" href=\"https:\/\/www.advancedmanufacturingmadrid.com\/es\/2020\/06\/03\/el-global-exhibitons-day-reivindica-el-papel-de-las-ferias-profesionales-para-reactivar-la-economia-tras-la-crisis-del-covid-19\/\" aria-label=\"Read more about El Global Exhibitons Day reivindica el papel de las ferias profesionales para reactivar la econom\u00eda tras la crisis del COVID-19\" tabindex=\"-1\" >\n\t\t\t&gt;&gt; Nota de prensa\t\t<\/a>\n\n\t\t\t\t<\/div>\n\t\t\t\t\t<\/div>\n\t\t<\/article>\n\t\t\t\t<article class=\"elementor-post elementor-grid-item post-17799 post type-post status-publish format-standard has-post-thumbnail hentry category-notas-de-prensa tag-composites-spain tag-contactless tag-metalmadrid-2 tag-smart-badge\" role=\"listitem\">\n\t\t\t<div class=\"elementor-post__card\">\n\t\t\t\t<a class=\"elementor-post__thumbnail__link\" href=\"https:\/\/www.advancedmanufacturingmadrid.com\/es\/2020\/05\/26\/metalmadrid-y-composites-spain-potencian-la-tecnologia-contactless-con-el-smart-badge-en-su-proxima-edicion\/\" tabindex=\"-1\" ><div class=\"elementor-post__thumbnail\"><img loading=\"lazy\" decoding=\"async\" width=\"1317\" height=\"874\" src=\"https:\/\/easyfairsassets.com\/sites\/79\/2020\/05\/no-contat2.png\" class=\"attachment-full size-full wp-image-17805\" alt=\"no-contat2\" srcset=\"https:\/\/easyfairsassets.com\/sites\/79\/2020\/05\/no-contat2.png 1317w, https:\/\/easyfairsassets.com\/sites\/79\/2020\/05\/no-contat2-300x199.png 300w, https:\/\/easyfairsassets.com\/sites\/79\/2020\/05\/no-contat2-1024x680.png 1024w, https:\/\/easyfairsassets.com\/sites\/79\/2020\/05\/no-contat2-768x510.png 768w\" sizes=\"(max-width: 1317px) 100vw, 1317px\" \/><\/div><\/a>\n\t\t\t\t<div class=\"elementor-post__text\">\n\t\t\t\t<h3 class=\"elementor-post__title\">\n\t\t\t<a href=\"https:\/\/www.advancedmanufacturingmadrid.com\/es\/2020\/05\/26\/metalmadrid-y-composites-spain-potencian-la-tecnologia-contactless-con-el-smart-badge-en-su-proxima-edicion\/\" >\n\t\t\t\tMetalMadrid y Composites Spain potencian la tecnolog\u00eda contactless con el Smart Badge en su pr\u00f3xima edici\u00f3n\t\t\t<\/a>\n\t\t<\/h3>\n\t\t\t\t<div class=\"elementor-post__excerpt\">\n\t\t\t<p>METALMADRID Y COMPOSITES SPAIN POTENCIAN LA TECNOLOG\u00cdA CONTACTLESS CON EL SMART BADGE EN SU PR\u00d3XIMA EDICI\u00d3N El grupo Easyfairs es pionero en el uso de<\/p>\n\t\t<\/div>\n\t\t\n\t\t<a class=\"elementor-post__read-more\" href=\"https:\/\/www.advancedmanufacturingmadrid.com\/es\/2020\/05\/26\/metalmadrid-y-composites-spain-potencian-la-tecnologia-contactless-con-el-smart-badge-en-su-proxima-edicion\/\" aria-label=\"Read more about MetalMadrid y Composites Spain potencian la tecnolog\u00eda contactless con el Smart Badge en su pr\u00f3xima edici\u00f3n\" tabindex=\"-1\" >\n\t\t\t&gt;&gt; Nota de prensa\t\t<\/a>\n\n\t\t\t\t<\/div>\n\t\t\t\t\t<\/div>\n\t\t<\/article>\n\t\t\t\t<article class=\"elementor-post elementor-grid-item post-13839 post type-post status-publish format-standard has-post-thumbnail hentry category-covid-19 category-notas-de-prensa\" role=\"listitem\">\n\t\t\t<div class=\"elementor-post__card\">\n\t\t\t\t<a class=\"elementor-post__thumbnail__link\" href=\"https:\/\/www.advancedmanufacturingmadrid.com\/es\/2020\/04\/28\/metalmadrid-reunira-a-los-principales-fabricantes-de-equipos-de-proteccion-individual-en-su-proxima-edicion\/\" tabindex=\"-1\" ><div class=\"elementor-post__thumbnail\"><img loading=\"lazy\" decoding=\"async\" width=\"1000\" height=\"1500\" src=\"https:\/\/easyfairsassets.com\/sites\/79\/2020\/04\/EPI-Hoffman.jpg\" class=\"attachment-full size-full wp-image-13844\" alt=\"EPI-Hoffman\" srcset=\"https:\/\/easyfairsassets.com\/sites\/79\/2020\/04\/EPI-Hoffman.jpg 1000w, https:\/\/easyfairsassets.com\/sites\/79\/2020\/04\/EPI-Hoffman-200x300.jpg 200w, https:\/\/easyfairsassets.com\/sites\/79\/2020\/04\/EPI-Hoffman-683x1024.jpg 683w, https:\/\/easyfairsassets.com\/sites\/79\/2020\/04\/EPI-Hoffman-768x1152.jpg 768w\" sizes=\"(max-width: 1000px) 100vw, 1000px\" \/><\/div><\/a>\n\t\t\t\t<div class=\"elementor-post__text\">\n\t\t\t\t<h3 class=\"elementor-post__title\">\n\t\t\t<a href=\"https:\/\/www.advancedmanufacturingmadrid.com\/es\/2020\/04\/28\/metalmadrid-reunira-a-los-principales-fabricantes-de-equipos-de-proteccion-individual-en-su-proxima-edicion\/\" >\n\t\t\t\tMetalMadrid reunir\u00e1 a los principales fabricantes de Equipos de Protecci\u00f3n Individual en su pr\u00f3xima edici\u00f3n\t\t\t<\/a>\n\t\t<\/h3>\n\t\t\t\t<div class=\"elementor-post__excerpt\">\n\t\t\t<p>METALMADRID REUNIR\u00c1 A LOS PRINCIPALES FABRICANTES DE EQUIPOS DE PROTECCI\u00d3N INDIVIDUAL EN SU PR\u00d3XIMA EDICI\u00d3N En el D\u00eda Mundial de la Seguridad y Salud en<\/p>\n\t\t<\/div>\n\t\t\n\t\t<a class=\"elementor-post__read-more\" href=\"https:\/\/www.advancedmanufacturingmadrid.com\/es\/2020\/04\/28\/metalmadrid-reunira-a-los-principales-fabricantes-de-equipos-de-proteccion-individual-en-su-proxima-edicion\/\" aria-label=\"Read more about MetalMadrid reunir\u00e1 a los principales fabricantes de Equipos de Protecci\u00f3n Individual en su pr\u00f3xima edici\u00f3n\" tabindex=\"-1\" >\n\t\t\t&gt;&gt; Nota de prensa\t\t<\/a>\n\n\t\t\t\t<\/div>\n\t\t\t\t\t<\/div>\n\t\t<\/article>\n\t\t\t\t<article class=\"elementor-post elementor-grid-item post-12352 post type-post status-publish format-standard has-post-thumbnail hentry category-covid-19 category-notas-de-prensa\" role=\"listitem\">\n\t\t\t<div class=\"elementor-post__card\">\n\t\t\t\t<a class=\"elementor-post__thumbnail__link\" href=\"https:\/\/www.advancedmanufacturingmadrid.com\/es\/2020\/04\/16\/la-fabricacion-aditiva-y-la-impresion-3d-respuesta-rapida-y-flexible-en-la-lucha-contra-el-covid-19\/\" tabindex=\"-1\" ><div class=\"elementor-post__thumbnail\"><img loading=\"lazy\" decoding=\"async\" width=\"1920\" height=\"1440\" src=\"https:\/\/easyfairsassets.com\/sites\/79\/2020\/04\/Salesianos1-1.jpeg\" class=\"attachment-full size-full wp-image-12363\" alt=\"Salesianos1-1\" srcset=\"https:\/\/easyfairsassets.com\/sites\/79\/2020\/04\/Salesianos1-1.jpeg 1920w, https:\/\/easyfairsassets.com\/sites\/79\/2020\/04\/Salesianos1-1-300x225.jpeg 300w, https:\/\/easyfairsassets.com\/sites\/79\/2020\/04\/Salesianos1-1-1024x768.jpeg 1024w, https:\/\/easyfairsassets.com\/sites\/79\/2020\/04\/Salesianos1-1-768x576.jpeg 768w, https:\/\/easyfairsassets.com\/sites\/79\/2020\/04\/Salesianos1-1-1536x1152.jpeg 1536w\" sizes=\"(max-width: 1920px) 100vw, 1920px\" \/><\/div><\/a>\n\t\t\t\t<div class=\"elementor-post__text\">\n\t\t\t\t<h3 class=\"elementor-post__title\">\n\t\t\t<a href=\"https:\/\/www.advancedmanufacturingmadrid.com\/es\/2020\/04\/16\/la-fabricacion-aditiva-y-la-impresion-3d-respuesta-rapida-y-flexible-en-la-lucha-contra-el-covid-19\/\" >\n\t\t\t\tLa fabricaci\u00f3n aditiva y la impresi\u00f3n 3D, respuesta r\u00e1pida y flexible en la lucha contra el COVID-19\t\t\t<\/a>\n\t\t<\/h3>\n\t\t\t\t<div class=\"elementor-post__excerpt\">\n\t\t\t<p>La fabricaci\u00f3n aditiva y la impresi\u00f3n 3D se han revelado como una soluci\u00f3n r\u00e1pida y flexible para dar respuesta a las imperiosas necesidades del sector<\/p>\n\t\t<\/div>\n\t\t\n\t\t<a class=\"elementor-post__read-more\" href=\"https:\/\/www.advancedmanufacturingmadrid.com\/es\/2020\/04\/16\/la-fabricacion-aditiva-y-la-impresion-3d-respuesta-rapida-y-flexible-en-la-lucha-contra-el-covid-19\/\" aria-label=\"Read more about La fabricaci\u00f3n aditiva y la impresi\u00f3n 3D, respuesta r\u00e1pida y flexible en la lucha contra el COVID-19\" tabindex=\"-1\" >\n\t\t\t&gt;&gt; Nota de prensa\t\t<\/a>\n\n\t\t\t\t<\/div>\n\t\t\t\t\t<\/div>\n\t\t<\/article>\n\t\t\t\t<article class=\"elementor-post elementor-grid-item post-9878 post type-post status-publish format-standard has-post-thumbnail hentry category-covid-19 category-notas-de-prensa tag-352\" role=\"listitem\">\n\t\t\t<div class=\"elementor-post__card\">\n\t\t\t\t<a class=\"elementor-post__thumbnail__link\" href=\"https:\/\/www.advancedmanufacturingmadrid.com\/es\/2020\/03\/19\/easyfairs-pone-a-disposicion-de-las-autoridades-sus-recintos-feriales-en-belgica-suecia-y-los-paises-bajos\/\" tabindex=\"-1\" ><div class=\"elementor-post__thumbnail\"><img loading=\"lazy\" decoding=\"async\" width=\"1104\" height=\"736\" src=\"https:\/\/easyfairsassets.com\/sites\/79\/2020\/03\/Foto-Easyfairs.jpg\" class=\"attachment-full size-full wp-image-9948\" alt=\"Metal-Madrid-2-010\" srcset=\"https:\/\/easyfairsassets.com\/sites\/79\/2020\/03\/Foto-Easyfairs.jpg 1104w, https:\/\/easyfairsassets.com\/sites\/79\/2020\/03\/Foto-Easyfairs-300x200.jpg 300w, https:\/\/easyfairsassets.com\/sites\/79\/2020\/03\/Foto-Easyfairs-1024x683.jpg 1024w, https:\/\/easyfairsassets.com\/sites\/79\/2020\/03\/Foto-Easyfairs-768x512.jpg 768w\" sizes=\"(max-width: 1104px) 100vw, 1104px\" \/><\/div><\/a>\n\t\t\t\t<div class=\"elementor-post__text\">\n\t\t\t\t<h3 class=\"elementor-post__title\">\n\t\t\t<a href=\"https:\/\/www.advancedmanufacturingmadrid.com\/es\/2020\/03\/19\/easyfairs-pone-a-disposicion-de-las-autoridades-sus-recintos-feriales-en-belgica-suecia-y-los-paises-bajos\/\" >\n\t\t\t\tEasyfairs pone a disposici\u00f3n de las autoridades sus recintos feriales en B\u00e9lgica, Suecia y los Pa\u00edses Bajos\t\t\t<\/a>\n\t\t<\/h3>\n\t\t\t\t<div class=\"elementor-post__excerpt\">\n\t\t\t<p>19 de marzo de 2020 &#8211; Easyfairs, compa\u00f1\u00eda organizadora de m\u00e1s de 200 ferias, eventos y exposiciones en 14 pa\u00edses y que gestiona diez recintos<\/p>\n\t\t<\/div>\n\t\t\n\t\t<a class=\"elementor-post__read-more\" href=\"https:\/\/www.advancedmanufacturingmadrid.com\/es\/2020\/03\/19\/easyfairs-pone-a-disposicion-de-las-autoridades-sus-recintos-feriales-en-belgica-suecia-y-los-paises-bajos\/\" aria-label=\"Read more about Easyfairs pone a disposici\u00f3n de las autoridades sus recintos feriales en B\u00e9lgica, Suecia y los Pa\u00edses Bajos\" tabindex=\"-1\" >\n\t\t\t&gt;&gt; Nota de prensa\t\t<\/a>\n\n\t\t\t\t<\/div>\n\t\t\t\t\t<\/div>\n\t\t<\/article>\n\t\t\t\t<article class=\"elementor-post elementor-grid-item post-8963 post type-post status-publish format-standard has-post-thumbnail hentry category-notas-de-prensa\" role=\"listitem\">\n\t\t\t<div class=\"elementor-post__card\">\n\t\t\t\t<a class=\"elementor-post__thumbnail__link\" href=\"https:\/\/www.advancedmanufacturingmadrid.com\/es\/2020\/03\/10\/la-apuesta-por-la-eficiencia-energetica-presente-en-metalmadrid-y-composites-spain\/\" tabindex=\"-1\" ><div class=\"elementor-post__thumbnail\"><img loading=\"lazy\" decoding=\"async\" width=\"1920\" height=\"1280\" src=\"https:\/\/easyfairsassets.com\/sites\/79\/2020\/03\/Metal-Madrid-2-010.jpg\" class=\"attachment-full size-full wp-image-8967\" alt=\"Metal-Madrid-2-010\" srcset=\"https:\/\/easyfairsassets.com\/sites\/79\/2020\/03\/Metal-Madrid-2-010.jpg 1920w, https:\/\/easyfairsassets.com\/sites\/79\/2020\/03\/Metal-Madrid-2-010-300x200.jpg 300w, https:\/\/easyfairsassets.com\/sites\/79\/2020\/03\/Metal-Madrid-2-010-1024x683.jpg 1024w, https:\/\/easyfairsassets.com\/sites\/79\/2020\/03\/Metal-Madrid-2-010-768x512.jpg 768w, https:\/\/easyfairsassets.com\/sites\/79\/2020\/03\/Metal-Madrid-2-010-1536x1024.jpg 1536w\" sizes=\"(max-width: 1920px) 100vw, 1920px\" \/><\/div><\/a>\n\t\t\t\t<div class=\"elementor-post__text\">\n\t\t\t\t<h3 class=\"elementor-post__title\">\n\t\t\t<a href=\"https:\/\/www.advancedmanufacturingmadrid.com\/es\/2020\/03\/10\/la-apuesta-por-la-eficiencia-energetica-presente-en-metalmadrid-y-composites-spain\/\" >\n\t\t\t\tLa apuesta por la eficiencia energ\u00e9tica presente en MetalMadrid y Composites Spain\t\t\t<\/a>\n\t\t<\/h3>\n\t\t\t\t<div class=\"elementor-post__excerpt\">\n\t\t\t<p>LA APUESTA POR LA EFICIENCIA ENERG\u00c9TICA PRESENTE EN METALMADRID Y COMPOSITES SPAIN Compa\u00f1\u00edas l\u00edderes en el sector mostrar\u00e1n las \u00faltimas tendencias sobre eficiencia energ\u00e9tica. Connected<\/p>\n\t\t<\/div>\n\t\t\n\t\t<a class=\"elementor-post__read-more\" href=\"https:\/\/www.advancedmanufacturingmadrid.com\/es\/2020\/03\/10\/la-apuesta-por-la-eficiencia-energetica-presente-en-metalmadrid-y-composites-spain\/\" aria-label=\"Read more about La apuesta por la eficiencia energ\u00e9tica presente en MetalMadrid y Composites Spain\" tabindex=\"-1\" >\n\t\t\t&gt;&gt; Nota de prensa\t\t<\/a>\n\n\t\t\t\t<\/div>\n\t\t\t\t\t<\/div>\n\t\t<\/article>\n\t\t\t\t<article class=\"elementor-post elementor-grid-item post-6734 post type-post status-publish format-standard has-post-thumbnail hentry category-notas-de-prensa\" role=\"listitem\">\n\t\t\t<div class=\"elementor-post__card\">\n\t\t\t\t<a class=\"elementor-post__thumbnail__link\" href=\"https:\/\/www.advancedmanufacturingmadrid.com\/es\/2020\/02\/17\/nota-de-prensa-1\/\" tabindex=\"-1\" ><div class=\"elementor-post__thumbnail\"><img loading=\"lazy\" decoding=\"async\" width=\"1920\" height=\"1280\" src=\"https:\/\/easyfairsassets.com\/sites\/79\/2020\/02\/Metal-Madrid-1-169-ok.jpg\" class=\"attachment-full size-full wp-image-6797\" alt=\"Metal-Madrid-1-169 ok\" srcset=\"https:\/\/easyfairsassets.com\/sites\/79\/2020\/02\/Metal-Madrid-1-169-ok.jpg 1920w, https:\/\/easyfairsassets.com\/sites\/79\/2020\/02\/Metal-Madrid-1-169-ok-300x200.jpg 300w, https:\/\/easyfairsassets.com\/sites\/79\/2020\/02\/Metal-Madrid-1-169-ok-1024x683.jpg 1024w, https:\/\/easyfairsassets.com\/sites\/79\/2020\/02\/Metal-Madrid-1-169-ok-768x512.jpg 768w, https:\/\/easyfairsassets.com\/sites\/79\/2020\/02\/Metal-Madrid-1-169-ok-1536x1024.jpg 1536w\" sizes=\"(max-width: 1920px) 100vw, 1920px\" \/><\/div><\/a>\n\t\t\t\t<div class=\"elementor-post__text\">\n\t\t\t\t<h3 class=\"elementor-post__title\">\n\t\t\t<a href=\"https:\/\/www.advancedmanufacturingmadrid.com\/es\/2020\/02\/17\/nota-de-prensa-1\/\" >\n\t\t\t\tMETALMADRID POTENCIAR\u00c1 EL PROTAGONISMO DE COMPOSITES SPAIN EN SU XIII EDICI\u00d3N\t\t\t<\/a>\n\t\t<\/h3>\n\t\t\t\t<div class=\"elementor-post__excerpt\">\n\t\t\t<p>La feria pasar\u00e1 a ocupar 3 pabellones de IFEMA, en lugar de dos, con una superficie expositiva de 34.000 m2, un 21% m\u00e1s que en<\/p>\n\t\t<\/div>\n\t\t\n\t\t<a class=\"elementor-post__read-more\" href=\"https:\/\/www.advancedmanufacturingmadrid.com\/es\/2020\/02\/17\/nota-de-prensa-1\/\" aria-label=\"Read more about METALMADRID POTENCIAR\u00c1 EL PROTAGONISMO DE COMPOSITES SPAIN EN SU XIII EDICI\u00d3N\" tabindex=\"-1\" >\n\t\t\t&gt;&gt; Nota de prensa\t\t<\/a>\n\n\t\t\t\t<\/div>\n\t\t\t\t\t<\/div>\n\t\t<\/article>\n\t\t\t\t<article class=\"elementor-post elementor-grid-item post-11389 post type-post status-publish format-standard has-post-thumbnail hentry category-notas-de-prensa\" role=\"listitem\">\n\t\t\t<div class=\"elementor-post__card\">\n\t\t\t\t<a class=\"elementor-post__thumbnail__link\" href=\"https:\/\/www.advancedmanufacturingmadrid.com\/es\/2019\/03\/26\/a-9-meses-de-su-celebracion-metalmadrid-ya-cuenta-con-el-90-de-su-espacio-ocupado\/\" tabindex=\"-1\" ><div class=\"elementor-post__thumbnail\"><img loading=\"lazy\" decoding=\"async\" width=\"200\" height=\"200\" src=\"https:\/\/easyfairsassets.com\/sites\/79\/2020\/04\/logo-mm19-v3.png\" class=\"attachment-full size-full wp-image-11391\" alt=\"logo-mm19-v3\" srcset=\"https:\/\/easyfairsassets.com\/sites\/79\/2020\/04\/logo-mm19-v3.png 200w, https:\/\/easyfairsassets.com\/sites\/79\/2020\/04\/logo-mm19-v3-150x150.png 150w\" sizes=\"(max-width: 200px) 100vw, 200px\" \/><\/div><\/a>\n\t\t\t\t<div class=\"elementor-post__text\">\n\t\t\t\t<h3 class=\"elementor-post__title\">\n\t\t\t<a href=\"https:\/\/www.advancedmanufacturingmadrid.com\/es\/2019\/03\/26\/a-9-meses-de-su-celebracion-metalmadrid-ya-cuenta-con-el-90-de-su-espacio-ocupado\/\" >\n\t\t\t\tA 9 meses de su celebraci\u00f3n, MetalMadrid ya cuenta con el 90% de su espacio ocupado\t\t\t<\/a>\n\t\t<\/h3>\n\t\t\t\t<div class=\"elementor-post__excerpt\">\n\t\t\t<p>Tras el \u00e9xito de la pasada edici\u00f3n y debido a la alta demanda de espacios para 2019, la organizaci\u00f3n ha decidido ampliar en m\u00e1s de<\/p>\n\t\t<\/div>\n\t\t\n\t\t<a class=\"elementor-post__read-more\" href=\"https:\/\/www.advancedmanufacturingmadrid.com\/es\/2019\/03\/26\/a-9-meses-de-su-celebracion-metalmadrid-ya-cuenta-con-el-90-de-su-espacio-ocupado\/\" aria-label=\"Read more about A 9 meses de su celebraci\u00f3n, MetalMadrid ya cuenta con el 90% de su espacio ocupado\" tabindex=\"-1\" >\n\t\t\t&gt;&gt; Nota de prensa\t\t<\/a>\n\n\t\t\t\t<\/div>\n\t\t\t\t\t<\/div>\n\t\t<\/article>\n\t\t\t\t<\/div>\n\t\t\n\t\t\t\t\t\t<\/div>\n\t\t\t\t<\/div>\n\t\t\t\t\t<\/div>\n\t\t<\/div>\n\t\t\t\t\t<\/div>\n\t\t<\/section>\n\t\t\t\t<section class=\"elementor-section elementor-top-section elementor-element elementor-element-328057d elementor-section-full_width elementor-section-height-default elementor-section-height-default\" data-id=\"328057d\" data-element_type=\"section\" data-settings=\"{&quot;background_background&quot;:&quot;classic&quot;}\">\n\t\t\t\t\t\t\t<div class=\"elementor-background-overlay\"><\/div>\n\t\t\t\t\t\t\t<div class=\"elementor-container elementor-column-gap-default\">\n\t\t\t\t\t<div class=\"elementor-column elementor-col-100 elementor-top-column elementor-element elementor-element-00a57b8\" data-id=\"00a57b8\" data-element_type=\"column\">\n\t\t\t<div class=\"elementor-widget-wrap elementor-element-populated\">\n\t\t\t\t\t\t<div class=\"elementor-element elementor-element-e7e4d3a elementor-widget elementor-widget-heading\" data-id=\"e7e4d3a\" data-element_type=\"widget\" data-widget_type=\"heading.default\">\n\t\t\t\t<div class=\"elementor-widget-container\">\n\t\t\t\t\t<h3 class=\"elementor-heading-title elementor-size-default\">Conoce m\u00e1s sobre Advanced Manufacturing<\/h3>\t\t\t\t<\/div>\n\t\t\t\t<\/div>\n\t\t\t\t<section class=\"elementor-section elementor-inner-section elementor-element elementor-element-cd4b005 elementor-section-full_width elementor-section-height-default elementor-section-height-default\" data-id=\"cd4b005\" data-element_type=\"section\">\n\t\t\t\t\t\t<div class=\"elementor-container elementor-column-gap-default\">\n\t\t\t\t\t<div class=\"elementor-column elementor-col-33 elementor-inner-column elementor-element elementor-element-85aabd5\" data-id=\"85aabd5\" data-element_type=\"column\">\n\t\t\t<div class=\"elementor-widget-wrap elementor-element-populated\">\n\t\t\t\t\t\t<div class=\"elementor-element elementor-element-51adf83 elementor-flip-box--effect-push elementor-flip-box--direction-up elementor-widget elementor-widget-flip-box\" data-id=\"51adf83\" data-element_type=\"widget\" data-widget_type=\"flip-box.default\">\n\t\t\t\t<div class=\"elementor-widget-container\">\n\t\t\t\t\t\t\t<div class=\"elementor-flip-box\" tabindex=\"0\">\n\t\t\t<div class=\"elementor-flip-box__layer elementor-flip-box__front\">\n\t\t\t\t<div class=\"elementor-flip-box__layer__overlay\">\n\t\t\t\t\t<div class=\"elementor-flip-box__layer__inner\">\n\t\t\t\t\t\t\n\t\t\t\t\t\t\t\t\t\t\t\t\t<h3 class=\"elementor-flip-box__layer__title\">\n\t\t\t\t\t\t\t\tReserva tu stand\t\t\t\t\t\t\t<\/h3>\n\t\t\t\t\t\t\n\t\t\t\t\t\t\t\t\t\t\t<\/div>\n\t\t\t\t<\/div>\n\t\t\t<\/div>\n\t\t\t<div class=\"elementor-flip-box__layer elementor-flip-box__back\">\n\t\t\t<div class=\"elementor-flip-box__layer__overlay\">\n\t\t\t\t<div class=\"elementor-flip-box__layer__inner\">\n\t\t\t\t\t\n\t\t\t\t\t\t\t\t\t\t\t<div class=\"elementor-flip-box__layer__description\">\n\t\t\t\t\t\t\tReserva ya tu espacio para la siguiente edici\u00f3n de Advanced Manufacturing Madrid\t\t\t\t\t\t<\/div>\n\t\t\t\t\t\n\t\t\t\t\t\t\t\t\t\t\t<a class=\"elementor-flip-box__button elementor-button elementor-size-xs\" href=\"https:\/\/www.advancedmanufacturingmadrid.com\/es\/exponer\/\">\n\t\t\t\t\t\t\tRESERVA TU STAND\t\t\t\t\t\t<\/a>\n\t\t\t\t\t\t\t\t<\/div>\n\t\t<\/div>\n\t\t<\/div>\n\t\t<\/div>\n\t\t\t\t\t\t<\/div>\n\t\t\t\t<\/div>\n\t\t\t\t\t<\/div>\n\t\t<\/div>\n\t\t\t\t<div class=\"elementor-column elementor-col-33 elementor-inner-column elementor-element elementor-element-d141540\" data-id=\"d141540\" data-element_type=\"column\">\n\t\t\t<div class=\"elementor-widget-wrap elementor-element-populated\">\n\t\t\t\t\t\t<div class=\"elementor-element elementor-element-b777426 elementor-flip-box--effect-push elementor-flip-box--direction-up elementor-widget elementor-widget-flip-box\" data-id=\"b777426\" data-element_type=\"widget\" data-widget_type=\"flip-box.default\">\n\t\t\t\t<div class=\"elementor-widget-container\">\n\t\t\t\t\t\t\t<div class=\"elementor-flip-box\" tabindex=\"0\">\n\t\t\t<div class=\"elementor-flip-box__layer elementor-flip-box__front\">\n\t\t\t\t<div class=\"elementor-flip-box__layer__overlay\">\n\t\t\t\t\t<div class=\"elementor-flip-box__layer__inner\">\n\t\t\t\t\t\t\n\t\t\t\t\t\t\t\t\t\t\t\t\t<h3 class=\"elementor-flip-box__layer__title\">\n\t\t\t\t\t\t\t\tMantente informado\t\t\t\t\t\t\t<\/h3>\n\t\t\t\t\t\t\n\t\t\t\t\t\t\t\t\t\t\t<\/div>\n\t\t\t\t<\/div>\n\t\t\t<\/div>\n\t\t\t<div class=\"elementor-flip-box__layer elementor-flip-box__back\">\n\t\t\t<div class=\"elementor-flip-box__layer__overlay\">\n\t\t\t\t<div class=\"elementor-flip-box__layer__inner\">\n\t\t\t\t\t\n\t\t\t\t\t\t\t\t\t\t\t<div class=\"elementor-flip-box__layer__description\">\n\t\t\t\t\t\t\tSuscr\u00edbete a nuestra newsletter mensual y no te pierdas ninguna novedad del sector ni de Advanced Manufacturing\t\t\t\t\t\t<\/div>\n\t\t\t\t\t\n\t\t\t\t\t\t\t\t\t\t\t<a class=\"elementor-flip-box__button elementor-button elementor-size-xs\" href=\"https:\/\/www.advancedmanufacturingmadrid.com\/es\/content-365\/suscribete-a-nuestra-newsletter\/\">\n\t\t\t\t\t\t\tMANTENTE INFORMADO\t\t\t\t\t\t<\/a>\n\t\t\t\t\t\t\t\t<\/div>\n\t\t<\/div>\n\t\t<\/div>\n\t\t<\/div>\n\t\t\t\t\t\t<\/div>\n\t\t\t\t<\/div>\n\t\t\t\t\t<\/div>\n\t\t<\/div>\n\t\t\t\t<div class=\"elementor-column elementor-col-33 elementor-inner-column elementor-element elementor-element-f7c0cad\" data-id=\"f7c0cad\" data-element_type=\"column\">\n\t\t\t<div class=\"elementor-widget-wrap elementor-element-populated\">\n\t\t\t\t\t\t<div class=\"elementor-element elementor-element-04b4587 elementor-flip-box--effect-push elementor-flip-box--direction-up elementor-widget elementor-widget-flip-box\" data-id=\"04b4587\" data-element_type=\"widget\" data-widget_type=\"flip-box.default\">\n\t\t\t\t<div class=\"elementor-widget-container\">\n\t\t\t\t\t\t\t<div class=\"elementor-flip-box\" tabindex=\"0\">\n\t\t\t<div class=\"elementor-flip-box__layer elementor-flip-box__front\">\n\t\t\t\t<div class=\"elementor-flip-box__layer__overlay\">\n\t\t\t\t\t<div class=\"elementor-flip-box__layer__inner\">\n\t\t\t\t\t\t\n\t\t\t\t\t\t\t\t\t\t\t\t\t<h3 class=\"elementor-flip-box__layer__title\">\n\t\t\t\t\t\t\t\tCat\u00e1logo de expositores\t\t\t\t\t\t\t<\/h3>\n\t\t\t\t\t\t\n\t\t\t\t\t\t\t\t\t\t\t<\/div>\n\t\t\t\t<\/div>\n\t\t\t<\/div>\n\t\t\t<div class=\"elementor-flip-box__layer elementor-flip-box__back\">\n\t\t\t<div class=\"elementor-flip-box__layer__overlay\">\n\t\t\t\t<div class=\"elementor-flip-box__layer__inner\">\n\t\t\t\t\t\n\t\t\t\t\t\t\t\t\t\t\t<div class=\"elementor-flip-box__layer__description\">\n\t\t\t\t\t\t\tDescubre el listado completo de expositores de Advanced Manufacturing Madrid\t\t\t\t\t\t<\/div>\n\t\t\t\t\t\n\t\t\t\t\t\t\t\t\t\t\t<a class=\"elementor-flip-box__button elementor-button elementor-size-xs\" href=\"https:\/\/www.advancedmanufacturingmadrid.com\/es\/exhibitors\/\">\n\t\t\t\t\t\t\tCAT\u00c1LOGO DE EXPOSITORES\t\t\t\t\t\t<\/a>\n\t\t\t\t\t\t\t\t<\/div>\n\t\t<\/div>\n\t\t<\/div>\n\t\t<\/div>\n\t\t\t\t\t\t<\/div>\n\t\t\t\t<\/div>\n\t\t\t\t\t<\/div>\n\t\t<\/div>\n\t\t\t\t\t<\/div>\n\t\t<\/section>\n\t\t\t\t\t<\/div>\n\t\t<\/div>\n\t\t\t\t\t<\/div>\n\t\t<\/section>\n\t\t\t\t<\/div>\n\t\t","protected":false},"excerpt":{"rendered":"<p>\u00a1Bienvenido a la secci\u00f3n de Notas de Prensa de Advanced Manufacturing Madrid! Si quieres contactar con el equipo de marketing o con la agencia de comunicaci\u00f3n, estaremos encantados de atenderte. Equipo de Marketing Cristina Hern\u00e1ndez Marketing Manager cristina.hernandez@easyfairs.com Luc\u00eda Herrero Marketing Assistant lucia.herrero@easyfairs.com Aitana Pinilla Marketing Assistant aitana.pinilla@easyfairs.com Agencia de Comunicaci\u00f3n Javier Mart\u00ednez &#8211; EVERCOM [&hellip;]<\/p>\n","protected":false},"author":1,"featured_media":98717,"parent":341,"menu_order":0,"comment_status":"closed","ping_status":"closed","template":"","meta":{"_seopress_robots_primary_cat":"","_seopress_titles_title":"Notas de prensa | Advanced Manufacturing Madrid","_seopress_titles_desc":"Todas las notas de prensa del evento con sus \u00faltimas novedades","_seopress_robots_index":"","footnotes":""},"class_list":["post-6728","page","type-page","status-publish","has-post-thumbnail","hentry"],"_links":{"self":[{"href":"https:\/\/www.advancedmanufacturingmadrid.com\/es\/wp-json\/wp\/v2\/pages\/6728","targetHints":{"allow":["GET"]}}],"collection":[{"href":"https:\/\/www.advancedmanufacturingmadrid.com\/es\/wp-json\/wp\/v2\/pages"}],"about":[{"href":"https:\/\/www.advancedmanufacturingmadrid.com\/es\/wp-json\/wp\/v2\/types\/page"}],"author":[{"embeddable":true,"href":"https:\/\/www.advancedmanufacturingmadrid.com\/es\/wp-json\/wp\/v2\/users\/1"}],"replies":[{"embeddable":true,"href":"https:\/\/www.advancedmanufacturingmadrid.com\/es\/wp-json\/wp\/v2\/comments?post=6728"}],"version-history":[{"count":5,"href":"https:\/\/www.advancedmanufacturingmadrid.com\/es\/wp-json\/wp\/v2\/pages\/6728\/revisions"}],"predecessor-version":[{"id":470773,"href":"https:\/\/www.advancedmanufacturingmadrid.com\/es\/wp-json\/wp\/v2\/pages\/6728\/revisions\/470773"}],"up":[{"embeddable":true,"href":"https:\/\/www.advancedmanufacturingmadrid.com\/es\/wp-json\/wp\/v2\/pages\/341"}],"wp:featuredmedia":[{"embeddable":true,"href":"https:\/\/www.advancedmanufacturingmadrid.com\/es\/wp-json\/wp\/v2\/media\/98717"}],"wp:attachment":[{"href":"https:\/\/www.advancedmanufacturingmadrid.com\/es\/wp-json\/wp\/v2\/media?parent=6728"}],"curies":[{"name":"wp","href":"https:\/\/api.w.org\/{rel}","templated":true}]}}